{"id":1922,"date":"2023-06-16T14:19:20","date_gmt":"2023-06-16T12:19:20","guid":{"rendered":"https:\/\/korff.pl\/polityka-plikow-cookies\/"},"modified":"2024-01-24T09:41:04","modified_gmt":"2024-01-24T08:41:04","slug":"privacy-policy-of-korff-isolmatic","status":"publish","type":"page","link":"https:\/\/korff.pl\/en\/privacy-policy-of-korff-isolmatic\/","title":{"rendered":"Privacy Policy of Korff Isolmatic"},"content":{"rendered":"<h1>Privacy Policy of Korff Isolmatic&nbsp;sp.&nbsp;z&nbsp;o.o.<\/h1>\n<div>\n<ol>\n<li><span>Korff Isolmatic Sp\u00f3\u0142ka z ograniczon\u0105 odpowiedzialno\u015bci\u0105 with registered office at ul. <span lang=\"EN-GB\" xml:lang=\"EN-GB\">Lotnicza 12, Wojnarowice, 55-050 Sob\u00f3tka, entered into the National Court Register (KRS) by the District Court for Wroc\u0142aw-Fabryczna, 6<sup>th<\/sup> Commercial Division of the KRS, under KRS no.: 0000077092, NIP: 8990202326, REGON: 00597980400000.<\/span><\/span><\/li>\n<li><span><span lang=\"EN-GB\" xml:lang=\"EN-GB\">Respecting your rights as a personal data subjects (data subjects) and respecting applicable law, in particular Regulation (EU) 2016\/679 of the European Parliament and of the Council of 27 April 2016 on the protection of natural persons with regard to the processing of personal data and on the free movement of such data, and repealing Directive 95\/46\/EC (General Data Protection Regulation), hereinafter referred to as <b>the GDPR<\/b>,<b> RODO<\/b>, the Personal Data Protection Act (hereinafter referred to as <b>the Act<\/b>) and other relevant provisions on the protection of personal data, we undertake to maintain the security and confidentiality of personal data collected from you. All employees have been properly trained in the processing of personal data, and our company as a Data Controller has implemented appropriate security measures and technical and organizational measures to ensure the highest level of protection of personal data. We have implemented procedures and policies to protect your personal data in accordance with the GDPR, through which we ensure the lawfulness and fairness of the processes of data processing, and the enforceability of any rights you may have as data subjects. Additionally, where necessary, we cooperate with a supervisory authority in the Republic of Poland, that is the President of the Office for Personal Data Protection (hereinafter referred to as <b>the POPDP<\/b>).<\/span><\/span><\/li>\n<li><span><span lang=\"EN-GB\" xml:lang=\"EN-GB\">Any inquiries, requests or complaints regarding the processing of personal data by our company (Data Controller), hereinafter referred to as <b>the Submissions<\/b>, should be sent to the following e-mail address: <a href=\"mailto:info@korff.pl\">info@korff.pl<\/a> or in writing to the address of the Data Controller, that is Korff Isolmatic Sp. z o.o. In the content of the Submission, please clearly indicate:<\/span><\/span><\/li>\n<\/ol>\n<p><span><span lang=\"EN-GB\" xml:lang=\"EN-GB\">a) data of the person or persons covered by the Submission,<\/span><\/span><\/p>\n<p><span><span lang=\"EN-GB\" xml:lang=\"EN-GB\">b) event giving rise to the Submission,<\/span><\/span><\/p>\n<p><span><span lang=\"EN-GB\" xml:lang=\"EN-GB\">c) present the requests and their legal basis,<\/span><\/span><\/p>\n<p><span><span lang=\"EN-GB\" xml:lang=\"EN-GB\">d) indicate the expected way of dealing with the matter.<\/span><\/span><\/p>\n<ol start=\"4\">\n<li><span><span lang=\"EN-GB\" xml:lang=\"EN-GB\">We may collect the following personal information on our websites:<\/span><\/span><\/li>\n<\/ol>\n<p><span><span lang=\"EN-GB\" xml:lang=\"EN-GB\">a) name and surname \u2013 for contact purposes, after submitting an inquiry through the contact form,<\/span><\/span><\/p>\n<p><span><span lang=\"EN-GB\" xml:lang=\"EN-GB\">b) Telephone number \u2013 for contact purposes, after submitting an inquiry through the contact form,<\/span><\/span><\/p>\n<p><span><span lang=\"EN-GB\" xml:lang=\"EN-GB\">c) e-mail address \u2013 for contact purposes, after submitting an inquiry through the contact form,<\/span><\/span><\/p>\n<p><span><span lang=\"EN-GB\" xml:lang=\"EN-GB\">d) IP address of the device &#8211; information resulting from general rules of Internet connections such as IP address (and other information contained in system logs) is used by the Administrator of the website for technical purposes. IP addresses may be used for statistical purposes, in particular to collect general demographic information (e.g. on the region from which the connection is made).<\/span><\/span><\/p>\n<p><span><span lang=\"EN-GB\" xml:lang=\"EN-GB\">e) Cookies \u2013 our website uses Cookies technology in order to adapt its functioning to your individual needs. For this reason, you may agree that the data and information entered will be saved, so that you can use it for future visits to our website without having to provide it again. Owners of other websites will not have access to such data and information. If, however, you do not wish the website to be personalized, we suggest that you disable the use of cookies in your browser.<\/span><\/span><\/p>\n<ol start=\"5\">\n<li><span><span lang=\"EN-GB\" xml:lang=\"EN-GB\">The provision of an e-mail address is necessary in order to receive response to the request made by the contact form, the provision of other contact details is optional and depends on your will. <\/span><\/span><\/li>\n<li><span><span lang=\"EN-GB\" xml:lang=\"EN-GB\">Your personal information is processed by our company as the Data Controller, in order to contact you and respond to your inquiry. In accordance with the principle of minimisation, we process only those categories of personal data which are necessary to achieve the purposes referred to in the preceding sentence.<\/span><\/span><\/li>\n<li><span><span lang=\"EN-GB\" xml:lang=\"EN-GB\">Personal data is processed for the period necessary to achieve the purposes listed in the preceding section. Personal data may be processed for a period longer than the period indicated in the preceding sentence, if such a right or obligation imposed on the Data Controller results from special provisions of law or if the service we provide is of a continuous nature.<\/span><\/span><\/li>\n<li><span><span lang=\"EN-GB\" xml:lang=\"EN-GB\">The source of Personal Data processed by the Data Controller are the data subjects.<\/span><\/span><\/li>\n<li><span><span lang=\"EN-GB\" xml:lang=\"EN-GB\">Your personal data is not transferred to third countries, under the GDPR. <\/span><\/span><\/li>\n<li><span><span lang=\"EN-GB\" xml:lang=\"EN-GB\">We do not share any personal data with third parties without the express consent of the data subject. Personal data without the consent of the data subject may be made available only to public law entities, that is authorities and administration bodies (e.g. tax authorities, law enforcement authorities and other entities authorised by generally applicable provisions of law).<\/span><\/span><\/li>\n<li><span><span lang=\"EN-GB\" xml:lang=\"EN-GB\">Personal data may be entrusted for processing to entities processing such data on behalf of our company as the Data Controller. In such a situation, we, as the Data Controller, enter into an agreement with the processor entrusting the processing of personal data. The processor processes the entrusted personal data, but only within the scope and for the purposes indicated in the data processing agreement referred to in the preceding sentence. Without entrusting your personal data for processing, we would not be able to carry out our activities on the website. As the Data Controller, we entrust personal data for processing to entities:<\/span><\/span><\/li>\n<\/ol>\n<p><span><span lang=\"EN-GB\" xml:lang=\"EN-GB\">a) providing hosting services for our website,<\/span><\/span><\/p>\n<p><span><span lang=\"EN-GB\" xml:lang=\"EN-GB\">b) providing other services to us as the Data Controller, necessary for the current operation of the website. <\/span><\/span><\/p>\n<ol start=\"12\">\n<li><span><span lang=\"EN-GB\" xml:lang=\"EN-GB\">Personal data is not used for profiling by the Data Controller.<\/span><\/span><\/li>\n<li><span><span lang=\"EN-GB\" xml:lang=\"EN-GB\">According to the GDPR, any person, whose personal data is processed by us as the Data Controller, has right to: <\/span><\/span><\/li>\n<\/ol>\n<p><span><span lang=\"EN-GB\" xml:lang=\"EN-GB\">a)<\/span><b><span lang=\"EN-GB\" xml:lang=\"EN-GB\"> be informed on the processing of personal data<\/span><\/b><span lang=\"EN-GB\" xml:lang=\"EN-GB\">, <\/span>referred to in Art. 12 of the GDPR &#8211; the data controllers are obliged to provide the persons whose data will be processed with the information specified in the GDPR (including their data, contact data of the Inspector of Personal Data Protection, purposes and legal grounds for the processing of personal data, recipients or categories of recipients of personal data, if any, or the period during which the data will be processed or the criteria for determining that period). This obligation should already be fulfilled at the time of data collection (e.g. while placing an order by the customer using an on-line shop) or, if the data are not obtained from the data subject, but from another source, within a reasonable period of time, depending on the circumstances. The controller may refrain from providing such information if the data subject has already obtained it,<\/span><\/p>\n<p><span><span lang=\"EN-GB\" xml:lang=\"EN-GB\">b) <\/span><b><span lang=\"EN-GB\" xml:lang=\"EN-GB\">access the personal data<\/span><\/b><span lang=\"EN-GB\" xml:lang=\"EN-GB\">, referred to in Art. 15 of the GDPR \u2013 by providing us with personal data, you have the right to access and inspect them; however, this does not mean that you have the right to access all documents on which your data appear, because they may contain confidential information; However, you have the right to information which of your data and for what purpose is processed and the right to obtain a copy of your personal data, the first copy of which is issued free of charge, and for each subsequent copy in accordance with the GDPR is charged an appropriate administrative fee corresponding to the costs of making copies,<\/span><\/span><\/p>\n<p><span><span lang=\"EN-GB\" xml:lang=\"EN-GB\">c) <\/span><b><span lang=\"EN-GB\" xml:lang=\"EN-GB\">correct, supplement, update, correct personal data<\/span><\/b><span lang=\"EN-GB\" xml:lang=\"EN-GB\">, referred to in Art. 16 of the GDPR \u2013 if your personal data has changed, please inform us, as the Data Controller, of this fact so that the data we have in our possession is accurate and up to date; also if there has been no change in your personal data, but for any reason the data is incorrect or has been saved in an incorrect manner (e.g. due to a typographical error), please inform us so that the data can be corrected or rectified,<\/span><\/span><\/p>\n<p><span><span lang=\"EN-GB\" xml:lang=\"EN-GB\">d)<\/span><b><span lang=\"EN-GB\" xml:lang=\"EN-GB\"> data erasure (right to be forgotten)<\/span><\/b><span lang=\"EN-GB\" xml:lang=\"EN-GB\">, referred to in Art. 17 of the GDPR &#8211; in other words, you have the right to \u201c<i>delete<\/i>\u201d any data we, as the Data Controller, hold, and the right to request that we, as the Data Controller, inform other controllers to which we have transferred your data of the necessity to delete such data. You may request the deletion of your personal data in the first place if: <\/span><\/span><\/p>\n<ul>\n<li><span><span lang=\"EN-GB\" xml:lang=\"EN-GB\">the purposes for which the personal data was collected has been achieved, e.g. we have fully implemented the sales agreement concluded with you;<\/span><\/span><\/li>\n<li><span><span lang=\"EN-GB\" xml:lang=\"EN-GB\">the processing of your personal data was based solely on your consent, which was subsequently revoked and there are no other legal grounds for further processing of your personal data;<\/span><\/span><\/li>\n<li><span><span lang=\"EN-GB\" xml:lang=\"EN-GB\">you have objected pursuant to Art. 21 of the GDPR and you believe that we do not have any prevailing legal grounds for further processing of your personal data;<\/span><\/span><\/li>\n<li><span><span lang=\"EN-GB\" xml:lang=\"EN-GB\">your personal data has been processed illegally, i.e. for illegal purposes or without any basis for processing your personal data &#8211; please note that in such a case you must have a reason to request it;<\/span><\/span><\/li>\n<li><span><span lang=\"EN-GB\" xml:lang=\"EN-GB\">the need to erase your personal data results from the provisions of law,<\/span><\/span><\/li>\n<li><span><span lang=\"EN-GB\" xml:lang=\"EN-GB\">personal data relate to a minor and have been collected in connection with the provision of information society services,<\/span><\/span><\/li>\n<\/ul>\n<p><span><span lang=\"EN-GB\" xml:lang=\"EN-GB\">e) <\/span><b><span lang=\"EN-GB\" xml:lang=\"EN-GB\">processing restrictions<\/span><\/b><span lang=\"EN-GB\" xml:lang=\"EN-GB\">, referred to in Art. 18 of the GDPR \u2013 you can apply to our company for limiting the processing of your personal data (which would consist in the fact that, until the matter is clarified, our company would first of all only store the data), if:<\/span><\/span><\/p>\n<ul>\n<li><span><span lang=\"EN-GB\" xml:lang=\"EN-GB\">you dispute the adequacy of your personal data; <\/span><\/span><\/li>\n<li><span><span lang=\"EN-GB\" xml:lang=\"EN-GB\">you believe that we process your data without a legal basis, but at the same time you do not want us to delete your personal data (i.e. you do not exercise the right referred to in the preceding item); <\/span><\/span><\/li>\n<li><span><span lang=\"EN-GB\" xml:lang=\"EN-GB\">you have submitted an objection under item (f) of this section; <\/span><\/span><\/li>\n<li><span><span lang=\"EN-GB\" xml:lang=\"EN-GB\">your personal data is needed to establish, pursue or defend claims, e.g. before court;<\/span><\/span><\/li>\n<\/ul>\n<p><span><span lang=\"EN-GB\" xml:lang=\"EN-GB\">f) <strong>data<\/strong><\/span><b><span lang=\"EN-GB\" xml:lang=\"EN-GB\"> transfer<\/span><\/b><span lang=\"EN-GB\" xml:lang=\"EN-GB\">, referred to in Art. 20 of the GDPR \u2013 you have the right to obtain your data in a format that allows you to read it on your computer, and the right to send it in this format to another data controller; you only have this right if you have consented to the processing of your data, or if the data has been processed automatically,<\/span><\/span><\/p>\n<p><span><span lang=\"EN-GB\" xml:lang=\"EN-GB\">g) <strong>l<\/strong><\/span><b><span lang=\"EN-GB\" xml:lang=\"EN-GB\">odge an objection to the processing of personal data<\/span><\/b><span lang=\"EN-GB\" xml:lang=\"EN-GB\">, referred to in Art. 21 of the GDPR &#8211; you have the right to object if you do not agree for us to process your personal data that we have processed until then, for legitimate purposes, in accordance with the provisions of law, <\/span><\/span><\/p>\n<p><span><span lang=\"EN-GB\" xml:lang=\"EN-GB\">h) <\/span><b><span lang=\"EN-GB\" xml:lang=\"EN-GB\">not being subject to profiling<\/span><\/b><span lang=\"EN-GB\" xml:lang=\"EN-GB\">, referred to in Art. 22 in connection with Art. 4 section 4 of the GDPR &#8211; you will not be subject to automated decision making or profiling within the meaning of the GDPR unless you express your consent for it; additionally, we will always keep you informed about profiling, should it take place, <\/span><\/span><\/p>\n<p><span><span lang=\"EN-GB\" xml:lang=\"EN-GB\">i) <\/span><b><span lang=\"EN-GB\" xml:lang=\"EN-GB\">filing a complaint with the supervisory authority <\/span><\/b><span lang=\"EN-GB\" xml:lang=\"EN-GB\">(i.e. the President of the Office for Personal Data Protection) referred to in Art. 77 of the GDPR &#8211; if you believe that we process your personal data illegally or in any way violates the rights arising from the generally applicable provisions of the law on personal data protection.<\/span><\/span><\/p>\n<ol start=\"14\">\n<li><span><span lang=\"EN-GB\" xml:lang=\"EN-GB\">With regard to the right to delete data (the right to be forgotten), we would like to point out that according to the provisions of the GDPR, you do not have the right to exercise this right in the following situations:<\/span><\/span><\/li>\n<\/ol>\n<p><span><span lang=\"EN-GB\" xml:lang=\"EN-GB\">a) the processing of your personal data is necessary for exercising your right to freedom of expression and information, e.g. if you have posted your data on a blog, in comments, etc.,<\/span><\/span><\/p>\n<p><span><span lang=\"EN-GB\" xml:lang=\"EN-GB\">b) the processing of personal data is necessary in order for us to fulfil our legal obligations under the provisions of law &#8211; we cannot delete your data for the period necessary to fulfil our obligations (e.g. tax obligations), which are imposed on us by the provisions of law,<\/span><\/span><\/p>\n<p><span><span lang=\"EN-GB\" xml:lang=\"EN-GB\">c) your data will be processed for the purpose of pursuing, determining or defending your claims.<\/span><\/span><\/p>\n<ol start=\"15\">\n<li><span><span lang=\"EN-GB\" xml:lang=\"EN-GB\">If you wish to exercise the rights referred to in the previous section, please send an e-mail to the following e-mail address:<\/span> <a href=\"mailto:info@korff.pl\">info@korff.pl<\/a><\/span><\/li>\n<li><span><span lang=\"EN-GB\" xml:lang=\"EN-GB\">Each detected security breach shall be documented, and in the event of one of the situations specified in the provisions of the GDPR or the Act, the data subjects and, if applicable, the POPDP (President of the Office for Personal Data Protection) shall be informed of such a breach.<\/span><\/span><\/li>\n<li><span><span lang=\"EN-GB\" xml:lang=\"EN-GB\">In matters not regulated by this Privacy Policy, the relevant provisions of the generally applicable law shall apply accordingly. In the event that any provision of this Privacy Policy is inconsistent with the above mentioned provisions of law, that provisions of law shall prevail.<\/span><\/span><\/li>\n<\/ol>\n<\/div>\n<div>Contact<\/div>\n<div>Korff Isolmatic Sp. z o.o.<br \/>\nWojnarowice, ul. Lotnicza&nbsp;12<br \/>\nPL 55-050 Sob\u00f3tka 1\n<\/div>\n<div>\n<p>tel: 0048 71 39 09 099<\/p>\n<p>info[at]korff.pl<\/p>\n<\/div>\n<div><a href=\"\/en\/privacy-policy\/\">Privacy Policy<\/a><br \/>\n<a href=\"\/en\/privacy-policy-of-korff-isolmatic\/\">Data Protection Policy<\/a> \n<\/div>\n<p><img decoding=\"async\" src=\"\/wp-content\/uploads\/2023\/06\/save-energy.png\" alt=\"\"><\/p>\n<p><!--more--><br \/>\n<!-- {\"type\":\"layout\",\"children\":[{\"type\":\"section\",\"props\":{\"header_transparent\":\"dark\",\"header_transparent_noplaceholder\":false,\"id\":\"mainFirst\",\"image_position\":\"center-center\",\"padding\":\"large\",\"padding_remove_bottom\":true,\"style\":\"default\",\"title_breakpoint\":\"xl\",\"title_position\":\"top-left\",\"title_rotation\":\"left\",\"vertical_align\":\"middle\",\"width\":\"default\"},\"children\":[{\"type\":\"row\",\"props\":{\"layout\":\"2-3,1-3\"},\"children\":[{\"type\":\"column\",\"props\":{\"image_position\":\"center-center\",\"position_sticky_breakpoint\":\"m\",\"width_medium\":\"2-3\"},\"children\":[{\"type\":\"headline\",\"props\":{\"class\":\"bolder\",\"content\":\"Privacy Policy of Korff Isolmatic&nbsp;sp.&nbsp;z&nbsp;o.o.\",\"maxwidth\":\"xlarge\",\"title_element\":\"h1\",\"title_font_family\":\"primary\",\"title_style\":\"h3\"}},{\"type\":\"text\",\"props\":{\"column_breakpoint\":\"m\",\"content\":\"\n\n<ol>\\n\n\n<li><span>Korff Isolmatic Sp\\u00f3\\u0142ka z ograniczon\\u0105 odpowiedzialno\\u015bci\\u0105 with registered office at ul. <span lang=\\\"EN-GB\\\" xml:lang=\\\"EN-GB\\\">Lotnicza 12, Wojnarowice, 55-050 Sob\\u00f3tka, entered into the National Court Register (KRS) by the District Court for Wroc\\u0142aw-Fabryczna, 6<sup>th<\\\/sup> Commercial Division of the KRS, under KRS no.: 0000077092, NIP: 8990202326, REGON: 00597980400000.<\\\/span><\\\/span><\\\/li>\\n\n\n<li><span><span lang=\\\"EN-GB\\\" xml:lang=\\\"EN-GB\\\">Respecting your rights as a personal data subjects (data subjects) and respecting applicable law, in particular Regulation (EU) 2016\\\/679 of the European Parliament and of the Council of 27 April 2016 on the protection of natural persons with regard to the processing of personal data and on the free movement of such data, and repealing Directive 95\\\/46\\\/EC (General Data Protection Regulation), hereinafter referred to as <b>the GDPR<\\\/b>,<b> RODO<\\\/b>, the Personal Data Protection Act (hereinafter referred to as <b>the Act<\\\/b>) and other relevant provisions on the protection of personal data, we undertake to maintain the security and confidentiality of personal data collected from you. All employees have been properly trained in the processing of personal data, and our company as a Data Controller has implemented appropriate security measures and technical and organizational measures to ensure the highest level of protection of personal data. We have implemented procedures and policies to protect your personal data in accordance with the GDPR, through which we ensure the lawfulness and fairness of the processes of data processing, and the enforceability of any rights you may have as data subjects. Additionally, where necessary, we cooperate with a supervisory authority in the Republic of Poland, that is the President of the Office for Personal Data Protection (hereinafter referred to as <b>the POPDP<\\\/b>).<\\\/span><\\\/span><\\\/li>\\n\n\n<li><span><span lang=\\\"EN-GB\\\" xml:lang=\\\"EN-GB\\\">Any inquiries, requests or complaints regarding the processing of personal data by our company (Data Controller), hereinafter referred to as <b>the Submissions<\\\/b>, should be sent to the following e-mail address: <a href=\\\"mailto:info@korff.pl\\\">info@korff.pl<\\\/a> or in writing to the address of the Data Controller, that is Korff Isolmatic Sp. z o.o. In the content of the Submission, please clearly indicate:<\\\/span><\\\/span><\\\/li>\\n<\\\/ol>\\n\n\n<p><span><span lang=\\\"EN-GB\\\" xml:lang=\\\"EN-GB\\\">a) data of the person or persons covered by the Submission,<\\\/span><\\\/span><\\\/p>\\n\n\n<p><span><span lang=\\\"EN-GB\\\" xml:lang=\\\"EN-GB\\\">b) event giving rise to the Submission,<\\\/span><\\\/span><\\\/p>\\n\n\n<p><span><span lang=\\\"EN-GB\\\" xml:lang=\\\"EN-GB\\\">c) present the requests and their legal basis,<\\\/span><\\\/span><\\\/p>\\n\n\n<p><span><span lang=\\\"EN-GB\\\" xml:lang=\\\"EN-GB\\\">d) indicate the expected way of dealing with the matter.<\\\/span><\\\/span><\\\/p>\\n\n\n<ol start=\\\"4\\\">\\n\n\n<li><span><span lang=\\\"EN-GB\\\" xml:lang=\\\"EN-GB\\\">We may collect the following personal information on our websites:<\\\/span><\\\/span><\\\/li>\\n<\\\/ol>\\n\n\n<p><span><span lang=\\\"EN-GB\\\" xml:lang=\\\"EN-GB\\\">a) name and surname \\u2013 for contact purposes, after submitting an inquiry through the contact form,<\\\/span><\\\/span><\\\/p>\\n\n\n<p><span><span lang=\\\"EN-GB\\\" xml:lang=\\\"EN-GB\\\">b) Telephone number \\u2013 for contact purposes, after submitting an inquiry through the contact form,<\\\/span><\\\/span><\\\/p>\\n\n\n<p><span><span lang=\\\"EN-GB\\\" xml:lang=\\\"EN-GB\\\">c) e-mail address \\u2013 for contact purposes, after submitting an inquiry through the contact form,<\\\/span><\\\/span><\\\/p>\\n\n\n<p><span><span lang=\\\"EN-GB\\\" xml:lang=\\\"EN-GB\\\">d) IP address of the device - information resulting from general rules of Internet connections such as IP address (and other information contained in system logs) is used by the Administrator of the website for technical purposes. IP addresses may be used for statistical purposes, in particular to collect general demographic information (e.g. on the region from which the connection is made).<\\\/span><\\\/span><\\\/p>\\n\n\n<p><span><span lang=\\\"EN-GB\\\" xml:lang=\\\"EN-GB\\\">e) Cookies \\u2013 our website uses Cookies technology in order to adapt its functioning to your individual needs. For this reason, you may agree that the data and information entered will be saved, so that you can use it for future visits to our website without having to provide it again. Owners of other websites will not have access to such data and information. If, however, you do not wish the website to be personalized, we suggest that you disable the use of cookies in your browser.<\\\/span><\\\/span><\\\/p>\\n\n\n<ol start=\\\"5\\\">\\n\n\n<li><span><span lang=\\\"EN-GB\\\" xml:lang=\\\"EN-GB\\\">The provision of an e-mail address is necessary in order to receive response to the request made by the contact form, the provision of other contact details is optional and depends on your will. <\\\/span><\\\/span><\\\/li>\\n\n\n<li><span><span lang=\\\"EN-GB\\\" xml:lang=\\\"EN-GB\\\">Your personal information is processed by our company as the Data Controller, in order to contact you and respond to your inquiry. In accordance with the principle of minimisation, we process only those categories of personal data which are necessary to achieve the purposes referred to in the preceding sentence.<\\\/span><\\\/span><\\\/li>\\n\n\n<li><span><span lang=\\\"EN-GB\\\" xml:lang=\\\"EN-GB\\\">Personal data is processed for the period necessary to achieve the purposes listed in the preceding section. Personal data may be processed for a period longer than the period indicated in the preceding sentence, if such a right or obligation imposed on the Data Controller results from special provisions of law or if the service we provide is of a continuous nature.<\\\/span><\\\/span><\\\/li>\\n\n\n<li><span><span lang=\\\"EN-GB\\\" xml:lang=\\\"EN-GB\\\">The source of Personal Data processed by the Data Controller are the data subjects.<\\\/span><\\\/span><\\\/li>\\n\n\n<li><span><span lang=\\\"EN-GB\\\" xml:lang=\\\"EN-GB\\\">Your personal data is not transferred to third countries, under the GDPR. <\\\/span><\\\/span><\\\/li>\\n\n\n<li><span><span lang=\\\"EN-GB\\\" xml:lang=\\\"EN-GB\\\">We do not share any personal data with third parties without the express consent of the data subject. Personal data without the consent of the data subject may be made available only to public law entities, that is authorities and administration bodies (e.g. tax authorities, law enforcement authorities and other entities authorised by generally applicable provisions of law).<\\\/span><\\\/span><\\\/li>\\n\n\n<li><span><span lang=\\\"EN-GB\\\" xml:lang=\\\"EN-GB\\\">Personal data may be entrusted for processing to entities processing such data on behalf of our company as the Data Controller. In such a situation, we, as the Data Controller, enter into an agreement with the processor entrusting the processing of personal data. The processor processes the entrusted personal data, but only within the scope and for the purposes indicated in the data processing agreement referred to in the preceding sentence. Without entrusting your personal data for processing, we would not be able to carry out our activities on the website. As the Data Controller, we entrust personal data for processing to entities:<\\\/span><\\\/span><\\\/li>\\n<\\\/ol>\\n\n\n<p><span><span lang=\\\"EN-GB\\\" xml:lang=\\\"EN-GB\\\">a) providing hosting services for our website,<\\\/span><\\\/span><\\\/p>\\n\n\n<p><span><span lang=\\\"EN-GB\\\" xml:lang=\\\"EN-GB\\\">b) providing other services to us as the Data Controller, necessary for the current operation of the website. <\\\/span><\\\/span><\\\/p>\\n\n\n<ol start=\\\"12\\\">\\n\n\n<li><span><span lang=\\\"EN-GB\\\" xml:lang=\\\"EN-GB\\\">Personal data is not used for profiling by the Data Controller.<\\\/span><\\\/span><\\\/li>\\n\n\n<li><span><span lang=\\\"EN-GB\\\" xml:lang=\\\"EN-GB\\\">According to the GDPR, any person, whose personal data is processed by us as the Data Controller, has right to: <\\\/span><\\\/span><\\\/li>\\n<\\\/ol>\\n\n\n<p><span><span lang=\\\"EN-GB\\\" xml:lang=\\\"EN-GB\\\">a)<\\\/span><b><span lang=\\\"EN-GB\\\" xml:lang=\\\"EN-GB\\\"> be informed on the processing of personal data<\\\/span><\\\/b><span lang=\\\"EN-GB\\\" xml:lang=\\\"EN-GB\\\">, <\\\/span>referred to in Art. 12 of the GDPR - the data controllers are obliged to provide the persons whose data will be processed with the information specified in the GDPR (including their data, contact data of the Inspector of Personal Data Protection, purposes and legal grounds for the processing of personal data, recipients or categories of recipients of personal data, if any, or the period during which the data will be processed or the criteria for determining that period). This obligation should already be fulfilled at the time of data collection (e.g. while placing an order by the customer using an on-line shop) or, if the data are not obtained from the data subject, but from another source, within a reasonable period of time, depending on the circumstances. The controller may refrain from providing such information if the data subject has already obtained it,<\\\/span><\\\/p>\\n\n\n<p><span><span lang=\\\"EN-GB\\\" xml:lang=\\\"EN-GB\\\">b) <\\\/span><b><span lang=\\\"EN-GB\\\" xml:lang=\\\"EN-GB\\\">access the personal data<\\\/span><\\\/b><span lang=\\\"EN-GB\\\" xml:lang=\\\"EN-GB\\\">, referred to in Art. 15 of the GDPR \\u2013 by providing us with personal data, you have the right to access and inspect them; however, this does not mean that you have the right to access all documents on which your data appear, because they may contain confidential information; However, you have the right to information which of your data and for what purpose is processed and the right to obtain a copy of your personal data, the first copy of which is issued free of charge, and for each subsequent copy in accordance with the GDPR is charged an appropriate administrative fee corresponding to the costs of making copies,<\\\/span><\\\/span><\\\/p>\\n\n\n<p><span><span lang=\\\"EN-GB\\\" xml:lang=\\\"EN-GB\\\">c) <\\\/span><b><span lang=\\\"EN-GB\\\" xml:lang=\\\"EN-GB\\\">correct, supplement, update, correct personal data<\\\/span><\\\/b><span lang=\\\"EN-GB\\\" xml:lang=\\\"EN-GB\\\">, referred to in Art. 16 of the GDPR \\u2013 if your personal data has changed, please inform us, as the Data Controller, of this fact so that the data we have in our possession is accurate and up to date; also if there has been no change in your personal data, but for any reason the data is incorrect or has been saved in an incorrect manner (e.g. due to a typographical error), please inform us so that the data can be corrected or rectified,<\\\/span><\\\/span><\\\/p>\\n\n\n<p><span><span lang=\\\"EN-GB\\\" xml:lang=\\\"EN-GB\\\">d)<\\\/span><b><span lang=\\\"EN-GB\\\" xml:lang=\\\"EN-GB\\\"> data erasure (right to be forgotten)<\\\/span><\\\/b><span lang=\\\"EN-GB\\\" xml:lang=\\\"EN-GB\\\">, referred to in Art. 17 of the GDPR - in other words, you have the right to \\u201c<i>delete<\\\/i>\\u201d any data we, as the Data Controller, hold, and the right to request that we, as the Data Controller, inform other controllers to which we have transferred your data of the necessity to delete such data. You may request the deletion of your personal data in the first place if: <\\\/span><\\\/span><\\\/p>\\n\n\n<ul>\\n\n\n<li><span><span lang=\\\"EN-GB\\\" xml:lang=\\\"EN-GB\\\">the purposes for which the personal data was collected has been achieved, e.g. we have fully implemented the sales agreement concluded with you;<\\\/span><\\\/span><\\\/li>\\n\n\n<li><span><span lang=\\\"EN-GB\\\" xml:lang=\\\"EN-GB\\\">the processing of your personal data was based solely on your consent, which was subsequently revoked and there are no other legal grounds for further processing of your personal data;<\\\/span><\\\/span><\\\/li>\\n\n\n<li><span><span lang=\\\"EN-GB\\\" xml:lang=\\\"EN-GB\\\">you have objected pursuant to Art. 21 of the GDPR and you believe that we do not have any prevailing legal grounds for further processing of your personal data;<\\\/span><\\\/span><\\\/li>\\n\n\n<li><span><span lang=\\\"EN-GB\\\" xml:lang=\\\"EN-GB\\\">your personal data has been processed illegally, i.e. for illegal purposes or without any basis for processing your personal data - please note that in such a case you must have a reason to request it;<\\\/span><\\\/span><\\\/li>\\n\n\n<li><span><span lang=\\\"EN-GB\\\" xml:lang=\\\"EN-GB\\\">the need to erase your personal data results from the provisions of law,<\\\/span><\\\/span><\\\/li>\\n\n\n<li><span><span lang=\\\"EN-GB\\\" xml:lang=\\\"EN-GB\\\">personal data relate to a minor and have been collected in connection with the provision of information society services,<\\\/span><\\\/span><\\\/li>\\n<\\\/ul>\\n\n\n<p><span><span lang=\\\"EN-GB\\\" xml:lang=\\\"EN-GB\\\">e) <\\\/span><b><span lang=\\\"EN-GB\\\" xml:lang=\\\"EN-GB\\\">processing restrictions<\\\/span><\\\/b><span lang=\\\"EN-GB\\\" xml:lang=\\\"EN-GB\\\">, referred to in Art. 18 of the GDPR \\u2013 you can apply to our company for limiting the processing of your personal data (which would consist in the fact that, until the matter is clarified, our company would first of all only store the data), if:<\\\/span><\\\/span><\\\/p>\\n\n\n<ul>\\n\n\n<li><span><span lang=\\\"EN-GB\\\" xml:lang=\\\"EN-GB\\\">you dispute the adequacy of your personal data; <\\\/span><\\\/span><\\\/li>\\n\n\n<li><span><span lang=\\\"EN-GB\\\" xml:lang=\\\"EN-GB\\\">you believe that we process your data without a legal basis, but at the same time you do not want us to delete your personal data (i.e. you do not exercise the right referred to in the preceding item); <\\\/span><\\\/span><\\\/li>\\n\n\n<li><span><span lang=\\\"EN-GB\\\" xml:lang=\\\"EN-GB\\\">you have submitted an objection under item (f) of this section; <\\\/span><\\\/span><\\\/li>\\n\n\n<li><span><span lang=\\\"EN-GB\\\" xml:lang=\\\"EN-GB\\\">your personal data is needed to establish, pursue or defend claims, e.g. before court;<\\\/span><\\\/span><\\\/li>\\n<\\\/ul>\\n\n\n<p><span><span lang=\\\"EN-GB\\\" xml:lang=\\\"EN-GB\\\">f) <strong>data<\\\/strong><\\\/span><b><span lang=\\\"EN-GB\\\" xml:lang=\\\"EN-GB\\\"> transfer<\\\/span><\\\/b><span lang=\\\"EN-GB\\\" xml:lang=\\\"EN-GB\\\">, referred to in Art. 20 of the GDPR \\u2013 you have the right to obtain your data in a format that allows you to read it on your computer, and the right to send it in this format to another data controller; you only have this right if you have consented to the processing of your data, or if the data has been processed automatically,<\\\/span><\\\/span><\\\/p>\\n\n\n<p><span><span lang=\\\"EN-GB\\\" xml:lang=\\\"EN-GB\\\">g) <strong>l<\\\/strong><\\\/span><b><span lang=\\\"EN-GB\\\" xml:lang=\\\"EN-GB\\\">odge an objection to the processing of personal data<\\\/span><\\\/b><span lang=\\\"EN-GB\\\" xml:lang=\\\"EN-GB\\\">, referred to in Art. 21 of the GDPR - you have the right to object if you do not agree for us to process your personal data that we have processed until then, for legitimate purposes, in accordance with the provisions of law, <\\\/span><\\\/span><\\\/p>\\n\n\n<p><span><span lang=\\\"EN-GB\\\" xml:lang=\\\"EN-GB\\\">h) <\\\/span><b><span lang=\\\"EN-GB\\\" xml:lang=\\\"EN-GB\\\">not being subject to profiling<\\\/span><\\\/b><span lang=\\\"EN-GB\\\" xml:lang=\\\"EN-GB\\\">, referred to in Art. 22 in connection with Art. 4 section 4 of the GDPR - you will not be subject to automated decision making or profiling within the meaning of the GDPR unless you express your consent for it; additionally, we will always keep you informed about profiling, should it take place, <\\\/span><\\\/span><\\\/p>\\n\n\n<p><span><span lang=\\\"EN-GB\\\" xml:lang=\\\"EN-GB\\\">i) <\\\/span><b><span lang=\\\"EN-GB\\\" xml:lang=\\\"EN-GB\\\">filing a complaint with the supervisory authority <\\\/span><\\\/b><span lang=\\\"EN-GB\\\" xml:lang=\\\"EN-GB\\\">(i.e. the President of the Office for Personal Data Protection) referred to in Art. 77 of the GDPR - if you believe that we process your personal data illegally or in any way violates the rights arising from the generally applicable provisions of the law on personal data protection.<\\\/span><\\\/span><\\\/p>\\n\n\n<ol start=\\\"14\\\">\\n\n\n<li><span><span lang=\\\"EN-GB\\\" xml:lang=\\\"EN-GB\\\">With regard to the right to delete data (the right to be forgotten), we would like to point out that according to the provisions of the GDPR, you do not have the right to exercise this right in the following situations:<\\\/span><\\\/span><\\\/li>\\n<\\\/ol>\\n\n\n<p><span><span lang=\\\"EN-GB\\\" xml:lang=\\\"EN-GB\\\">a) the processing of your personal data is necessary for exercising your right to freedom of expression and information, e.g. if you have posted your data on a blog, in comments, etc.,<\\\/span><\\\/span><\\\/p>\\n\n\n<p><span><span lang=\\\"EN-GB\\\" xml:lang=\\\"EN-GB\\\">b) the processing of personal data is necessary in order for us to fulfil our legal obligations under the provisions of law - we cannot delete your data for the period necessary to fulfil our obligations (e.g. tax obligations), which are imposed on us by the provisions of law,<\\\/span><\\\/span><\\\/p>\\n\n\n<p><span><span lang=\\\"EN-GB\\\" xml:lang=\\\"EN-GB\\\">c) your data will be processed for the purpose of pursuing, determining or defending your claims.<\\\/span><\\\/span><\\\/p>\\n\n\n<ol start=\\\"15\\\">\\n\n\n<li><span><span lang=\\\"EN-GB\\\" xml:lang=\\\"EN-GB\\\">If you wish to exercise the rights referred to in the previous section, please send an e-mail to the following e-mail address:<\\\/span> <a href=\\\"mailto:info@korff.pl\\\">info@korff.pl<\\\/a><\\\/span><\\\/li>\\n\n\n<li><span><span lang=\\\"EN-GB\\\" xml:lang=\\\"EN-GB\\\">Each detected security breach shall be documented, and in the event of one of the situations specified in the provisions of the GDPR or the Act, the data subjects and, if applicable, the POPDP (President of the Office for Personal Data Protection) shall be informed of such a breach.<\\\/span><\\\/span><\\\/li>\\n\n\n<li><span><span lang=\\\"EN-GB\\\" xml:lang=\\\"EN-GB\\\">In matters not regulated by this Privacy Policy, the relevant provisions of the generally applicable law shall apply accordingly. In the event that any provision of this Privacy Policy is inconsistent with the above mentioned provisions of law, that provisions of law shall prevail.<\\\/span><\\\/span><\\\/li>\\n<\\\/ol>\",\"margin\":\"default\"}}]},{\"type\":\"column\",\"props\":{\"image_position\":\"center-center\",\"position_sticky_breakpoint\":\"m\",\"width_medium\":\"1-3\"}}]}],\"name\":\"Tre\\u015b\\u0107\"},{\"type\":\"section\",\"props\":{\"image_position\":\"center-center\",\"style\":\"default\",\"title_breakpoint\":\"xl\",\"title_position\":\"top-left\",\"title_rotation\":\"left\",\"vertical_align\":\"middle\",\"width\":\"default\"},\"children\":[{\"type\":\"row\",\"children\":[{\"type\":\"column\",\"props\":{\"image_position\":\"center-center\",\"position_sticky_breakpoint\":\"m\"},\"children\":[{\"type\":\"divider\",\"props\":{\"divider_element\":\"div\"}},{\"type\":\"headline\",\"props\":{\"content\":\"Contact\",\"title_element\":\"div\",\"title_style\":\"h2\"}}]}]},{\"type\":\"row\",\"props\":{\"column_gap\":\"small\",\"layout\":\"1-4,1-4,1-4,1-4|1-2,1-2,1-2,1-2\"},\"children\":[{\"type\":\"column\",\"props\":{\"image_position\":\"center-center\",\"position_sticky_breakpoint\":\"m\",\"width_medium\":\"1-4\",\"width_small\":\"1-3\"},\"children\":[{\"type\":\"text\",\"props\":{\"column_breakpoint\":\"m\",\"content\":\"Korff Isolmatic Sp. z o.o.<br\\\/>\\nWojnarowice, ul. Lotnicza&nbsp;12<br\\\/>\\nPL 55-050 Sob\\u00f3tka 1<br\\\/>\\n\",\"margin\":\"default\",\"text_color\":\"secondary\"}}]},{\"type\":\"column\",\"props\":{\"image_position\":\"center-center\",\"position_sticky_breakpoint\":\"m\",\"width_medium\":\"1-4\",\"width_small\":\"1-3\"},\"children\":[{\"type\":\"text\",\"props\":{\"column_breakpoint\":\"m\",\"content\":\"\\n\\ntel: 0048 71 39 09 099<br\\\/>\\n\\ninfo[at]korff.pl<br\\\/>\\n\\n\\n\",\"margin\":\"default\",\"text_color\":\"secondary\"}}]},{\"type\":\"column\",\"props\":{\"image_position\":\"center-center\",\"position_sticky_breakpoint\":\"m\",\"width_medium\":\"1-4\",\"width_small\":\"1-3\"},\"children\":[{\"type\":\"text\",\"props\":{\"column_breakpoint\":\"m\",\"content\":\"<a href=\\\"\\\/en\\\/privacy-policy\\\/\\\">Privacy Policy<\\\/a><br\\\/>\\n<a href=\\\"\\\/en\\\/privacy-policy-of-korff-isolmatic\\\/\\\">Data Protection Policy<\\\/a> <br\\\/>\\n\",\"margin\":\"default\",\"text_color\":\"primary\"}}]},{\"type\":\"column\",\"props\":{\"image_position\":\"center-center\",\"position_sticky_breakpoint\":\"m\",\"width_medium\":\"1-4\",\"width_small\":\"1-2\"},\"children\":[{\"type\":\"image\",\"props\":{\"image\":\"wp-content\\\/uploads\\\/2023\\\/06\\\/save-energy.png\",\"image_svg_color\":\"emphasis\",\"margin\":\"default\",\"text_align\":\"right\"}}]}]},{\"type\":\"row\",\"children\":[{\"type\":\"column\",\"props\":{\"image_position\":\"center-center\",\"position_sticky_breakpoint\":\"m\"},\"children\":[{\"type\":\"totop\",\"props\":{\"margin\":\"default\",\"text_align\":\"right\",\"title_grid_column_gap\":\"small\",\"title_grid_row_gap\":\"small\"}}]}]}],\"name\":\"footer eng\"}],\"version\":\"4.2.11\"} --><\/p>\n","protected":false},"excerpt":{"rendered":"<p>Privacy Policy of Korff Isolmatic&nbsp;sp.&nbsp;z&nbsp;o.o. Korff Isolmatic Sp\u00f3\u0142ka z ograniczon\u0105 odpowiedzialno\u015bci\u0105 with registered office at ul. Lotnicza 12, Wojnarowice, 55-050 Sob\u00f3tka, entered into the National Court Register (KRS) by the District Court for Wroc\u0142aw-Fabryczna, 6th Commercial Division of the KRS, under KRS no.: 0000077092, NIP: 8990202326, REGON: 00597980400000. Respecting your rights as a personal data [&hellip;]<\/p>\n","protected":false},"author":1,"featured_media":0,"parent":0,"menu_order":0,"comment_status":"closed","ping_status":"closed","template":"","meta":{"footnotes":""},"class_list":["post-1922","page","type-page","status-publish","hentry"],"yoast_head":"<!-- This site is optimized with the Yoast SEO plugin v27.1.1 - https:\/\/yoast.com\/product\/yoast-seo-wordpress\/ -->\n<title>Privacy Policy of Korff Isolmatic - Korff Isolmatic<\/title>\n<meta name=\"description\" content=\"Korff Isolmatic \u2013 producent technicznych wyrob\u00f3w izolacyjnych oraz mocowa\u0144 zimnochronnych\" \/>\n<meta name=\"robots\" content=\"index, follow, max-snippet:-1, max-image-preview:large, max-video-preview:-1\" \/>\n<link rel=\"canonical\" href=\"https:\/\/korff.pl\/en\/privacy-policy-of-korff-isolmatic\/\" \/>\n<meta property=\"og:locale\" content=\"en_US\" \/>\n<meta property=\"og:type\" content=\"article\" \/>\n<meta property=\"og:title\" content=\"Privacy Policy of Korff Isolmatic - Korff Isolmatic\" \/>\n<meta property=\"og:description\" content=\"Korff Isolmatic \u2013 producent technicznych wyrob\u00f3w izolacyjnych oraz mocowa\u0144 zimnochronnych\" \/>\n<meta property=\"og:url\" content=\"https:\/\/korff.pl\/en\/privacy-policy-of-korff-isolmatic\/\" \/>\n<meta property=\"og:site_name\" content=\"Korff Isolmatic\" \/>\n<meta property=\"article:modified_time\" content=\"2024-01-24T08:41:04+00:00\" \/>\n<meta property=\"og:image\" content=\"https:\/\/korff.pl\/wp-content\/uploads\/2023\/07\/DSC_0381-2.jpg\" \/>\n\t<meta property=\"og:image:width\" content=\"1000\" \/>\n\t<meta property=\"og:image:height\" content=\"667\" \/>\n\t<meta property=\"og:image:type\" content=\"image\/jpeg\" \/>\n<meta name=\"twitter:card\" content=\"summary_large_image\" \/>\n<meta name=\"twitter:label1\" content=\"Est. reading time\" \/>\n\t<meta name=\"twitter:data1\" content=\"3 minutes\" \/>\n<script type=\"application\/ld+json\" class=\"yoast-schema-graph\">{\"@context\":\"https:\/\/schema.org\",\"@graph\":[{\"@type\":\"WebPage\",\"@id\":\"https:\/\/korff.pl\/en\/privacy-policy-of-korff-isolmatic\/\",\"url\":\"https:\/\/korff.pl\/en\/privacy-policy-of-korff-isolmatic\/\",\"name\":\"Privacy Policy of Korff Isolmatic - Korff Isolmatic\",\"isPartOf\":{\"@id\":\"https:\/\/korff.pl\/en\/#website\"},\"datePublished\":\"2023-06-16T12:19:20+00:00\",\"dateModified\":\"2024-01-24T08:41:04+00:00\",\"description\":\"Korff Isolmatic \u2013 producent technicznych wyrob\u00f3w izolacyjnych oraz mocowa\u0144 zimnochronnych\",\"breadcrumb\":{\"@id\":\"https:\/\/korff.pl\/en\/privacy-policy-of-korff-isolmatic\/#breadcrumb\"},\"inLanguage\":\"en-US\",\"potentialAction\":[{\"@type\":\"ReadAction\",\"target\":[\"https:\/\/korff.pl\/en\/privacy-policy-of-korff-isolmatic\/\"]}]},{\"@type\":\"BreadcrumbList\",\"@id\":\"https:\/\/korff.pl\/en\/privacy-policy-of-korff-isolmatic\/#breadcrumb\",\"itemListElement\":[{\"@type\":\"ListItem\",\"position\":1,\"name\":\"Strona g\u0142\u00f3wna\",\"item\":\"https:\/\/korff.pl\/en\/\"},{\"@type\":\"ListItem\",\"position\":2,\"name\":\"Privacy Policy of Korff Isolmatic\"}]},{\"@type\":\"WebSite\",\"@id\":\"https:\/\/korff.pl\/en\/#website\",\"url\":\"https:\/\/korff.pl\/en\/\",\"name\":\"Korff Isolmatic\",\"description\":\"Producent technicznych wyrob\u00f3w izolacyjnych oraz mocowa\u0144 zimnochronnych\",\"publisher\":{\"@id\":\"https:\/\/korff.pl\/en\/#organization\"},\"potentialAction\":[{\"@type\":\"SearchAction\",\"target\":{\"@type\":\"EntryPoint\",\"urlTemplate\":\"https:\/\/korff.pl\/en\/?s={search_term_string}\"},\"query-input\":{\"@type\":\"PropertyValueSpecification\",\"valueRequired\":true,\"valueName\":\"search_term_string\"}}],\"inLanguage\":\"en-US\"},{\"@type\":\"Organization\",\"@id\":\"https:\/\/korff.pl\/en\/#organization\",\"name\":\"Korff Isolmatic Sp. z o.o.\",\"url\":\"https:\/\/korff.pl\/en\/\",\"logo\":{\"@type\":\"ImageObject\",\"inLanguage\":\"en-US\",\"@id\":\"https:\/\/korff.pl\/en\/#\/schema\/logo\/image\/\",\"url\":\"https:\/\/korff2023.korff.pl\/wp-content\/uploads\/2023\/06\/KI_logo_main_RGB_M.png\",\"contentUrl\":\"https:\/\/korff2023.korff.pl\/wp-content\/uploads\/2023\/06\/KI_logo_main_RGB_M.png\",\"width\":750,\"height\":185,\"caption\":\"Korff Isolmatic Sp. z o.o.\"},\"image\":{\"@id\":\"https:\/\/korff.pl\/en\/#\/schema\/logo\/image\/\"}}]}<\/script>\n<!-- \/ Yoast SEO plugin. -->","yoast_head_json":{"title":"Privacy Policy of Korff Isolmatic - Korff Isolmatic","description":"Korff Isolmatic \u2013 producent technicznych wyrob\u00f3w izolacyjnych oraz mocowa\u0144 zimnochronnych","robots":{"index":"index","follow":"follow","max-snippet":"max-snippet:-1","max-image-preview":"max-image-preview:large","max-video-preview":"max-video-preview:-1"},"canonical":"https:\/\/korff.pl\/en\/privacy-policy-of-korff-isolmatic\/","og_locale":"en_US","og_type":"article","og_title":"Privacy Policy of Korff Isolmatic - Korff Isolmatic","og_description":"Korff Isolmatic \u2013 producent technicznych wyrob\u00f3w izolacyjnych oraz mocowa\u0144 zimnochronnych","og_url":"https:\/\/korff.pl\/en\/privacy-policy-of-korff-isolmatic\/","og_site_name":"Korff Isolmatic","article_modified_time":"2024-01-24T08:41:04+00:00","og_image":[{"width":1000,"height":667,"url":"https:\/\/korff.pl\/wp-content\/uploads\/2023\/07\/DSC_0381-2.jpg","type":"image\/jpeg"}],"twitter_card":"summary_large_image","twitter_misc":{"Est. reading time":"3 minutes"},"schema":{"@context":"https:\/\/schema.org","@graph":[{"@type":"WebPage","@id":"https:\/\/korff.pl\/en\/privacy-policy-of-korff-isolmatic\/","url":"https:\/\/korff.pl\/en\/privacy-policy-of-korff-isolmatic\/","name":"Privacy Policy of Korff Isolmatic - Korff Isolmatic","isPartOf":{"@id":"https:\/\/korff.pl\/en\/#website"},"datePublished":"2023-06-16T12:19:20+00:00","dateModified":"2024-01-24T08:41:04+00:00","description":"Korff Isolmatic \u2013 producent technicznych wyrob\u00f3w izolacyjnych oraz mocowa\u0144 zimnochronnych","breadcrumb":{"@id":"https:\/\/korff.pl\/en\/privacy-policy-of-korff-isolmatic\/#breadcrumb"},"inLanguage":"en-US","potentialAction":[{"@type":"ReadAction","target":["https:\/\/korff.pl\/en\/privacy-policy-of-korff-isolmatic\/"]}]},{"@type":"BreadcrumbList","@id":"https:\/\/korff.pl\/en\/privacy-policy-of-korff-isolmatic\/#breadcrumb","itemListElement":[{"@type":"ListItem","position":1,"name":"Strona g\u0142\u00f3wna","item":"https:\/\/korff.pl\/en\/"},{"@type":"ListItem","position":2,"name":"Privacy Policy of Korff Isolmatic"}]},{"@type":"WebSite","@id":"https:\/\/korff.pl\/en\/#website","url":"https:\/\/korff.pl\/en\/","name":"Korff Isolmatic","description":"Producent technicznych wyrob\u00f3w izolacyjnych oraz mocowa\u0144 zimnochronnych","publisher":{"@id":"https:\/\/korff.pl\/en\/#organization"},"potentialAction":[{"@type":"SearchAction","target":{"@type":"EntryPoint","urlTemplate":"https:\/\/korff.pl\/en\/?s={search_term_string}"},"query-input":{"@type":"PropertyValueSpecification","valueRequired":true,"valueName":"search_term_string"}}],"inLanguage":"en-US"},{"@type":"Organization","@id":"https:\/\/korff.pl\/en\/#organization","name":"Korff Isolmatic Sp. z o.o.","url":"https:\/\/korff.pl\/en\/","logo":{"@type":"ImageObject","inLanguage":"en-US","@id":"https:\/\/korff.pl\/en\/#\/schema\/logo\/image\/","url":"https:\/\/korff2023.korff.pl\/wp-content\/uploads\/2023\/06\/KI_logo_main_RGB_M.png","contentUrl":"https:\/\/korff2023.korff.pl\/wp-content\/uploads\/2023\/06\/KI_logo_main_RGB_M.png","width":750,"height":185,"caption":"Korff Isolmatic Sp. z o.o."},"image":{"@id":"https:\/\/korff.pl\/en\/#\/schema\/logo\/image\/"}}]}},"_links":{"self":[{"href":"https:\/\/korff.pl\/en\/wp-json\/wp\/v2\/pages\/1922","targetHints":{"allow":["GET"]}}],"collection":[{"href":"https:\/\/korff.pl\/en\/wp-json\/wp\/v2\/pages"}],"about":[{"href":"https:\/\/korff.pl\/en\/wp-json\/wp\/v2\/types\/page"}],"author":[{"embeddable":true,"href":"https:\/\/korff.pl\/en\/wp-json\/wp\/v2\/users\/1"}],"replies":[{"embeddable":true,"href":"https:\/\/korff.pl\/en\/wp-json\/wp\/v2\/comments?post=1922"}],"version-history":[{"count":7,"href":"https:\/\/korff.pl\/en\/wp-json\/wp\/v2\/pages\/1922\/revisions"}],"predecessor-version":[{"id":2027,"href":"https:\/\/korff.pl\/en\/wp-json\/wp\/v2\/pages\/1922\/revisions\/2027"}],"wp:attachment":[{"href":"https:\/\/korff.pl\/en\/wp-json\/wp\/v2\/media?parent=1922"}],"curies":[{"name":"wp","href":"https:\/\/api.w.org\/{rel}","templated":true}]}}