{"id":2162,"date":"2023-09-04T15:03:19","date_gmt":"2023-09-04T13:03:19","guid":{"rendered":"https:\/\/korff.pl\/karriere\/oferta-pracy-technolog\/"},"modified":"2024-01-30T18:12:01","modified_gmt":"2024-01-30T17:12:01","slug":"technologe","status":"publish","type":"page","link":"https:\/\/korff.pl\/de\/karriere\/technologe\/","title":{"rendered":"Technologe Produktionsvorbereitungstechniker"},"content":{"rendered":"<p>\n    <a href=\"\/de\/karriere\">Stellenangebot <\/a>\n<\/p>\n<h1>Technologe \/ Produktionsvorbereitungstechniker  (w,m,d) <\/h1>\n<div>Wir bieten die folgenden Stellen an: Produktionsvorbereitungstechniker \/ Technologe (w,m,d)<\/div>\n<ul>\n<li>\n<div>Wojnarowice<\/div>\n<p>Einsatzort:<\/p>\n<\/li>\n<li>\n<div>Vollzeit<\/div>\n<p>Besch\u00e4ftigungsform<\/p>\n<\/li>\n<li>\n<div>Festanstellung <\/div>\n<p>Art der Besch\u00e4ftigung<\/p>\n<\/li>\n<li>\n<div>Schichtarbeit <\/div>\n<p>Arbeitssystem<\/p>\n<\/li>\n<li>\n<div>Ja<\/div>\n<p>Erfahrung erforderlich<\/p>\n<\/li>\n<\/ul>\n<p>\n    <a href=\"mailto:info@korff-isolmatic.pl?subject=Aplikacja na stanowisko Technolog \/ Pracownik technicznego przygotowania produkcji\">Bewerben<\/a>\n<\/p>\n<h2>Stellenbeschreibung <\/h2>\n<div>\n<p>KORFF ISOLMATIC ist ein etabliertes Produktionsunternehmen im Bereich der technischen Isolierung mit Sitz in Wojnarowice &#8211; bequem zu erreichen von Sob\u00f3tka, \u015awidnica oder dem s\u00fcdlichen Stadtgebiet von Wroc\u0142aw (max. 30 Minuten). Wir suchen derzeit eine Person f\u00fcr die Position: Technologe\/ Produktionsvorbereitungstechniker  (w,m,d)\n <\/p>\n<\/div>\n<h2>Aufgaben<br \/>\n<\/h2>\n<ul>\n<li>\n<div>Entwicklung und \u00dcberwachung der Produktions-(Prozess-)Dokumentation <\/p>\n<\/div>\n<\/li>\n<li>\n<div>L\u00f6sung der laufenden Produktionsprobleme <\/p>\n<\/div>\n<\/li>\n<li>\n<div>technische Produktionsunterst\u00fctzung\n<\/div>\n<\/li>\n<li>\n<div>Optimierung der Produktionsprozesse<\/div>\n<\/li>\n<\/ul>\n<h2>Anforderungen<br \/>\n<\/h2>\n<ul>\n<li>\n<div>Sekundarstufe oder h\u00f6here technische Bildung\n<\/div>\n<\/li>\n<li>\n<div>F\u00e4higkeit, technische Zeichnungen zu lesen\n<\/div>\n<\/li>\n<li>\n<div>Berufserfahrung in einem Produktionsbetrieb\n<\/div>\n<\/li>\n<li>\n<div>Teamf\u00e4higkeit\n <\/div>\n<\/li>\n<li>\n<div>gute Organisation der eigenen Arbeit\n<\/div>\n<\/li>\n<li>\n<div>Software-Kenntnisse in z.B. CAD w\u00e4ren von Vorteil<\/div>\n<\/li>\n<\/ul>\n<h2>Wir bieten an<br \/>\n<\/h2>\n<ul>\n<li>\n<div>stabile Besch\u00e4ftigungsbedingungen auf der Grundlage eines Arbeitsvertrags (Arbeit in zwei Schichten von Montag bis Freitag),\n<\/div>\n<\/li>\n<li>\n<div>transparente Verg\u00fctungsregeln, die der Erfahrung entsprechen und Leistung belohnen,\n<\/div>\n<\/li>\n<li>\n<div>die M\u00f6glichkeit, durch Fortbildungsma\u00dfnahmen zus\u00e4tzliche Qualifikationen zu erwerben,\n<\/div>\n<\/li>\n<li>\n<div>ein umfangreiches, st\u00e4ndig erweitertes Paket von Sozialleistungen (Gutscheine, Zusch\u00fcsse zu Schulb\u00fcchern, Veranstaltungen zur Teambildung),\n<\/div>\n<\/li>\n<li>\n<div>Medicover-Krankenversicherungspaket, Sodexo-Pass-Mittagessenkarte,\n<\/div>\n<\/li>\n<li>\n<div>gute Arbeitsbedingungen und eine angenehme Atmosph\u00e4re.<\/div>\n<\/li>\n<\/ul>\n<h2>Extras<\/h2>\n<ul>\n<li>\n<div>karta lunchowa Sodexo Pass\n<\/div>\n<\/li>\n<li>\n<div>pakiet ubezpieczenia medycznego Medicover<\/p>\n<\/div>\n<\/li>\n<li>\n<div>dofinansowanie do zaj\u0119\u0107 sportowych\n<\/div>\n<\/li>\n<li>\n<div>mo\u017cliwo\u015b\u0107 uzyskania dodatkowych kwalifikacji w ramach szkole\u0144 zawodowych<\/div>\n<\/li>\n<li>\n<div>\nbogaty, ci\u0105gle rozszerzany pakiet \u015bwiadcze\u0144 socjalnych (bony na \u015bwi\u0119ta Wielkanocne i Bo\u017ce Narodzenie, dofinansowanie do podr\u0119cznik\u00f3w szkolnych, spotkania integracyjne)<\/div>\n<\/li>\n<li>\n<div>\nDofinansowanie do nauki j\u0119zyk\u00f3w obcych\n<\/div>\n<\/li>\n<\/ul>\n<div>\n<p>Sollten wir Ihr Interesse geweckt haben, k\u00f6nnen Sie sich bewerben oder bei der Personalabteilung anrufen: 71&nbsp;338&nbsp;81&nbsp;13.<\/p>\n<p>\nBitte f\u00fcgen Sie die folgende Klausel ein: &#8222;Ich stimme der Verarbeitung meiner personenbezogenen Daten zu Einstellungszwecken gem\u00e4\u00df Artikel 6 Absatz 1 Buchstabe a der Verordnung (EU) 2016\/679 des Europ\u00e4ischen Parlaments und des Rates vom 27. April 2016 zum Schutz nat\u00fcrlicher Personen bei der Verarbeitung personenbezogener Daten, zum freien Datenverkehr und zur Aufhebung der Richtlinie 95\/46\/EG (Datenschutz-Grundverordnung) zu.&#8220;\n<\/p>\n<\/div>\n<p>\n    <a href=\"mailto:info@korff-isolmatic.pl?subject=Aplikacja na stanowisko Technolog \/ Pracownik technicznego przygotowania produkcji\">Bewerben<\/a>\n<\/p>\n<div>Kontakt <\/div>\n<div>Korff Isolmatic Sp. z o.o.<br \/>\nWojnarowice, ul. Lotnicza&nbsp;12<br \/>\nPL 55-050 Sob\u00f3tka 1\n<\/div>\n<div>\n<p>tel: 0048 71 39 09 099<\/p>\n<p>info[at]korff.pl<\/p>\n<\/div>\n<div><a href=\"\/de\/datenschutzrichtlinie\/\">Datenschutzrichtlinie<\/a><\/p>\n<p><a href=\"\/de\/datenschutzerklarung\/\">Datenschutzerkl\u00e4rung<\/a> \n<\/div>\n<p><img decoding=\"async\" src=\"\/wp-content\/uploads\/2023\/06\/save-energy.png\" alt=\"\"><\/p>\n<p><!--more--><br \/>\n<!-- {\"type\":\"layout\",\"children\":[{\"type\":\"section\",\"props\":{\"header_transparent\":\"dark\",\"header_transparent_noplaceholder\":false,\"id\":\"mainFirst\",\"image_position\":\"center-center\",\"padding_remove_bottom\":true,\"style\":\"default\",\"title_breakpoint\":\"xl\",\"title_position\":\"top-left\",\"title_rotation\":\"left\",\"vertical_align\":\"middle\",\"width\":\"default\"},\"children\":[{\"type\":\"row\",\"props\":{\"layout\":\"2-3,1-3\"},\"children\":[{\"type\":\"column\",\"props\":{\"image_position\":\"center-center\",\"position_sticky_breakpoint\":\"m\",\"width_medium\":\"2-3\"},\"children\":[{\"type\":\"button\",\"props\":{\"animation\":\"none\",\"grid_column_gap\":\"small\",\"grid_row_gap\":\"small\",\"margin\":\"default\",\"position\":\"relative\",\"position_z_index\":\"1\",\"text_align\":\"left\"},\"children\":[{\"type\":\"button_item\",\"props\":{\"button_style\":\"\",\"content\":\"Stellenangebot \",\"icon_align\":\"left\",\"link\":\"\\\/de\\\/karriere\"}}],\"name\":\"link do wszystkich og\\u0142osze\\u0144\"},{\"type\":\"headline\",\"props\":{\"animation\":\"none\",\"content\":\"Technologe \\\/ Produktionsvorbereitungstechniker  (w,m,d) \",\"margin\":\"default\",\"margin_remove_bottom\":true,\"position\":\"relative\",\"position_z_index\":\"1\",\"text_align\":\"left\",\"title_element\":\"h1\",\"title_style\":\"h1\"},\"name\":\"stanowisko\"},{\"type\":\"text\",\"props\":{\"animation\":\"none\",\"column_breakpoint\":\"m\",\"content\":\"Wir bieten die folgenden Stellen an: Produktionsvorbereitungstechniker \\\/ Technologe (w,m,d)\",\"margin\":\"default\",\"margin_remove_bottom\":true,\"maxwidth\":\"xlarge\",\"position\":\"relative\",\"position_z_index\":\"1\",\"text_align\":\"left\",\"text_style\":\"lead\"},\"name\":\"tekst oferty intro\"},{\"type\":\"grid\",\"props\":{\"animation\":\"none\",\"content_column_breakpoint\":\"m\",\"filter_align\":\"left\",\"filter_all\":true,\"filter_grid_breakpoint\":\"m\",\"filter_grid_width\":\"auto\",\"filter_position\":\"top\",\"filter_style\":\"tab\",\"grid_column_gap\":\"medium\",\"grid_default\":\"1\",\"grid_medium\":\"\",\"grid_row_gap\":\"medium\",\"grid_small\":\"3\",\"icon_width\":80,\"image_align\":\"top\",\"image_grid_breakpoint\":\"m\",\"image_grid_width\":\"1-2\",\"image_svg_color\":\"emphasis\",\"item_animation\":false,\"link_style\":\"default\",\"link_text\":\"Read more\",\"margin\":\"large\",\"margin_remove_bottom\":true,\"meta_align\":\"above-title\",\"meta_color\":\"muted\",\"meta_element\":\"div\",\"meta_style\":\"\",\"panel_padding\":\"default\",\"panel_style\":\"card-default\",\"parallax_easing\":\"1\",\"show_content\":true,\"show_image\":true,\"show_link\":true,\"show_meta\":true,\"show_title\":true,\"text_align\":\"left\",\"title_align\":\"top\",\"title_element\":\"div\",\"title_grid_breakpoint\":\"m\",\"title_grid_width\":\"1-2\",\"title_hover_style\":\"reset\",\"title_margin\":\"small\",\"title_style\":\"h5\"},\"children\":[{\"type\":\"grid_item\",\"props\":{\"meta\":\"Einsatzort:\",\"title\":\"Wojnarowice\"}},{\"type\":\"grid_item\",\"props\":{\"meta\":\"Besch\\u00e4ftigungsform\",\"title\":\"Vollzeit\"}},{\"type\":\"grid_item\",\"props\":{\"meta\":\"Art der Besch\\u00e4ftigung\",\"title\":\"Festanstellung \"}},{\"type\":\"grid_item\",\"props\":{\"meta\":\"Arbeitssystem\",\"title\":\"Schichtarbeit \"}},{\"type\":\"grid_item\",\"props\":{\"meta\":\"Erfahrung erforderlich\",\"title\":\"Ja\"}}],\"name\":\"szczeg\\u00f3\\u0142y\"},{\"type\":\"button\",\"props\":{\"animation\":\"none\",\"grid_column_gap\":\"small\",\"grid_row_gap\":\"small\",\"margin\":\"medium\",\"margin_remove_bottom\":true,\"position\":\"relative\",\"position_z_index\":\"1\",\"text_align\":\"left\"},\"children\":[{\"type\":\"button_item\",\"props\":{\"button_style\":\"secondary\",\"content\":\"Bewerben\",\"icon_align\":\"left\",\"link\":\"mailto:info@korff-isolmatic.pl?subject=Aplikacja na stanowisko Technolog \\\/ Pracownik technicznego przygotowania produkcji\"}}],\"name\":\"aplikuj\"}]},{\"type\":\"column\",\"props\":{\"image_position\":\"center-center\",\"position_sticky_breakpoint\":\"m\",\"width_medium\":\"1-3\"}}]}],\"name\":\"Stanowisko\"},{\"type\":\"section\",\"props\":{\"header_transparent\":\"dark\",\"header_transparent_noplaceholder\":false,\"id\":\"mainFirst\",\"image_position\":\"center-center\",\"padding_remove_bottom\":true,\"style\":\"default\",\"title_breakpoint\":\"xl\",\"title_position\":\"top-left\",\"title_rotation\":\"left\",\"vertical_align\":\"middle\",\"width\":\"default\"},\"children\":[{\"type\":\"row\",\"props\":{\"layout\":\"2-3,1-3\"},\"children\":[{\"type\":\"column\",\"props\":{\"image_position\":\"center-center\",\"position_sticky_breakpoint\":\"m\",\"width_medium\":\"2-3\"},\"children\":[{\"type\":\"headline\",\"props\":{\"animation\":\"none\",\"content\":\"Stellenbeschreibung \",\"margin\":\"default\",\"position\":\"relative\",\"position_z_index\":\"1\",\"text_align\":\"left\",\"title_element\":\"h2\"},\"name\":\"Opis stanowiska\"},{\"type\":\"text\",\"props\":{\"animation\":\"none\",\"column_breakpoint\":\"m\",\"content\":\"\n\n<p>KORFF ISOLMATIC ist ein etabliertes Produktionsunternehmen im Bereich der technischen Isolierung mit Sitz in Wojnarowice - bequem zu erreichen von Sob\\u00f3tka, \\u015awidnica oder dem s\\u00fcdlichen Stadtgebiet von Wroc\\u0142aw (max. 30 Minuten). Wir suchen derzeit eine Person f\\u00fcr die Position: Technologe\\\/ Produktionsvorbereitungstechniker  (w,m,d) \\n <\\\/p>\\n\",\"margin\":\"default\",\"position\":\"relative\",\"position_z_index\":\"1\",\"text_align\":\"left\"}},{\"type\":\"headline\",\"props\":{\"animation\":\"none\",\"content\":\"Aufgaben \\n\",\"margin\":\"default\",\"margin_remove_bottom\":true,\"position\":\"relative\",\"position_z_index\":\"1\",\"title_element\":\"h2\",\"title_style\":\"h3\"},\"name\":\"obowi\\u0105zki\"},{\"type\":\"list\",\"props\":{\"animation\":\"none\",\"column_breakpoint\":\"m\",\"image_align\":\"left\",\"image_svg_color\":\"emphasis\",\"image_vertical_align\":true,\"list_element\":\"ul\",\"list_horizontal_separator\":\", \",\"list_marker\":\"disc\",\"list_marker_color\":\"primary\",\"list_type\":\"vertical\",\"position\":\"relative\",\"position_z_index\":\"1\",\"show_image\":true,\"show_link\":true},\"children\":[{\"type\":\"list_item\",\"props\":{\"content\":\"Entwicklung und \\u00dcberwachung der Produktions-(Prozess-)Dokumentation \\n\\n\"}},{\"type\":\"list_item\",\"props\":{\"content\":\"L\\u00f6sung der laufenden Produktionsprobleme \\n\\n\"}},{\"type\":\"list_item\",\"props\":{\"content\":\"technische Produktionsunterst\\u00fctzung\\n\"}},{\"type\":\"list_item\",\"props\":{\"content\":\"Optimierung der Produktionsprozesse\"}}]},{\"type\":\"headline\",\"props\":{\"animation\":\"none\",\"content\":\"Anforderungen \\n\",\"margin\":\"default\",\"margin_remove_bottom\":true,\"position\":\"relative\",\"position_z_index\":\"1\",\"title_element\":\"h2\",\"title_style\":\"h3\"},\"name\":\"Oczekiwania\"},{\"type\":\"list\",\"props\":{\"animation\":\"none\",\"column_breakpoint\":\"m\",\"image_align\":\"left\",\"image_svg_color\":\"emphasis\",\"image_vertical_align\":true,\"list_element\":\"ul\",\"list_horizontal_separator\":\", \",\"list_marker\":\"disc\",\"list_marker_color\":\"primary\",\"list_type\":\"vertical\",\"position\":\"relative\",\"position_z_index\":\"1\",\"show_image\":true,\"show_link\":true},\"children\":[{\"type\":\"list_item\",\"props\":{\"content\":\"Sekundarstufe oder h\\u00f6here technische Bildung \\n\"}},{\"type\":\"list_item\",\"props\":{\"content\":\"F\\u00e4higkeit, technische Zeichnungen zu lesen \\n\"}},{\"type\":\"list_item\",\"props\":{\"content\":\"Berufserfahrung in einem Produktionsbetrieb \\n\"}},{\"type\":\"list_item\",\"props\":{\"content\":\"Teamf\\u00e4higkeit \\n \"}},{\"type\":\"list_item\",\"props\":{\"content\":\"gute Organisation der eigenen Arbeit \\n\"}},{\"type\":\"list_item\",\"props\":{\"content\":\"Software-Kenntnisse in z.B. CAD w\\u00e4ren von Vorteil\"}}]},{\"type\":\"headline\",\"props\":{\"animation\":\"none\",\"content\":\"Wir bieten an \\n\",\"margin\":\"default\",\"margin_remove_bottom\":true,\"position\":\"relative\",\"position_z_index\":\"1\",\"title_element\":\"h2\",\"title_style\":\"h3\"},\"name\":\"Oferujemy\"},{\"type\":\"list\",\"props\":{\"animation\":\"none\",\"column_breakpoint\":\"m\",\"image_align\":\"left\",\"image_svg_color\":\"emphasis\",\"image_vertical_align\":true,\"list_element\":\"ul\",\"list_horizontal_separator\":\", \",\"list_marker\":\"disc\",\"list_marker_color\":\"primary\",\"list_type\":\"vertical\",\"position\":\"relative\",\"position_z_index\":\"1\",\"show_image\":true,\"show_link\":true},\"children\":[{\"type\":\"list_item\",\"props\":{\"content\":\"stabile Besch\\u00e4ftigungsbedingungen auf der Grundlage eines Arbeitsvertrags (Arbeit in zwei Schichten von Montag bis Freitag), \\n\"}},{\"type\":\"list_item\",\"props\":{\"content\":\"transparente Verg\\u00fctungsregeln, die der Erfahrung entsprechen und Leistung belohnen, \\n\"}},{\"type\":\"list_item\",\"props\":{\"content\":\"die M\\u00f6glichkeit, durch Fortbildungsma\\u00dfnahmen zus\\u00e4tzliche Qualifikationen zu erwerben, \\n\"}},{\"type\":\"list_item\",\"props\":{\"content\":\"ein umfangreiches, st\\u00e4ndig erweitertes Paket von Sozialleistungen (Gutscheine, Zusch\\u00fcsse zu Schulb\\u00fcchern, Veranstaltungen zur Teambildung), \\n\"}},{\"type\":\"list_item\",\"props\":{\"content\":\"Medicover-Krankenversicherungspaket, Sodexo-Pass-Mittagessenkarte, \\n\"}},{\"type\":\"list_item\",\"props\":{\"content\":\"gute Arbeitsbedingungen und eine angenehme Atmosph\\u00e4re.\"}}]},{\"type\":\"headline\",\"props\":{\"animation\":\"none\",\"content\":\"Extras\",\"margin\":\"default\",\"margin_remove_bottom\":true,\"position\":\"relative\",\"position_z_index\":\"1\",\"title_element\":\"h2\",\"title_style\":\"h3\"},\"name\":\"Bonusy\"},{\"type\":\"list\",\"props\":{\"animation\":\"none\",\"column_breakpoint\":\"m\",\"image_align\":\"left\",\"image_svg_color\":\"emphasis\",\"image_vertical_align\":true,\"list_element\":\"ul\",\"list_horizontal_separator\":\", \",\"list_marker\":\"disc\",\"list_marker_color\":\"primary\",\"list_type\":\"vertical\",\"position\":\"relative\",\"position_z_index\":\"1\",\"show_image\":true,\"show_link\":true},\"children\":[{\"type\":\"list_item\",\"props\":{\"content\":\"karta lunchowa Sodexo Pass\\n\"}},{\"type\":\"list_item\",\"props\":{\"content\":\"pakiet ubezpieczenia medycznego Medicover\\n\\n\"}},{\"type\":\"list_item\",\"props\":{\"content\":\"dofinansowanie do zaj\\u0119\\u0107 sportowych\\n\"}},{\"type\":\"list_item\",\"props\":{\"content\":\"mo\\u017cliwo\\u015b\\u0107 uzyskania dodatkowych kwalifikacji w ramach szkole\\u0144 zawodowych\"}},{\"type\":\"list_item\",\"props\":{\"content\":\"\\nbogaty, ci\\u0105gle rozszerzany pakiet \\u015bwiadcze\\u0144 socjalnych (bony na \\u015bwi\\u0119ta Wielkanocne i Bo\\u017ce Narodzenie, dofinansowanie do podr\\u0119cznik\\u00f3w szkolnych, spotkania integracyjne)\"}},{\"type\":\"list_item\",\"props\":{\"content\":\"\\nDofinansowanie do nauki j\\u0119zyk\\u00f3w obcych\\n\"}}]}]},{\"type\":\"column\",\"props\":{\"image_position\":\"center-center\",\"position_sticky_breakpoint\":\"m\",\"width_medium\":\"1-3\"}}]}],\"name\":\"Opis stanowiska\"},{\"type\":\"section\",\"props\":{\"header_transparent\":\"dark\",\"header_transparent_noplaceholder\":false,\"id\":\"mainFirst\",\"image_position\":\"center-center\",\"style\":\"default\",\"title_breakpoint\":\"xl\",\"title_position\":\"top-left\",\"title_rotation\":\"left\",\"vertical_align\":\"middle\",\"width\":\"default\"},\"children\":[{\"type\":\"row\",\"props\":{\"layout\":\"1-2,1-2\"},\"children\":[{\"type\":\"column\",\"props\":{\"image_position\":\"center-center\",\"position_sticky_breakpoint\":\"m\",\"width_medium\":\"1-2\"},\"children\":[{\"type\":\"text\",\"props\":{\"column_breakpoint\":\"m\",\"content\":\"\n\n<p>Sollten wir Ihr Interesse geweckt haben, k\\u00f6nnen Sie sich bewerben oder bei der Personalabteilung anrufen: 71&nbsp;338&nbsp;81&nbsp;13.<\\\/p>\n\n<p>\\nBitte f\\u00fcgen Sie die folgende Klausel ein: \\\"Ich stimme der Verarbeitung meiner personenbezogenen Daten zu Einstellungszwecken gem\\u00e4\\u00df Artikel 6 Absatz 1 Buchstabe a der Verordnung (EU) 2016\\\/679 des Europ\\u00e4ischen Parlaments und des Rates vom 27. April 2016 zum Schutz nat\\u00fcrlicher Personen bei der Verarbeitung personenbezogener Daten, zum freien Datenverkehr und zur Aufhebung der Richtlinie 95\\\/46\\\/EG (Datenschutz-Grundverordnung) zu.\\\"\\n<\\\/p>\",\"margin\":\"default\"}},{\"type\":\"button\",\"props\":{\"animation\":\"none\",\"grid_column_gap\":\"small\",\"grid_row_gap\":\"small\",\"margin\":\"medium\",\"margin_remove_bottom\":true,\"position\":\"relative\",\"position_z_index\":\"1\",\"text_align\":\"left\"},\"children\":[{\"type\":\"button_item\",\"props\":{\"button_style\":\"secondary\",\"content\":\"Bewerben\",\"icon_align\":\"left\",\"link\":\"mailto:info@korff-isolmatic.pl?subject=Aplikacja na stanowisko Technolog \\\/ Pracownik technicznego przygotowania produkcji\"}}],\"name\":\"aplikuj\"}]},{\"type\":\"column\",\"props\":{\"image_position\":\"center-center\",\"position_sticky_breakpoint\":\"m\",\"width_medium\":\"1-2\"}}]}],\"name\":\"osoba kontaktowa\"},{\"type\":\"section\",\"props\":{\"image_position\":\"center-center\",\"style\":\"default\",\"title_breakpoint\":\"xl\",\"title_position\":\"top-left\",\"title_rotation\":\"left\",\"vertical_align\":\"middle\",\"width\":\"default\"},\"children\":[{\"type\":\"row\",\"children\":[{\"type\":\"column\",\"props\":{\"image_position\":\"center-center\",\"position_sticky_breakpoint\":\"m\"},\"children\":[{\"type\":\"divider\",\"props\":{\"divider_element\":\"div\"}},{\"type\":\"headline\",\"props\":{\"content\":\"Kontakt \",\"title_element\":\"div\",\"title_style\":\"h2\"}}]}]},{\"type\":\"row\",\"props\":{\"column_gap\":\"small\",\"layout\":\"1-4,1-4,1-4,1-4|1-2,1-2,1-2,1-2\"},\"children\":[{\"type\":\"column\",\"props\":{\"image_position\":\"center-center\",\"position_sticky_breakpoint\":\"m\",\"width_medium\":\"1-4\",\"width_small\":\"1-3\"},\"children\":[{\"type\":\"text\",\"props\":{\"column_breakpoint\":\"m\",\"content\":\"Korff Isolmatic Sp. z o.o.<br\\\/>\\nWojnarowice, ul. Lotnicza&nbsp;12<br\\\/>\\nPL 55-050 Sob\\u00f3tka 1<br\\\/>\\n\",\"margin\":\"default\",\"text_color\":\"secondary\"}}]},{\"type\":\"column\",\"props\":{\"image_position\":\"center-center\",\"position_sticky_breakpoint\":\"m\",\"width_medium\":\"1-4\",\"width_small\":\"1-3\"},\"children\":[{\"type\":\"text\",\"props\":{\"column_breakpoint\":\"m\",\"content\":\"\\n\\ntel: 0048 71 39 09 099<br\\\/>\\n\\ninfo[at]korff.pl<br\\\/>\\n\\n\\n\",\"margin\":\"default\",\"text_color\":\"secondary\"}}]},{\"type\":\"column\",\"props\":{\"image_position\":\"center-center\",\"position_sticky_breakpoint\":\"m\",\"width_medium\":\"1-4\",\"width_small\":\"1-3\"},\"children\":[{\"type\":\"text\",\"props\":{\"column_breakpoint\":\"m\",\"content\":\"<a href=\\\"\\\/de\\\/datenschutzrichtlinie\\\/\\\">Datenschutzrichtlinie<\\\/a><br\\\/>\\n\\n<a href=\\\"\\\/de\\\/datenschutzerklarung\\\/\\\">Datenschutzerkl\\u00e4rung<\\\/a> <br\\\/>\\n\",\"margin\":\"default\",\"text_color\":\"primary\"}}]},{\"type\":\"column\",\"props\":{\"image_position\":\"center-center\",\"position_sticky_breakpoint\":\"m\",\"width_medium\":\"1-4\",\"width_small\":\"1-2\"},\"children\":[{\"type\":\"image\",\"props\":{\"image\":\"wp-content\\\/uploads\\\/2023\\\/06\\\/save-energy.png\",\"image_svg_color\":\"emphasis\",\"margin\":\"default\",\"text_align\":\"right\"}}]}]},{\"type\":\"row\",\"children\":[{\"type\":\"column\",\"props\":{\"image_position\":\"center-center\",\"position_sticky_breakpoint\":\"m\"},\"children\":[{\"type\":\"totop\",\"props\":{\"margin\":\"default\",\"text_align\":\"right\",\"title_grid_column_gap\":\"small\",\"title_grid_row_gap\":\"small\"}}]}]}],\"name\":\"footer de\"}],\"version\":\"4.2.11\"} --><\/p>\n","protected":false},"excerpt":{"rendered":"<p>Stellenangebot Technologe \/ Produktionsvorbereitungstechniker (w,m,d) Wir bieten die folgenden Stellen an: Produktionsvorbereitungstechniker \/ Technologe (w,m,d) Wojnarowice Einsatzort: Vollzeit Besch\u00e4ftigungsform Festanstellung Art der Besch\u00e4ftigung Schichtarbeit Arbeitssystem Ja Erfahrung erforderlich Bewerben Stellenbeschreibung KORFF ISOLMATIC ist ein etabliertes Produktionsunternehmen im Bereich der technischen Isolierung mit Sitz in Wojnarowice &#8211; bequem zu erreichen von Sob\u00f3tka, \u015awidnica oder dem s\u00fcdlichen [&hellip;]<\/p>\n","protected":false},"author":1,"featured_media":0,"parent":2054,"menu_order":0,"comment_status":"closed","ping_status":"closed","template":"","meta":{"footnotes":""},"class_list":["post-2162","page","type-page","status-publish","hentry"],"yoast_head":"<!-- This site is optimized with the Yoast SEO plugin v27.1.1 - https:\/\/yoast.com\/product\/yoast-seo-wordpress\/ -->\n<title>Technologe Produktionsvorbereitungstechniker - Korff Isolmatic<\/title>\n<meta name=\"description\" content=\"Korff Isolmatic \u2013 producent technicznych wyrob\u00f3w izolacyjnych oraz mocowa\u0144 zimnochronnych\" \/>\n<meta name=\"robots\" content=\"index, follow, max-snippet:-1, max-image-preview:large, max-video-preview:-1\" \/>\n<link rel=\"canonical\" href=\"https:\/\/korff.pl\/de\/karriere\/technologe\/\" \/>\n<meta property=\"og:locale\" content=\"de_DE\" \/>\n<meta property=\"og:type\" content=\"article\" \/>\n<meta property=\"og:title\" content=\"Technologe Produktionsvorbereitungstechniker - Korff Isolmatic\" \/>\n<meta property=\"og:description\" content=\"Korff Isolmatic \u2013 producent technicznych wyrob\u00f3w izolacyjnych oraz mocowa\u0144 zimnochronnych\" \/>\n<meta property=\"og:url\" content=\"https:\/\/korff.pl\/de\/karriere\/technologe\/\" \/>\n<meta property=\"og:site_name\" content=\"Korff Isolmatic\" \/>\n<meta property=\"article:modified_time\" content=\"2024-01-30T17:12:01+00:00\" \/>\n<meta property=\"og:image\" content=\"https:\/\/korff.pl\/wp-content\/uploads\/2023\/07\/DSC_0381-2.jpg\" \/>\n\t<meta property=\"og:image:width\" content=\"1000\" \/>\n\t<meta property=\"og:image:height\" content=\"667\" \/>\n\t<meta property=\"og:image:type\" content=\"image\/jpeg\" \/>\n<meta name=\"twitter:card\" content=\"summary_large_image\" \/>\n<meta name=\"twitter:label1\" content=\"Gesch\u00e4tzte Lesezeit\" \/>\n\t<meta name=\"twitter:data1\" content=\"3\u00a0Minuten\" \/>\n<script type=\"application\/ld+json\" class=\"yoast-schema-graph\">{\"@context\":\"https:\/\/schema.org\",\"@graph\":[{\"@type\":\"WebPage\",\"@id\":\"https:\/\/korff.pl\/de\/karriere\/technologe\/\",\"url\":\"https:\/\/korff.pl\/de\/karriere\/technologe\/\",\"name\":\"Technologe Produktionsvorbereitungstechniker - Korff Isolmatic\",\"isPartOf\":{\"@id\":\"https:\/\/korff.pl\/de\/#website\"},\"datePublished\":\"2023-09-04T13:03:19+00:00\",\"dateModified\":\"2024-01-30T17:12:01+00:00\",\"description\":\"Korff Isolmatic \u2013 producent technicznych wyrob\u00f3w izolacyjnych oraz mocowa\u0144 zimnochronnych\",\"breadcrumb\":{\"@id\":\"https:\/\/korff.pl\/de\/karriere\/technologe\/#breadcrumb\"},\"inLanguage\":\"de\",\"potentialAction\":[{\"@type\":\"ReadAction\",\"target\":[\"https:\/\/korff.pl\/de\/karriere\/technologe\/\"]}]},{\"@type\":\"BreadcrumbList\",\"@id\":\"https:\/\/korff.pl\/de\/karriere\/technologe\/#breadcrumb\",\"itemListElement\":[{\"@type\":\"ListItem\",\"position\":1,\"name\":\"Strona g\u0142\u00f3wna\",\"item\":\"https:\/\/korff.pl\/de\/\"},{\"@type\":\"ListItem\",\"position\":2,\"name\":\"Karriere\",\"item\":\"https:\/\/korff.pl\/de\/kariera\/\"},{\"@type\":\"ListItem\",\"position\":3,\"name\":\"Technologe Produktionsvorbereitungstechniker\"}]},{\"@type\":\"WebSite\",\"@id\":\"https:\/\/korff.pl\/de\/#website\",\"url\":\"https:\/\/korff.pl\/de\/\",\"name\":\"Korff Isolmatic\",\"description\":\"Producent technicznych wyrob\u00f3w izolacyjnych oraz mocowa\u0144 zimnochronnych\",\"publisher\":{\"@id\":\"https:\/\/korff.pl\/de\/#organization\"},\"potentialAction\":[{\"@type\":\"SearchAction\",\"target\":{\"@type\":\"EntryPoint\",\"urlTemplate\":\"https:\/\/korff.pl\/de\/?s={search_term_string}\"},\"query-input\":{\"@type\":\"PropertyValueSpecification\",\"valueRequired\":true,\"valueName\":\"search_term_string\"}}],\"inLanguage\":\"de\"},{\"@type\":\"Organization\",\"@id\":\"https:\/\/korff.pl\/de\/#organization\",\"name\":\"Korff Isolmatic Sp. z o.o.\",\"url\":\"https:\/\/korff.pl\/de\/\",\"logo\":{\"@type\":\"ImageObject\",\"inLanguage\":\"de\",\"@id\":\"https:\/\/korff.pl\/de\/#\/schema\/logo\/image\/\",\"url\":\"https:\/\/korff2023.korff.pl\/wp-content\/uploads\/2023\/06\/KI_logo_main_RGB_M.png\",\"contentUrl\":\"https:\/\/korff2023.korff.pl\/wp-content\/uploads\/2023\/06\/KI_logo_main_RGB_M.png\",\"width\":750,\"height\":185,\"caption\":\"Korff Isolmatic Sp. z o.o.\"},\"image\":{\"@id\":\"https:\/\/korff.pl\/de\/#\/schema\/logo\/image\/\"}}]}<\/script>\n<!-- \/ Yoast SEO plugin. -->","yoast_head_json":{"title":"Technologe Produktionsvorbereitungstechniker - Korff Isolmatic","description":"Korff Isolmatic \u2013 producent technicznych wyrob\u00f3w izolacyjnych oraz mocowa\u0144 zimnochronnych","robots":{"index":"index","follow":"follow","max-snippet":"max-snippet:-1","max-image-preview":"max-image-preview:large","max-video-preview":"max-video-preview:-1"},"canonical":"https:\/\/korff.pl\/de\/karriere\/technologe\/","og_locale":"de_DE","og_type":"article","og_title":"Technologe Produktionsvorbereitungstechniker - Korff Isolmatic","og_description":"Korff Isolmatic \u2013 producent technicznych wyrob\u00f3w izolacyjnych oraz mocowa\u0144 zimnochronnych","og_url":"https:\/\/korff.pl\/de\/karriere\/technologe\/","og_site_name":"Korff Isolmatic","article_modified_time":"2024-01-30T17:12:01+00:00","og_image":[{"width":1000,"height":667,"url":"https:\/\/korff.pl\/wp-content\/uploads\/2023\/07\/DSC_0381-2.jpg","type":"image\/jpeg"}],"twitter_card":"summary_large_image","twitter_misc":{"Gesch\u00e4tzte Lesezeit":"3\u00a0Minuten"},"schema":{"@context":"https:\/\/schema.org","@graph":[{"@type":"WebPage","@id":"https:\/\/korff.pl\/de\/karriere\/technologe\/","url":"https:\/\/korff.pl\/de\/karriere\/technologe\/","name":"Technologe Produktionsvorbereitungstechniker - Korff Isolmatic","isPartOf":{"@id":"https:\/\/korff.pl\/de\/#website"},"datePublished":"2023-09-04T13:03:19+00:00","dateModified":"2024-01-30T17:12:01+00:00","description":"Korff Isolmatic \u2013 producent technicznych wyrob\u00f3w izolacyjnych oraz mocowa\u0144 zimnochronnych","breadcrumb":{"@id":"https:\/\/korff.pl\/de\/karriere\/technologe\/#breadcrumb"},"inLanguage":"de","potentialAction":[{"@type":"ReadAction","target":["https:\/\/korff.pl\/de\/karriere\/technologe\/"]}]},{"@type":"BreadcrumbList","@id":"https:\/\/korff.pl\/de\/karriere\/technologe\/#breadcrumb","itemListElement":[{"@type":"ListItem","position":1,"name":"Strona g\u0142\u00f3wna","item":"https:\/\/korff.pl\/de\/"},{"@type":"ListItem","position":2,"name":"Karriere","item":"https:\/\/korff.pl\/de\/kariera\/"},{"@type":"ListItem","position":3,"name":"Technologe Produktionsvorbereitungstechniker"}]},{"@type":"WebSite","@id":"https:\/\/korff.pl\/de\/#website","url":"https:\/\/korff.pl\/de\/","name":"Korff Isolmatic","description":"Producent technicznych wyrob\u00f3w izolacyjnych oraz mocowa\u0144 zimnochronnych","publisher":{"@id":"https:\/\/korff.pl\/de\/#organization"},"potentialAction":[{"@type":"SearchAction","target":{"@type":"EntryPoint","urlTemplate":"https:\/\/korff.pl\/de\/?s={search_term_string}"},"query-input":{"@type":"PropertyValueSpecification","valueRequired":true,"valueName":"search_term_string"}}],"inLanguage":"de"},{"@type":"Organization","@id":"https:\/\/korff.pl\/de\/#organization","name":"Korff Isolmatic Sp. z o.o.","url":"https:\/\/korff.pl\/de\/","logo":{"@type":"ImageObject","inLanguage":"de","@id":"https:\/\/korff.pl\/de\/#\/schema\/logo\/image\/","url":"https:\/\/korff2023.korff.pl\/wp-content\/uploads\/2023\/06\/KI_logo_main_RGB_M.png","contentUrl":"https:\/\/korff2023.korff.pl\/wp-content\/uploads\/2023\/06\/KI_logo_main_RGB_M.png","width":750,"height":185,"caption":"Korff Isolmatic Sp. z o.o."},"image":{"@id":"https:\/\/korff.pl\/de\/#\/schema\/logo\/image\/"}}]}},"_links":{"self":[{"href":"https:\/\/korff.pl\/de\/wp-json\/wp\/v2\/pages\/2162","targetHints":{"allow":["GET"]}}],"collection":[{"href":"https:\/\/korff.pl\/de\/wp-json\/wp\/v2\/pages"}],"about":[{"href":"https:\/\/korff.pl\/de\/wp-json\/wp\/v2\/types\/page"}],"author":[{"embeddable":true,"href":"https:\/\/korff.pl\/de\/wp-json\/wp\/v2\/users\/1"}],"replies":[{"embeddable":true,"href":"https:\/\/korff.pl\/de\/wp-json\/wp\/v2\/comments?post=2162"}],"version-history":[{"count":5,"href":"https:\/\/korff.pl\/de\/wp-json\/wp\/v2\/pages\/2162\/revisions"}],"predecessor-version":[{"id":2167,"href":"https:\/\/korff.pl\/de\/wp-json\/wp\/v2\/pages\/2162\/revisions\/2167"}],"up":[{"embeddable":true,"href":"https:\/\/korff.pl\/de\/wp-json\/wp\/v2\/pages\/2054"}],"wp:attachment":[{"href":"https:\/\/korff.pl\/de\/wp-json\/wp\/v2\/media?parent=2162"}],"curies":[{"name":"wp","href":"https:\/\/api.w.org\/{rel}","templated":true}]}}