{"id":2121,"date":"2023-10-17T12:10:52","date_gmt":"2023-10-17T10:10:52","guid":{"rendered":"https:\/\/korff.pl\/technika-zamocowan-punkty-stale\/"},"modified":"2024-02-05T12:07:38","modified_gmt":"2024-02-05T11:07:38","slug":"befestigungstechnik-feste-punkte","status":"publish","type":"page","link":"https:\/\/korff.pl\/de\/befestigungstechnik-feste-punkte\/","title":{"rendered":"Befestigungstechnik \u2013 feste Punkte"},"content":{"rendered":"<ul>\n<li>\n<p><a href=\"#170FL\">K\u00e4lteschelle 170&nbsp;FL<\/a><\/p>\n<\/li>\n<li>\n<p><a href=\"#175coolhot\">K\u00e4lteschelle 175 Version Cool-Hot<\/a><\/p>\n<\/li>\n<li>\n<p><a href=\"#konstrukcjawsporcza\">Unterkonstruktionen 171-1 und 171-2<\/a><\/p>\n<\/li>\n<\/ul>\n<ul>\n<li>\n<p><a href=\"#170FL\">K\u00e4lteschelle 170 FL<\/a><\/p>\n<\/li>\n<li>\n<p><a href=\"#175coolhot\">K\u00e4lteschelle 175 Version Cool-Hot<\/a><\/p>\n<\/li>\n<li>\n<p><a href=\"#konstrukcjawsporcza\">Unterkonstruktionen 171-1 und 171-2<\/a><\/p>\n<\/li>\n<\/ul>\n<h2>K\u00e4lteschelle 170 FL<\/h2>\n<div>Hierbei handelt es sich um eine Gruppe von besonders robusten und stabilen Produkten f\u00fcr den Einsatz unter anspruchsvollsten Bedingungen, die als fester Bestandteil der Installation dienen. Befestigungselement f\u00fcr Niedertemperatur-, K\u00fchl- und Heizungsanlagen. Hergestellt aus geschlossenzelligem, hochdichtem PUR-Schaum mit integrierter verzinkter Stahlklammer. Diese Kombination aus dem harten PUR-Kern und dem Rohr erm\u00f6glicht es, schwere Lasten zu tragen. Das Set selbst besteht aus 2&nbsp;oder mehr Schellen mit einem Ring, der bei der Montage an das Rohr geschwei\u00dft wird. Der Ring ist in Stahl oder Edelstahl erh\u00e4ltlich. Das System 170&nbsp;FL wird je nach Projekt auf vertikalen oder horizontalen St\u00fctzen montiert. Eines der Elemente, die den Einbau erm\u00f6glichen, sind die Unterkonstruktionen des Typs&nbsp;171.\n<\/div>\n<h4>Kennzeichen &amp; Eigenschaften<\/h4>\n<ul>\n<li>\n<div>H\u00f6chste D\u00e4mmeigenschaften, keine Dichtpaste mehr notwendig\n<\/div>\n<\/li>\n<li>\n<div>Schnelle und bequeme Montage\n<\/div>\n<\/li>\n<li>\n<div>Zweitelige D\u00e4mmschalen aus Polyurethanschaum befestigt in einer Stahlschelle\n<\/div>\n<\/li>\n<li>\n<div>Geschlossenzellige Struktur der D\u00e4mmk\u00f6rper, Raumgewicht des Schaums: 250&nbsp;kg\/m3\n<\/div>\n<\/li>\n<li>\n<div>Verf\u00fcgbare Versionen mit Edelstahlschelle\n<\/div>\n<\/li>\n<li>\n<div>F\u00fcr eine gro\u00dfe Auswahl an Rohrdurchmessern von DN&nbsp;15 bis DN&nbsp;200\n<\/div>\n<\/li>\n<li>\n<div>Temperaturbereich von -50\u00baC bis +105\u00baC\n<\/div>\n<\/li>\n<li>\n<div>Brandklasse B2<\/div>\n<\/li>\n<\/ul>\n<p><img decoding=\"async\" src=\"\/wp-content\/uploads\/2023\/12\/pstale_03.png\" alt=\"\"><br \/>\n<img decoding=\"async\" src=\"\/wp-content\/uploads\/2023\/12\/pstale_02.png\" alt=\"Obejma zimnochronna 170 FL Korff\"><br \/>\n<img decoding=\"async\" src=\"\/wp-content\/uploads\/2023\/12\/pstale_01.png\" alt=\"Obejma zimnochronna 170 FL Korff\"><br \/>\n<img decoding=\"async\" src=\"\/wp-content\/uploads\/2023\/12\/pstale_08.png\" alt=\"Obejma zimnochronna 170 FL Korff\"><\/p>\n<hr>\n<h2>K\u00e4lteschelle 175 Version Cool-Hot<\/h2>\n<div>Befestigungselement f\u00fcr Niedertemperatur-, K\u00fchl- und Heizungsanlagen. Hergestellt aus geschlossenzelligem, hochdichtem PUR-Schaum mit integrierter verzinkter Stahlklammer, die vollst\u00e4ndig mit Polyurethan beschichtet ist. Dar\u00fcber hinaus verf\u00fcgt die Schelle an der Stelle, an der sie direkt mit der Installation in Ber\u00fchrung kommt, \u00fcber eine Elastomereinlage mit einer Temperaturbest\u00e4ndigkeit von bis zu + 180\u00baC. Diese Kombination aus hartem PUR-Kern und Rohr erm\u00f6glicht die Aufnahme hoher Lasten bei Installationen mit h\u00f6heren Medientemperaturen. Die Montage erfolgt \u00fcber Befestigungsgewinde, die f\u00fcr metrische und Rohranschl\u00fcsse geeignet sind. Wird zur Aufh\u00e4ngung oder als Rohrleitungshalterung verwendet. Die Konstruktion der Schelle bietet die M\u00f6glichkeit, die \u00e4u\u00dfere Verkleidung der Anlage effektiv zu montieren. Die Klemm-, Isolier- und Dichtungsfunktionen der Schelle sind in allen Produkten der &#8222;Express&#8220;-Serie vollst\u00e4ndig integriert.<\/div>\n<h4>Kennzeichen &amp; Eigenschaften<\/h4>\n<ul>\n<li>\n<div>H\u00f6chste D\u00e4mmeigenschaften, keine Dichtpaste mehr notwendig\n<\/div>\n<\/li>\n<li>\n<div>Schnelle und bequeme Montage\n<\/div>\n<\/li>\n<li>\n<div>Zweitelige D\u00e4mmschalen aus Polyurethanschaum\n<\/div>\n<\/li>\n<li>\n<div>Raumgewicht des Schaums: 250&nbsp;kg\/m3\n<\/div>\n<\/li>\n<li>\n<div>Geschlossenzellige Struktur der D\u00e4mmk\u00f6rper\n<\/div>\n<\/li>\n<li>\n<div>Mit eingesch\u00e4umtem inneren Ring aus geschlossenzelligem, FCKW-freien und hochtemperaturvertr\u00e4glichen Hartschaum\n<\/div>\n<\/li>\n<li>\n<div>In Polyurethan eingesch\u00e4umte verzinkte Rohrschelle\n<\/div>\n<\/li>\n<li>\n<div>F\u00fcr Rohrdurchmesser von 6&nbsp;mm bis 219&nbsp;mm<\/div>\n<\/li>\n<li>\n<div>D\u00e4mmst\u00e4rke von 30&nbsp;mm bis 60&nbsp;mm\n<\/div>\n<\/li>\n<li>\n<div>Temperaturbereich von -50\u00baC bis +105\u00baC\n<\/div>\n<\/li>\n<li>\n<div>Brandklasse B2<\/div>\n<\/li>\n<\/ul>\n<p><img decoding=\"async\" src=\"\/wp-content\/uploads\/2023\/12\/pstale_04.png\" alt=\"Obejma zimnochronna Cool Hot Korff\"><br \/>\n<img decoding=\"async\" src=\"\/wp-content\/uploads\/2023\/12\/pstale_05.png\" alt=\"Obejma zimnochronna Cool Hot Korff\"><br \/>\n<img decoding=\"async\" src=\"\/wp-content\/uploads\/2023\/12\/pstale_06.png\" alt=\"Obejma zimnochronna Cool Hot Korff\"><br \/>\n<img decoding=\"async\" src=\"\/wp-content\/uploads\/2023\/12\/pstale_07.png\" alt=\"Obejma zimnochronna Cool Hot Korff\"><\/p>\n<hr>\n<h2>Unterkonstruktionen 171-1 und 171-2<\/h2>\n<div>Die Unterkonstruktionen sind f\u00fcr den Einbau von 170&nbsp;Ex und 170&nbsp;FL K\u00e4lteschellen bestimmt und in den zwei Grundvarianten 171\/1 (f\u00fcr 170&nbsp;Ex K\u00e4lteschellen) und 171\/2 (f\u00fcr 170&nbsp;FL K\u00e4lteschellen) erh\u00e4ltlich. Wenn es das Projekt erfordert, k\u00f6nnen die Konstruktionen in Sets vervielf\u00e4ltigt werden, um mehrere Schellen nebeneinander zu montieren, z.B. 171\/3, 171\/4, usw. Die 171-Konstruktionen sind eine sehr gute Basis f\u00fcr ma\u00dfgeschneiderte Montagel\u00f6sungen. Sie k\u00f6nnen f\u00fcr die Montage durch Schwei\u00dfen, Verschrauben, Schiebeverbindungen oder andere angepasst werden.\n<\/div>\n<h4>Kennzeichen &amp; Eigenschaften<\/h4>\n<ul>\n<li>\n<div>Einbaulage um 45\u00ba verdreht um die Achsabst\u00e4nde so gering wie m\u00f6glich zu halten\n<\/div>\n<\/li>\n<li>\n<div>M\u00f6gliche Ausf\u00fchrungen:<br \/>\ngrundiert<br \/>\ngalvanisch verzinkt<br \/>\nfeuerverzinkt\n<\/div>\n<\/li>\n<li>\n<div>Blechst\u00e4rke von 0,6&nbsp;mm bis 1&nbsp;mm\n<\/div>\n<\/li>\n<li>\n<div>In Form von Halbschellen oder Vollschellen\n<\/div>\n<\/li>\n<li>\n<div>Bei Bedarf ist die Verwendung von Blechen anderer L\u00e4ngen und St\u00e4rken m\u00f6glich<\/div>\n<\/li>\n<\/ul>\n<p><img decoding=\"async\" src=\"\/wp-content\/uploads\/2023\/12\/konstrukcja-171_1_1-1.jpg\" alt=\"\"><br \/>\n<img decoding=\"async\" src=\"\/wp-content\/uploads\/2023\/12\/konstrukcja-171_2_1-1.jpg\" alt=\"Konstrukcja wsporcza Korff\"><br \/>\n<img decoding=\"async\" src=\"\/wp-content\/uploads\/2023\/12\/konstrukcja-171_1_2-2.jpg\" alt=\"Konstrukcja wsporcza  Korff\"><br \/>\n<img decoding=\"async\" src=\"\/wp-content\/uploads\/2023\/12\/konstrukcja-171_2_2-1.jpg\" alt=\"Konstrukcja wsporcza  Korff\"><\/p>\n<div>Kontakt <\/div>\n<div>Korff Isolmatic Sp. z o.o.<br \/>\nWojnarowice, ul. Lotnicza&nbsp;12<br \/>\nPL 55-050 Sob\u00f3tka 1\n<\/div>\n<div>\n<p>tel: 0048 71 39 09 099<\/p>\n<p>info[at]korff.pl<\/p>\n<\/div>\n<div><a href=\"\/de\/datenschutzrichtlinie\/\">Datenschutzrichtlinie<\/a><\/p>\n<p><a href=\"\/de\/datenschutzerklarung\/\">Datenschutzerkl\u00e4rung<\/a> \n<\/div>\n<p><img decoding=\"async\" src=\"\/wp-content\/uploads\/2023\/06\/save-energy.png\" alt=\"\"><\/p>\n<p><!--more--><br \/>\n<!-- {\"type\":\"layout\",\"children\":[{\"type\":\"section\",\"props\":{\"id\":\"Deployment\",\"image_position\":\"center-center\",\"padding\":\"large\",\"padding_remove_bottom\":false,\"padding_remove_top\":false,\"style\":\"default\",\"title_breakpoint\":\"xl\",\"title_position\":\"top-left\",\"title_rotation\":\"left\",\"vertical_align\":\"middle\",\"width\":\"\"},\"children\":[{\"type\":\"row\",\"props\":{\"layout\":\"1-2,1-2\",\"margin\":\"medium\",\"width\":\"large\"},\"children\":[{\"type\":\"column\",\"props\":{\"image_position\":\"center-center\",\"position_sticky_breakpoint\":\"m\",\"width_medium\":\"1-2\",\"width_small\":\"2-3\"},\"children\":[{\"type\":\"list\",\"props\":{\"column\":\"1-2\",\"column_breakpoint\":\"\",\"image_align\":\"left\",\"image_svg_color\":\"emphasis\",\"image_vertical_align\":true,\"link_style\":\"text\",\"list_element\":\"ul\",\"list_horizontal_separator\":\", \",\"list_type\":\"vertical\",\"show_image\":true,\"show_link\":true,\"visibility\":\"hidden-m\"},\"children\":[{\"type\":\"list_item\",\"props\":{\"content\":\"K\\u00e4lteschelle 170&nbsp;FL\",\"link\":\"#170FL\"}},{\"type\":\"list_item\",\"props\":{\"content\":\"K\\u00e4lteschelle 175 Version Cool-Hot\",\"link\":\"#175coolhot\"}},{\"type\":\"list_item\",\"props\":{\"content\":\"Unterkonstruktionen 171-1 und 171-2\",\"link\":\"#konstrukcjawsporcza\"}}]}]},{\"type\":\"column\",\"props\":{\"image_position\":\"center-center\",\"position_sticky_breakpoint\":\"m\",\"width_medium\":\"1-2\",\"width_small\":\"1-3\"}}]},{\"type\":\"row\",\"props\":{\"column_gap\":\"large\",\"layout\":\"1-3,2-3\",\"margin\":\"small\",\"width\":\"default\"},\"children\":[{\"type\":\"column\",\"props\":{\"image_position\":\"center-center\",\"position_sticky\":\"row\",\"position_sticky_breakpoint\":\"m\",\"position_sticky_offset\":\"130\",\"width_medium\":\"1-3\"},\"children\":[{\"type\":\"nav\",\"props\":{\"grid\":\"1\",\"html_element\":\"nav\",\"image_vertical_align\":true,\"nav_style\":\"default\",\"show_image\":true,\"show_meta\":true,\"visibility\":\"m\"},\"children\":[{\"type\":\"nav_item\",\"props\":{\"content\":\"K\\u00e4lteschelle 170 FL\",\"link\":\"#170FL\"}},{\"type\":\"nav_item\",\"props\":{\"content\":\"K\\u00e4lteschelle 175 Version Cool-Hot\",\"link\":\"#175coolhot\"}},{\"type\":\"nav_item\",\"props\":{\"content\":\"Unterkonstruktionen 171-1 und 171-2\",\"link\":\"#konstrukcjawsporcza\"}}]}]},{\"type\":\"column\",\"props\":{\"image_position\":\"center-center\",\"position_sticky_breakpoint\":\"m\",\"width_medium\":\"2-3\"},\"children\":[{\"type\":\"headline\",\"props\":{\"content\":\"K\\u00e4lteschelle 170 FL\",\"id\":\"170FL\",\"margin\":\"large\",\"margin_remove_bottom\":true,\"title_element\":\"h2\"},\"name\":\"Obejma zimnochronna 170 FL\"},{\"type\":\"text\",\"props\":{\"column_breakpoint\":\"m\",\"content\":\"Hierbei handelt es sich um eine Gruppe von besonders robusten und stabilen Produkten f\\u00fcr den Einsatz unter anspruchsvollsten Bedingungen, die als fester Bestandteil der Installation dienen. Befestigungselement f\\u00fcr Niedertemperatur-, K\\u00fchl- und Heizungsanlagen. Hergestellt aus geschlossenzelligem, hochdichtem PUR-Schaum mit integrierter verzinkter Stahlklammer. Diese Kombination aus dem harten PUR-Kern und dem Rohr erm\\u00f6glicht es, schwere Lasten zu tragen. Das Set selbst besteht aus 2&nbsp;oder mehr Schellen mit einem Ring, der bei der Montage an das Rohr geschwei\\u00dft wird. Der Ring ist in Stahl oder Edelstahl erh\\u00e4ltlich. Das System 170&nbsp;FL wird je nach Projekt auf vertikalen oder horizontalen St\\u00fctzen montiert. Eines der Elemente, die den Einbau erm\\u00f6glichen, sind die Unterkonstruktionen des Typs&nbsp;171.\\n\",\"margin\":\"default\"}},{\"type\":\"headline\",\"props\":{\"content\":\"Kennzeichen &amp; Eigenschaften\",\"title_element\":\"h4\"}},{\"type\":\"list\",\"props\":{\"column_breakpoint\":\"m\",\"image_align\":\"left\",\"image_svg_color\":\"emphasis\",\"image_vertical_align\":true,\"list_element\":\"ul\",\"list_horizontal_separator\":\", \",\"list_marker\":\"disc\",\"list_type\":\"vertical\",\"show_image\":true,\"show_link\":true},\"children\":[{\"type\":\"list_item\",\"props\":{\"content\":\"H\\u00f6chste D\\u00e4mmeigenschaften, keine Dichtpaste mehr notwendig\\n\"}},{\"type\":\"list_item\",\"props\":{\"content\":\"Schnelle und bequeme Montage\\n\"}},{\"type\":\"list_item\",\"props\":{\"content\":\"Zweitelige D\\u00e4mmschalen aus Polyurethanschaum befestigt in einer Stahlschelle\\n\"}},{\"type\":\"list_item\",\"props\":{\"content\":\"Geschlossenzellige Struktur der D\\u00e4mmk\\u00f6rper, Raumgewicht des Schaums: 250&nbsp;kg\\\/m3\\n\"}},{\"type\":\"list_item\",\"props\":{\"content\":\"Verf\\u00fcgbare Versionen mit Edelstahlschelle\\n\"}},{\"type\":\"list_item\",\"props\":{\"content\":\"F\\u00fcr eine gro\\u00dfe Auswahl an Rohrdurchmessern von DN&nbsp;15 bis DN&nbsp;200\\n\"}},{\"type\":\"list_item\",\"props\":{\"content\":\"Temperaturbereich von -50\\u00baC bis +105\\u00baC \\n\"}},{\"type\":\"list_item\",\"props\":{\"content\":\"Brandklasse B2\"}}]},{\"type\":\"fragment\",\"props\":{\"margin\":\"large\"},\"children\":[{\"type\":\"row\",\"props\":{\"layout\":\"1-2,1-2\"},\"children\":[{\"type\":\"column\",\"props\":{\"image_position\":\"center-center\",\"position_sticky_breakpoint\":\"m\",\"width_medium\":\"1-2\",\"width_small\":\"1-2\"},\"children\":[{\"type\":\"image\",\"props\":{\"image\":\"wp-content\\\/uploads\\\/2023\\\/12\\\/pstale_03.png\",\"image_svg_color\":\"emphasis\",\"margin\":\"default\"}}]},{\"type\":\"column\",\"props\":{\"image_position\":\"center-center\",\"position_sticky_breakpoint\":\"m\",\"width_medium\":\"1-2\",\"width_small\":\"1-2\"},\"children\":[{\"type\":\"image\",\"props\":{\"image\":\"wp-content\\\/uploads\\\/2023\\\/12\\\/pstale_02.png\",\"image_alt\":\"Obejma zimnochronna 170 FL Korff\",\"image_svg_color\":\"emphasis\",\"margin\":\"default\"}}]}]},{\"type\":\"row\",\"props\":{\"layout\":\"1-2,1-2\"},\"children\":[{\"type\":\"column\",\"props\":{\"image_position\":\"center-center\",\"position_sticky_breakpoint\":\"m\",\"width_medium\":\"1-2\",\"width_small\":\"1-2\"},\"children\":[{\"type\":\"image\",\"props\":{\"image\":\"wp-content\\\/uploads\\\/2023\\\/12\\\/pstale_01.png\",\"image_alt\":\"Obejma zimnochronna 170 FL Korff\",\"image_svg_color\":\"emphasis\",\"margin\":\"default\"}}]},{\"type\":\"column\",\"props\":{\"image_position\":\"center-center\",\"position_sticky_breakpoint\":\"m\",\"width_medium\":\"1-2\",\"width_small\":\"1-2\"},\"children\":[{\"type\":\"image\",\"props\":{\"image\":\"wp-content\\\/uploads\\\/2023\\\/12\\\/pstale_08.png\",\"image_alt\":\"Obejma zimnochronna 170 FL Korff\",\"image_svg_color\":\"emphasis\",\"margin\":\"default\"}}]}]}]},{\"type\":\"divider\",\"props\":{\"class\":\"mydivider\",\"divider_element\":\"hr\"},\"name\":\"mydivider\"},{\"type\":\"headline\",\"props\":{\"content\":\"K\\u00e4lteschelle 175 Version Cool-Hot\",\"id\":\"175coolhot\",\"margin\":\"large\",\"margin_remove_bottom\":true,\"title_element\":\"h2\"},\"name\":\"Obejma zimnochronna 175 wersja Cool-Hot\"},{\"type\":\"text\",\"props\":{\"column_breakpoint\":\"m\",\"content\":\"Befestigungselement f\\u00fcr Niedertemperatur-, K\\u00fchl- und Heizungsanlagen. Hergestellt aus geschlossenzelligem, hochdichtem PUR-Schaum mit integrierter verzinkter Stahlklammer, die vollst\\u00e4ndig mit Polyurethan beschichtet ist. Dar\\u00fcber hinaus verf\\u00fcgt die Schelle an der Stelle, an der sie direkt mit der Installation in Ber\\u00fchrung kommt, \\u00fcber eine Elastomereinlage mit einer Temperaturbest\\u00e4ndigkeit von bis zu + 180\\u00baC. Diese Kombination aus hartem PUR-Kern und Rohr erm\\u00f6glicht die Aufnahme hoher Lasten bei Installationen mit h\\u00f6heren Medientemperaturen. Die Montage erfolgt \\u00fcber Befestigungsgewinde, die f\\u00fcr metrische und Rohranschl\\u00fcsse geeignet sind. Wird zur Aufh\\u00e4ngung oder als Rohrleitungshalterung verwendet. Die Konstruktion der Schelle bietet die M\\u00f6glichkeit, die \\u00e4u\\u00dfere Verkleidung der Anlage effektiv zu montieren. Die Klemm-, Isolier- und Dichtungsfunktionen der Schelle sind in allen Produkten der \\\"Express\\\"-Serie vollst\\u00e4ndig integriert.\",\"margin\":\"default\"}},{\"type\":\"headline\",\"props\":{\"content\":\"Kennzeichen &amp; Eigenschaften\",\"title_element\":\"h4\"}},{\"type\":\"list\",\"props\":{\"column_breakpoint\":\"m\",\"image_align\":\"left\",\"image_svg_color\":\"emphasis\",\"image_vertical_align\":true,\"list_element\":\"ul\",\"list_horizontal_separator\":\", \",\"list_marker\":\"disc\",\"list_type\":\"vertical\",\"show_image\":true,\"show_link\":true},\"children\":[{\"type\":\"list_item\",\"props\":{\"content\":\"H\\u00f6chste D\\u00e4mmeigenschaften, keine Dichtpaste mehr notwendig\\n\"}},{\"type\":\"list_item\",\"props\":{\"content\":\"Schnelle und bequeme Montage\\n\"}},{\"type\":\"list_item\",\"props\":{\"content\":\"Zweitelige D\\u00e4mmschalen aus Polyurethanschaum\\n\"}},{\"type\":\"list_item\",\"props\":{\"content\":\"Raumgewicht des Schaums: 250&nbsp;kg\\\/m3\\n\"}},{\"type\":\"list_item\",\"props\":{\"content\":\"Geschlossenzellige Struktur der D\\u00e4mmk\\u00f6rper\\n\"}},{\"type\":\"list_item\",\"props\":{\"content\":\"Mit eingesch\\u00e4umtem inneren Ring aus geschlossenzelligem, FCKW-freien und hochtemperaturvertr\\u00e4glichen Hartschaum\\n\"}},{\"type\":\"list_item\",\"props\":{\"content\":\"In Polyurethan eingesch\\u00e4umte verzinkte Rohrschelle\\n\"}},{\"type\":\"list_item\",\"props\":{\"content\":\"F\\u00fcr Rohrdurchmesser von 6&nbsp;mm bis 219&nbsp;mm\"}},{\"type\":\"list_item\",\"props\":{\"content\":\"D\\u00e4mmst\\u00e4rke von 30&nbsp;mm bis 60&nbsp;mm\\n\"}},{\"type\":\"list_item\",\"props\":{\"content\":\"Temperaturbereich von -50\\u00baC bis +105\\u00baC \\n\"}},{\"type\":\"list_item\",\"props\":{\"content\":\"Brandklasse B2\"}}]},{\"type\":\"fragment\",\"props\":{\"margin\":\"large\"},\"children\":[{\"type\":\"row\",\"props\":{\"layout\":\"1-2,1-2\"},\"children\":[{\"type\":\"column\",\"props\":{\"image_position\":\"center-center\",\"position_sticky_breakpoint\":\"m\",\"width_medium\":\"1-2\",\"width_small\":\"1-2\"},\"children\":[{\"type\":\"image\",\"props\":{\"image\":\"wp-content\\\/uploads\\\/2023\\\/12\\\/pstale_04.png\",\"image_alt\":\"Obejma zimnochronna Cool Hot Korff\",\"image_svg_color\":\"emphasis\",\"margin\":\"default\"}}]},{\"type\":\"column\",\"props\":{\"image_position\":\"center-center\",\"position_sticky_breakpoint\":\"m\",\"width_medium\":\"1-2\",\"width_small\":\"1-2\"},\"children\":[{\"type\":\"image\",\"props\":{\"image\":\"wp-content\\\/uploads\\\/2023\\\/12\\\/pstale_05.png\",\"image_alt\":\"Obejma zimnochronna Cool Hot Korff\",\"image_svg_color\":\"emphasis\",\"margin\":\"default\"}}]}]},{\"type\":\"row\",\"props\":{\"layout\":\"1-2,1-2\"},\"children\":[{\"type\":\"column\",\"props\":{\"image_position\":\"center-center\",\"position_sticky_breakpoint\":\"m\",\"width_medium\":\"1-2\",\"width_small\":\"1-2\"},\"children\":[{\"type\":\"image\",\"props\":{\"image\":\"wp-content\\\/uploads\\\/2023\\\/12\\\/pstale_06.png\",\"image_alt\":\"Obejma zimnochronna Cool Hot Korff\",\"image_svg_color\":\"emphasis\",\"margin\":\"default\"}}]},{\"type\":\"column\",\"props\":{\"image_position\":\"center-center\",\"position_sticky_breakpoint\":\"m\",\"width_medium\":\"1-2\",\"width_small\":\"1-2\"},\"children\":[{\"type\":\"image\",\"props\":{\"image\":\"wp-content\\\/uploads\\\/2023\\\/12\\\/pstale_07.png\",\"image_alt\":\"Obejma zimnochronna Cool Hot Korff\",\"image_svg_color\":\"emphasis\",\"margin\":\"default\"}}]}]}]},{\"type\":\"divider\",\"props\":{\"class\":\"mydivider\",\"divider_element\":\"hr\"},\"name\":\"mydivider\"},{\"type\":\"headline\",\"props\":{\"content\":\"Unterkonstruktionen 171-1 und 171-2\",\"id\":\"konstrukcjawsporcza\",\"margin\":\"large\",\"margin_remove_bottom\":true,\"title_element\":\"h2\"},\"name\":\"Konstrukcja wsporcza 171-1 i 171-2\"},{\"type\":\"text\",\"props\":{\"column_breakpoint\":\"m\",\"content\":\"Die Unterkonstruktionen sind f\\u00fcr den Einbau von 170&nbsp;Ex und 170&nbsp;FL K\\u00e4lteschellen bestimmt und in den zwei Grundvarianten 171\\\/1 (f\\u00fcr 170&nbsp;Ex K\\u00e4lteschellen) und 171\\\/2 (f\\u00fcr 170&nbsp;FL K\\u00e4lteschellen) erh\\u00e4ltlich. Wenn es das Projekt erfordert, k\\u00f6nnen die Konstruktionen in Sets vervielf\\u00e4ltigt werden, um mehrere Schellen nebeneinander zu montieren, z.B. 171\\\/3, 171\\\/4, usw. Die 171-Konstruktionen sind eine sehr gute Basis f\\u00fcr ma\\u00dfgeschneiderte Montagel\\u00f6sungen. Sie k\\u00f6nnen f\\u00fcr die Montage durch Schwei\\u00dfen, Verschrauben, Schiebeverbindungen oder andere angepasst werden.\\n\",\"margin\":\"default\"}},{\"type\":\"headline\",\"props\":{\"content\":\"Kennzeichen &amp; Eigenschaften\",\"title_element\":\"h4\"}},{\"type\":\"list\",\"props\":{\"column_breakpoint\":\"m\",\"image_align\":\"left\",\"image_svg_color\":\"emphasis\",\"image_vertical_align\":true,\"list_element\":\"ul\",\"list_horizontal_separator\":\", \",\"list_marker\":\"disc\",\"list_type\":\"vertical\",\"show_image\":true,\"show_link\":true},\"children\":[{\"type\":\"list_item\",\"props\":{\"content\":\"Einbaulage um 45\\u00ba verdreht um die Achsabst\\u00e4nde so gering wie m\\u00f6glich zu halten\\n\"}},{\"type\":\"list_item\",\"props\":{\"content\":\"M\\u00f6gliche Ausf\\u00fchrungen:<br\\\/>\\ngrundiert<br\\\/>\\ngalvanisch verzinkt<br\\\/>\\nfeuerverzinkt\\n\"}},{\"type\":\"list_item\",\"props\":{\"content\":\"Blechst\\u00e4rke von 0,6&nbsp;mm bis 1&nbsp;mm\\n\"}},{\"type\":\"list_item\",\"props\":{\"content\":\"In Form von Halbschellen oder Vollschellen\\n\"}},{\"type\":\"list_item\",\"props\":{\"content\":\"Bei Bedarf ist die Verwendung von Blechen anderer L\\u00e4ngen und St\\u00e4rken m\\u00f6glich\"}}]},{\"type\":\"fragment\",\"props\":{\"margin\":\"large\"},\"children\":[{\"type\":\"row\",\"props\":{\"layout\":\"1-2,1-2\"},\"children\":[{\"type\":\"column\",\"props\":{\"image_position\":\"center-center\",\"position_sticky_breakpoint\":\"m\",\"width_medium\":\"1-2\",\"width_small\":\"1-2\"},\"children\":[{\"type\":\"image\",\"props\":{\"image\":\"wp-content\\\/uploads\\\/2023\\\/12\\\/konstrukcja-171_1_1-1.jpg\",\"image_svg_color\":\"emphasis\",\"margin\":\"default\"}}]},{\"type\":\"column\",\"props\":{\"image_position\":\"center-center\",\"position_sticky_breakpoint\":\"m\",\"width_medium\":\"1-2\",\"width_small\":\"1-2\"},\"children\":[{\"type\":\"image\",\"props\":{\"image\":\"wp-content\\\/uploads\\\/2023\\\/12\\\/konstrukcja-171_2_1-1.jpg\",\"image_alt\":\"Konstrukcja wsporcza Korff\",\"image_svg_color\":\"emphasis\",\"margin\":\"default\"}}]}]},{\"type\":\"row\",\"props\":{\"layout\":\"1-2,1-2\"},\"children\":[{\"type\":\"column\",\"props\":{\"image_position\":\"center-center\",\"position_sticky_breakpoint\":\"m\",\"width_medium\":\"1-2\",\"width_small\":\"1-2\"},\"children\":[{\"type\":\"image\",\"props\":{\"image\":\"wp-content\\\/uploads\\\/2023\\\/12\\\/konstrukcja-171_1_2-2.jpg\",\"image_alt\":\"Konstrukcja wsporcza  Korff\",\"image_svg_color\":\"emphasis\",\"margin\":\"default\"}}]},{\"type\":\"column\",\"props\":{\"image_position\":\"center-center\",\"position_sticky_breakpoint\":\"m\",\"width_medium\":\"1-2\",\"width_small\":\"1-2\"},\"children\":[{\"type\":\"image\",\"props\":{\"image\":\"wp-content\\\/uploads\\\/2023\\\/12\\\/konstrukcja-171_2_2-1.jpg\",\"image_alt\":\"Konstrukcja wsporcza  Korff\",\"image_svg_color\":\"emphasis\",\"margin\":\"default\"}}]}]}]}]}]}],\"name\":\"Lista produkt\\u00f3w a\"},{\"type\":\"section\",\"props\":{\"image_position\":\"center-center\",\"style\":\"default\",\"title_breakpoint\":\"xl\",\"title_position\":\"top-left\",\"title_rotation\":\"left\",\"vertical_align\":\"middle\",\"width\":\"default\"},\"children\":[{\"type\":\"row\",\"children\":[{\"type\":\"column\",\"props\":{\"image_position\":\"center-center\",\"position_sticky_breakpoint\":\"m\"},\"children\":[{\"type\":\"divider\",\"props\":{\"divider_element\":\"div\"}},{\"type\":\"headline\",\"props\":{\"content\":\"Kontakt \",\"title_element\":\"div\",\"title_style\":\"h2\"}}]}]},{\"type\":\"row\",\"props\":{\"column_gap\":\"small\",\"layout\":\"1-4,1-4,1-4,1-4|1-2,1-2,1-2,1-2\"},\"children\":[{\"type\":\"column\",\"props\":{\"image_position\":\"center-center\",\"position_sticky_breakpoint\":\"m\",\"width_medium\":\"1-4\",\"width_small\":\"1-3\"},\"children\":[{\"type\":\"text\",\"props\":{\"column_breakpoint\":\"m\",\"content\":\"Korff Isolmatic Sp. z o.o.<br\\\/>\\nWojnarowice, ul. Lotnicza&nbsp;12<br\\\/>\\nPL 55-050 Sob\\u00f3tka 1<br\\\/>\\n\",\"margin\":\"default\",\"text_color\":\"secondary\"}}]},{\"type\":\"column\",\"props\":{\"image_position\":\"center-center\",\"position_sticky_breakpoint\":\"m\",\"width_medium\":\"1-4\",\"width_small\":\"1-3\"},\"children\":[{\"type\":\"text\",\"props\":{\"column_breakpoint\":\"m\",\"content\":\"\\n\\ntel: 0048 71 39 09 099<br\\\/>\\n\\ninfo[at]korff.pl<br\\\/>\\n\\n\\n\",\"margin\":\"default\",\"text_color\":\"secondary\"}}]},{\"type\":\"column\",\"props\":{\"image_position\":\"center-center\",\"position_sticky_breakpoint\":\"m\",\"width_medium\":\"1-4\",\"width_small\":\"1-3\"},\"children\":[{\"type\":\"text\",\"props\":{\"column_breakpoint\":\"m\",\"content\":\"<a href=\\\"\\\/de\\\/datenschutzrichtlinie\\\/\\\">Datenschutzrichtlinie<\\\/a><br\\\/>\\n\\n<a href=\\\"\\\/de\\\/datenschutzerklarung\\\/\\\">Datenschutzerkl\\u00e4rung<\\\/a> <br\\\/>\\n\",\"margin\":\"default\",\"text_color\":\"primary\"}}]},{\"type\":\"column\",\"props\":{\"image_position\":\"center-center\",\"position_sticky_breakpoint\":\"m\",\"width_medium\":\"1-4\",\"width_small\":\"1-2\"},\"children\":[{\"type\":\"image\",\"props\":{\"image\":\"wp-content\\\/uploads\\\/2023\\\/06\\\/save-energy.png\",\"image_svg_color\":\"emphasis\",\"margin\":\"default\",\"text_align\":\"right\"}}]}]},{\"type\":\"row\",\"children\":[{\"type\":\"column\",\"props\":{\"image_position\":\"center-center\",\"position_sticky_breakpoint\":\"m\"},\"children\":[{\"type\":\"totop\",\"props\":{\"margin\":\"default\",\"text_align\":\"right\",\"title_grid_column_gap\":\"small\",\"title_grid_row_gap\":\"small\"}}]}]}],\"name\":\"footer de\"}],\"version\":\"4.2.11\"} --><\/p>\n","protected":false},"excerpt":{"rendered":"<p>K\u00e4lteschelle 170&nbsp;FL K\u00e4lteschelle 175 Version Cool-Hot Unterkonstruktionen 171-1 und 171-2 K\u00e4lteschelle 170 FL K\u00e4lteschelle 175 Version Cool-Hot Unterkonstruktionen 171-1 und 171-2 K\u00e4lteschelle 170 FL Hierbei handelt es sich um eine Gruppe von besonders robusten und stabilen Produkten f\u00fcr den Einsatz unter anspruchsvollsten Bedingungen, die als fester Bestandteil der Installation dienen. Befestigungselement f\u00fcr Niedertemperatur-, K\u00fchl- und [&hellip;]<\/p>\n","protected":false},"author":1,"featured_media":0,"parent":0,"menu_order":0,"comment_status":"closed","ping_status":"closed","template":"","meta":{"footnotes":""},"class_list":["post-2121","page","type-page","status-publish","hentry"],"yoast_head":"<!-- This site is optimized with the Yoast SEO plugin v27.1.1 - https:\/\/yoast.com\/product\/yoast-seo-wordpress\/ -->\n<title>Befestigungstechnik \u2013 feste Punkte - Korff Isolmatic<\/title>\n<meta name=\"description\" content=\"Korff Isolmatic \u2013 producent technicznych wyrob\u00f3w izolacyjnych oraz mocowa\u0144 zimnochronnych\" \/>\n<meta name=\"robots\" content=\"index, follow, max-snippet:-1, max-image-preview:large, max-video-preview:-1\" \/>\n<link rel=\"canonical\" href=\"https:\/\/korff.pl\/de\/befestigungstechnik-feste-punkte\/\" \/>\n<meta property=\"og:locale\" content=\"de_DE\" \/>\n<meta property=\"og:type\" content=\"article\" \/>\n<meta property=\"og:title\" content=\"Befestigungstechnik \u2013 feste Punkte - Korff Isolmatic\" \/>\n<meta property=\"og:description\" content=\"Korff Isolmatic \u2013 producent technicznych wyrob\u00f3w izolacyjnych oraz mocowa\u0144 zimnochronnych\" \/>\n<meta property=\"og:url\" content=\"https:\/\/korff.pl\/de\/befestigungstechnik-feste-punkte\/\" \/>\n<meta property=\"og:site_name\" content=\"Korff Isolmatic\" \/>\n<meta property=\"article:modified_time\" content=\"2024-02-05T11:07:38+00:00\" \/>\n<meta property=\"og:image\" content=\"https:\/\/korff.pl\/wp-content\/uploads\/2023\/07\/DSC_0381-2.jpg\" \/>\n\t<meta property=\"og:image:width\" content=\"1000\" \/>\n\t<meta property=\"og:image:height\" content=\"667\" \/>\n\t<meta property=\"og:image:type\" content=\"image\/jpeg\" \/>\n<meta name=\"twitter:card\" content=\"summary_large_image\" \/>\n<meta name=\"twitter:label1\" content=\"Gesch\u00e4tzte Lesezeit\" \/>\n\t<meta name=\"twitter:data1\" content=\"6\u00a0Minuten\" \/>\n<script type=\"application\/ld+json\" class=\"yoast-schema-graph\">{\"@context\":\"https:\/\/schema.org\",\"@graph\":[{\"@type\":\"WebPage\",\"@id\":\"https:\/\/korff.pl\/de\/befestigungstechnik-feste-punkte\/\",\"url\":\"https:\/\/korff.pl\/de\/befestigungstechnik-feste-punkte\/\",\"name\":\"Befestigungstechnik \u2013 feste Punkte - Korff Isolmatic\",\"isPartOf\":{\"@id\":\"https:\/\/korff.pl\/de\/#website\"},\"datePublished\":\"2023-10-17T10:10:52+00:00\",\"dateModified\":\"2024-02-05T11:07:38+00:00\",\"description\":\"Korff Isolmatic \u2013 producent technicznych wyrob\u00f3w izolacyjnych oraz mocowa\u0144 zimnochronnych\",\"breadcrumb\":{\"@id\":\"https:\/\/korff.pl\/de\/befestigungstechnik-feste-punkte\/#breadcrumb\"},\"inLanguage\":\"de\",\"potentialAction\":[{\"@type\":\"ReadAction\",\"target\":[\"https:\/\/korff.pl\/de\/befestigungstechnik-feste-punkte\/\"]}]},{\"@type\":\"BreadcrumbList\",\"@id\":\"https:\/\/korff.pl\/de\/befestigungstechnik-feste-punkte\/#breadcrumb\",\"itemListElement\":[{\"@type\":\"ListItem\",\"position\":1,\"name\":\"Strona g\u0142\u00f3wna\",\"item\":\"https:\/\/korff.pl\/de\/\"},{\"@type\":\"ListItem\",\"position\":2,\"name\":\"Befestigungstechnik \u2013 feste Punkte\"}]},{\"@type\":\"WebSite\",\"@id\":\"https:\/\/korff.pl\/de\/#website\",\"url\":\"https:\/\/korff.pl\/de\/\",\"name\":\"Korff Isolmatic\",\"description\":\"Producent technicznych wyrob\u00f3w izolacyjnych oraz mocowa\u0144 zimnochronnych\",\"publisher\":{\"@id\":\"https:\/\/korff.pl\/de\/#organization\"},\"potentialAction\":[{\"@type\":\"SearchAction\",\"target\":{\"@type\":\"EntryPoint\",\"urlTemplate\":\"https:\/\/korff.pl\/de\/?s={search_term_string}\"},\"query-input\":{\"@type\":\"PropertyValueSpecification\",\"valueRequired\":true,\"valueName\":\"search_term_string\"}}],\"inLanguage\":\"de\"},{\"@type\":\"Organization\",\"@id\":\"https:\/\/korff.pl\/de\/#organization\",\"name\":\"Korff Isolmatic Sp. z o.o.\",\"url\":\"https:\/\/korff.pl\/de\/\",\"logo\":{\"@type\":\"ImageObject\",\"inLanguage\":\"de\",\"@id\":\"https:\/\/korff.pl\/de\/#\/schema\/logo\/image\/\",\"url\":\"https:\/\/korff2023.korff.pl\/wp-content\/uploads\/2023\/06\/KI_logo_main_RGB_M.png\",\"contentUrl\":\"https:\/\/korff2023.korff.pl\/wp-content\/uploads\/2023\/06\/KI_logo_main_RGB_M.png\",\"width\":750,\"height\":185,\"caption\":\"Korff Isolmatic Sp. z o.o.\"},\"image\":{\"@id\":\"https:\/\/korff.pl\/de\/#\/schema\/logo\/image\/\"}}]}<\/script>\n<!-- \/ Yoast SEO plugin. -->","yoast_head_json":{"title":"Befestigungstechnik \u2013 feste Punkte - Korff Isolmatic","description":"Korff Isolmatic \u2013 producent technicznych wyrob\u00f3w izolacyjnych oraz mocowa\u0144 zimnochronnych","robots":{"index":"index","follow":"follow","max-snippet":"max-snippet:-1","max-image-preview":"max-image-preview:large","max-video-preview":"max-video-preview:-1"},"canonical":"https:\/\/korff.pl\/de\/befestigungstechnik-feste-punkte\/","og_locale":"de_DE","og_type":"article","og_title":"Befestigungstechnik \u2013 feste Punkte - Korff Isolmatic","og_description":"Korff Isolmatic \u2013 producent technicznych wyrob\u00f3w izolacyjnych oraz mocowa\u0144 zimnochronnych","og_url":"https:\/\/korff.pl\/de\/befestigungstechnik-feste-punkte\/","og_site_name":"Korff Isolmatic","article_modified_time":"2024-02-05T11:07:38+00:00","og_image":[{"width":1000,"height":667,"url":"https:\/\/korff.pl\/wp-content\/uploads\/2023\/07\/DSC_0381-2.jpg","type":"image\/jpeg"}],"twitter_card":"summary_large_image","twitter_misc":{"Gesch\u00e4tzte Lesezeit":"6\u00a0Minuten"},"schema":{"@context":"https:\/\/schema.org","@graph":[{"@type":"WebPage","@id":"https:\/\/korff.pl\/de\/befestigungstechnik-feste-punkte\/","url":"https:\/\/korff.pl\/de\/befestigungstechnik-feste-punkte\/","name":"Befestigungstechnik \u2013 feste Punkte - Korff Isolmatic","isPartOf":{"@id":"https:\/\/korff.pl\/de\/#website"},"datePublished":"2023-10-17T10:10:52+00:00","dateModified":"2024-02-05T11:07:38+00:00","description":"Korff Isolmatic \u2013 producent technicznych wyrob\u00f3w izolacyjnych oraz mocowa\u0144 zimnochronnych","breadcrumb":{"@id":"https:\/\/korff.pl\/de\/befestigungstechnik-feste-punkte\/#breadcrumb"},"inLanguage":"de","potentialAction":[{"@type":"ReadAction","target":["https:\/\/korff.pl\/de\/befestigungstechnik-feste-punkte\/"]}]},{"@type":"BreadcrumbList","@id":"https:\/\/korff.pl\/de\/befestigungstechnik-feste-punkte\/#breadcrumb","itemListElement":[{"@type":"ListItem","position":1,"name":"Strona g\u0142\u00f3wna","item":"https:\/\/korff.pl\/de\/"},{"@type":"ListItem","position":2,"name":"Befestigungstechnik \u2013 feste Punkte"}]},{"@type":"WebSite","@id":"https:\/\/korff.pl\/de\/#website","url":"https:\/\/korff.pl\/de\/","name":"Korff Isolmatic","description":"Producent technicznych wyrob\u00f3w izolacyjnych oraz mocowa\u0144 zimnochronnych","publisher":{"@id":"https:\/\/korff.pl\/de\/#organization"},"potentialAction":[{"@type":"SearchAction","target":{"@type":"EntryPoint","urlTemplate":"https:\/\/korff.pl\/de\/?s={search_term_string}"},"query-input":{"@type":"PropertyValueSpecification","valueRequired":true,"valueName":"search_term_string"}}],"inLanguage":"de"},{"@type":"Organization","@id":"https:\/\/korff.pl\/de\/#organization","name":"Korff Isolmatic Sp. z o.o.","url":"https:\/\/korff.pl\/de\/","logo":{"@type":"ImageObject","inLanguage":"de","@id":"https:\/\/korff.pl\/de\/#\/schema\/logo\/image\/","url":"https:\/\/korff2023.korff.pl\/wp-content\/uploads\/2023\/06\/KI_logo_main_RGB_M.png","contentUrl":"https:\/\/korff2023.korff.pl\/wp-content\/uploads\/2023\/06\/KI_logo_main_RGB_M.png","width":750,"height":185,"caption":"Korff Isolmatic Sp. z o.o."},"image":{"@id":"https:\/\/korff.pl\/de\/#\/schema\/logo\/image\/"}}]}},"_links":{"self":[{"href":"https:\/\/korff.pl\/de\/wp-json\/wp\/v2\/pages\/2121","targetHints":{"allow":["GET"]}}],"collection":[{"href":"https:\/\/korff.pl\/de\/wp-json\/wp\/v2\/pages"}],"about":[{"href":"https:\/\/korff.pl\/de\/wp-json\/wp\/v2\/types\/page"}],"author":[{"embeddable":true,"href":"https:\/\/korff.pl\/de\/wp-json\/wp\/v2\/users\/1"}],"replies":[{"embeddable":true,"href":"https:\/\/korff.pl\/de\/wp-json\/wp\/v2\/comments?post=2121"}],"version-history":[{"count":10,"href":"https:\/\/korff.pl\/de\/wp-json\/wp\/v2\/pages\/2121\/revisions"}],"predecessor-version":[{"id":2283,"href":"https:\/\/korff.pl\/de\/wp-json\/wp\/v2\/pages\/2121\/revisions\/2283"}],"wp:attachment":[{"href":"https:\/\/korff.pl\/de\/wp-json\/wp\/v2\/media?parent=2121"}],"curies":[{"name":"wp","href":"https:\/\/api.w.org\/{rel}","templated":true}]}}