{"id":2108,"date":"2023-10-11T15:10:37","date_gmt":"2023-10-11T13:10:37","guid":{"rendered":"https:\/\/korff.pl\/izolacje-cieplo-i-zimnochronne\/"},"modified":"2024-02-02T09:44:22","modified_gmt":"2024-02-02T08:44:22","slug":"waerme-und-kaelteisolierung","status":"publish","type":"page","link":"https:\/\/korff.pl\/de\/waerme-und-kaelteisolierung\/","title":{"rendered":"W\u00e4rme- und K\u00e4lteisolierung"},"content":{"rendered":"<ul>\n<li>\n<p><a href=\"#polyurethan\">Schalen und Platten aus Polyurethan Korff <\/a><\/p>\n<\/li>\n<li>\n<p><a href=\"#glas\">Schalen und Platten aus gesch\u00e4umtem Glas Korff-SG-S<\/a><\/p>\n<\/li>\n<li>\n<p><a href=\"#mineralwolle\">Schalen und Platten aus Mineralwolle Korff<br \/>\n<\/a><\/p>\n<\/li>\n<li>\n<p><a href=\"#xps\">Schalen und Platten XPS Korff Cool<\/a><\/p>\n<\/li>\n<\/ul>\n<ul>\n<li>\n<p><a href=\"#polyurethan\">Schalen und Platten aus Polyurethan Korff<\/a><\/p>\n<\/li>\n<li>\n<p><a href=\"#glas\">Schalen und Platten aus gesch\u00e4umtem Glas Korff-SG-S<\/a><\/p>\n<\/li>\n<li>\n<p><a href=\"#mineralwolle\">Schalen und Platten aus Mineralwolle Korff<\/a><\/p>\n<\/li>\n<li>\n<p><a href=\"#xps\">Schalen und Platten XPS Korff Cool<\/a><\/p>\n<\/li>\n<\/ul>\n<h2>Schalen und Platten aus Polyurethan Korff <\/h2>\n<div>\n<p>Es handelt sich um eine W\u00e4rmed\u00e4mmschale oder -platte aus Polyurethanschaum der Sorte PIR. PIR-Schalen\/Platten haben einen niedrigen W\u00e4rmedurchgangskoeffizienten, wodurch sie sich durch sehr gute D\u00e4mmeigenschaften auszeichnen. Dar\u00fcber hinaus sch\u00fctzen sie die Leitungen vor Kondensation. Sie sind resistent gegen Chemikalien, Mikroben und Insekten. Hohe Druckbest\u00e4ndigkeit, breiter Temperaturbest\u00e4ndigkeitsbereich.\n <\/p>\n<p>\nDas PIR-D\u00e4mmsystem umfasst Schalen, B\u00f6gen, T-St\u00fccke, konzentrische und exzentrische Reduzierungen, Ventilgeh\u00e4use, Domdeckel, Platten. Die Isolierung ist in Versionen ohne Beschichtung oder mit dampfdichter Aluminiumbeschichtung, sowie mit einer Beschichtung mit entsprechend ausgew\u00e4hltem Vlies erh\u00e4ltlich. Schalen\/Platten PIR werden zur Isolierung von industriellen Anlagen, \u00dcbertragungsnetzen, Tanks, Zisternen und Ger\u00e4ten verwendet, die thermische Isolierung erfordern.\n<\/p>\n<\/div>\n<h4>Kennzeichen &amp; Eigenschaften<\/h4>\n<ul>\n<li>\n<div>H\u00f6chste D\u00e4mmeigenschaften\n<\/div>\n<\/li>\n<li>\n<div>Schnelle und bequeme Montage\n<\/div>\n<\/li>\n<li>\n<div>Polyurethanschaum befestigt in einer Stahlschelle\n<\/div>\n<\/li>\n<li>\n<div>Geschlossenzellige Struktur der D\u00e4mmk\u00f6rper, Raumgewicht des Schaums PIR 33 \u2013\u00a0200\u00a0kg\/m3\n<\/div>\n<\/li>\n<li>\n<div>F\u00fcr eine gro\u00dfe Auswahl an Rohrdurchmessern, Details im technischen Datenblatt<\/p>\n<\/div>\n<\/li>\n<li>\n<div>D\u00e4mmst\u00e4rke nahezu unbegrenzt\n<\/div>\n<\/li>\n<li>\n<div>Mehrschichtige D\u00e4mmung\n<\/div>\n<\/li>\n<li>\n<div>Werkseitig aufgebrachte Dampfsperrschicht<br \/>\nTemperaturbereich von -200 \u00b0C bis +200 \u00b0C\n<\/div>\n<\/li>\n<li>\n<div>Dampfsperrschicht<br \/>\nTemperaturbereich von -200 \u00b0C bis +200 \u00b0C\n<\/div>\n<\/li>\n<li>\n<div>Brandklasse E<\/div>\n<\/li>\n<\/ul>\n<p><img decoding=\"async\" src=\"\/wp-content\/uploads\/2023\/10\/P5122822-2.jpg\" alt=\"\"><br \/>\n<img decoding=\"async\" src=\"\/wp-content\/uploads\/2023\/10\/WDZ_8537-2.jpg\" alt=\"\"><\/p>\n<hr>\n<h2>Schalen und Platten aus gesch\u00e4umtem Glas Korff-SG-S<br \/>\n<\/h2>\n<div>\n<p>Dabei handelt es sich um eine hochwirksame Schale oder Platte aus gesch\u00e4umtem Glas mit stabilen Isolationsparametern. Die Schalen\/Platten SG-S verf\u00fcgen \u00fcber eine hohe thermische und akustische Isolationsf\u00e4higkeit, Druckfestigkeit, Nichtbrennbarkeit sowie Best\u00e4ndigkeit gegen Alkalien. Dies macht sie \u00e4u\u00dferst vielseitig einsetzbar in industriellen Isolierungen und im Bauwesen.\n<\/p>\n<\/div>\n<div>Schalen\/Platten SG-S werden zur Isolierung von industriellen Anlagen, \u00dcbertragungsnetzen, Tanks, Zisternen und Ger\u00e4ten verwendet, die thermische Isolierung erfordern. Kryogene Systeme, chemische und petrochemische Installationen, Dampfanlagen sowie Eiswassersysteme.<\/div>\n<h4>Kennzeichen &amp; Eigenschaften<\/h4>\n<ul>\n<li>\n<div>Raumgewicht 120-140 kg\/m3\n<\/div>\n<\/li>\n<li>\n<div>An die Installation angepasste Abmessungen von D\u00e4mmungen, Decken, Kuppeln und Installationsbeschl\u00e4gen\n<\/div>\n<\/li>\n<li>\n<div>Deklarierter W\u00e4rmeleitf\u00e4higkeitskoeffizient \u03bbD: 0,053&nbsp;\/(mK)\n<\/div>\n<\/li>\n<li>\n<div>Temperaturbereich: von -180\u00b0C bis +400\u00b0C\n<\/div>\n<\/li>\n<li>\n<div>Druckfestigkeit \u2013 durchschnittlich 95% -Konfidenzniveau: 0,80&nbsp;N\/mm\u00b2\n<\/div>\n<\/li>\n<li>\n<div>Zul\u00e4ssige Belastung unter der Fundamentplatte \u03b3>1,75, bei 2,5% Verformung: 360&nbsp;kPa\n<\/div>\n<\/li>\n<li>\n<div>Brandklasse A1<\/div>\n<\/li>\n<\/ul>\n<p><img decoding=\"async\" src=\"\/wp-content\/uploads\/2023\/10\/P5122797-2.jpg\" alt=\"\"><br \/>\n<img decoding=\"async\" src=\"\/wp-content\/uploads\/2023\/10\/WDZ_8494-2.jpg\" alt=\"\"><\/p>\n<hr>\n<h2>Schalen und Platten aus Mineralwolle Korff<br \/>\n<\/h2>\n<div>\n<p>Das ist eine thermoisolierende Schale aus Mineralwolle mit einer Dichte von 80, 100 oder 120 kg\/m\u00b3. Das D\u00e4mmsystem umfasst Schalen, B\u00f6gen, T-St\u00fccke, konzentrische und exzentrische Reduzierungen, Ventilgeh\u00e4use, Domdeckel, Platten. Die Isolierung ist in Versionen ohne Beschichtung oder mit dampfdichter Aluminiumbeschichtung, sowie mit einer Beschichtung mit entsprechend ausgew\u00e4hltem Vlies erh\u00e4ltlich.<\/p>\n<p><p>Schalen\/Platten aus Mineralwolle werden zur Isolierung von industriellen Anlagen, \u00dcbertragungsnetzen, Tanks, Schornsteinanlagen, Zisternen und Ger\u00e4ten verwendet, die thermische Isolierung erfordern.\n<\/p>\n<\/div>\n<h4>Kennzeichen &amp; Eigenschaften<\/h4>\n<ul>\n<li>\n<div>H\u00f6chste D\u00e4mmeigenschaften\n<\/div>\n<\/li>\n<li>\n<div>Schnelle und bequeme Montage\n<\/div>\n<\/li>\n<li>\n<div>F\u00fcr eine gro\u00dfe Auswahl an Rohrdurchmessern, Details im technischen Datenblatt\n<\/div>\n<\/li>\n<li>\n<div>D\u00e4mmst\u00e4rke nahezu unbegrenzt\n<\/div>\n<\/li>\n<li>\n<div>Mehrschichtige Isolierung\n<\/div>\n<\/li>\n<li>\n<div>Werkseitig aufgebrachte Dampfsperrschicht\n<\/div>\n<\/li>\n<li>\n<div>W\u00e4rmeleitf\u00e4higkeitskoeffizient: 0,037&nbsp;W\/m\/K bei 100\u00b0C\n<\/div>\n<\/li>\n<li>\n<div>Max. Anwendungstemperatur bis +700\u00b0C<\/p>\n<\/div>\n<\/li>\n<li>\n<div>Brandklasse A1<\/div>\n<\/li>\n<\/ul>\n<p><img decoding=\"async\" src=\"\/wp-content\/uploads\/2023\/10\/P5122812-2.jpg\" alt=\"\"><br \/>\n<img decoding=\"async\" src=\"\/wp-content\/uploads\/2023\/10\/WDZ_8524-3.jpg\" alt=\"\"><\/p>\n<hr>\n<h2>Schalen und Platten XPS Korff Cool<\/h2>\n<div>\n<p>Das ist eine thermoisolierende Schale oder Platte aus extrudiertem Polystyrol XPS. XPS ist ein homogenes Material, das aus eng aneinander liegenden Zellen besteht. Dank dieser Eigenschaft weist es eine hohe mechanische Festigkeit und geringe Wasseraufnahme auf. Es beh\u00e4lt seine Eigenschaften in Installationen bei, die direkt im Boden verlegt werden. Das D\u00e4mmsystem mit XPS umfasst Schalen, B\u00f6gen, T-St\u00fccke, konzentrische und exzentrische Reduzierungen, Ventilgeh\u00e4use, Domdeckel, Platten, Isolierung von Ger\u00e4ten. Die Isolierung ist in Versionen ohne Beschichtung oder mit einer UV-sch\u00fctzenden Beschichtung erh\u00e4ltlich.\n<\/p>\n<p>Schalen, Platten oder Teile der Maschinen- oder Ger\u00e4teisolierung werden zur Isolierung von industriellen Anlagen, \u00dcbertragungsnetzen, Tanks, Zisternen und Ger\u00e4ten eingesetzt, die thermische Isolierung erfordern.\n<\/p>\n<\/div>\n<h4>Kennzeichen &amp; Eigenschaften<\/h4>\n<ul>\n<li>\n<div>H\u00f6chste D\u00e4mmeigenschaften\n<\/div>\n<\/li>\n<li>\n<div>Schnelle und bequeme Montage\n<\/div>\n<\/li>\n<li>\n<div>Geschlossenzellige Struktur der D\u00e4mmk\u00f6rper, Raumgewicht des Schaums: 250 &nbsp;g\/m3<\/div>\n<\/li>\n<li>\n<div>\nF\u00fcr eine gro\u00dfe Auswahl an Rohrdurchmessern, Details im technischen Datenblatt<\/div>\n<\/li>\n<li>\n<div>\nD\u00e4mmst\u00e4rke nahezu unbegrenzt\n<\/div>\n<\/li>\n<li>\n<div>Mehrschichtige Isolierung\n<\/div>\n<\/li>\n<li>\n<div>Werkseitig aufgebrachte Anti-UV-Schicht\n<\/div>\n<\/li>\n<li>\n<div>Temperaturbereich von -180\u00b0C bis +75\u00b0C\n<\/div>\n<\/li>\n<li>\n<div>W\u00e4rmeleitf\u00e4higkeit 0,072 W\/mK\n<\/div>\n<\/li>\n<li>\n<div>Brandklasse E<\/div>\n<\/li>\n<\/ul>\n<p><img decoding=\"async\" src=\"\/wp-content\/uploads\/2023\/10\/P5122817-2.jpg\" alt=\"\"><br \/>\n<img decoding=\"async\" src=\"\/wp-content\/uploads\/2023\/10\/WDZ_8463-2.jpg\" alt=\"\"><\/p>\n<div>Kontakt <\/div>\n<div>Korff Isolmatic Sp. z o.o.<br \/>\nWojnarowice, ul. Lotnicza&nbsp;12<br \/>\nPL 55-050 Sob\u00f3tka 1\n<\/div>\n<div>\n<p>tel: 0048 71 39 09 099<\/p>\n<p>info[at]korff.pl<\/p>\n<\/div>\n<div><a href=\"\/de\/datenschutzrichtlinie\/\">Datenschutzrichtlinie<\/a><\/p>\n<p><a href=\"\/de\/datenschutzerklarung\/\">Datenschutzerkl\u00e4rung<\/a> \n<\/div>\n<p><img decoding=\"async\" src=\"\/wp-content\/uploads\/2023\/06\/save-energy.png\" alt=\"\"><\/p>\n<p><!--more--><br \/>\n<!-- {\"type\":\"layout\",\"children\":[{\"type\":\"section\",\"props\":{\"id\":\"Deployment\",\"image_position\":\"center-center\",\"padding\":\"large\",\"padding_remove_bottom\":false,\"padding_remove_top\":false,\"style\":\"default\",\"title_breakpoint\":\"xl\",\"title_position\":\"top-left\",\"title_rotation\":\"left\",\"vertical_align\":\"middle\",\"width\":\"\"},\"children\":[{\"type\":\"row\",\"props\":{\"margin\":\"medium\",\"width\":\"large\"},\"children\":[{\"type\":\"column\",\"props\":{\"image_position\":\"center-center\",\"position_sticky_breakpoint\":\"m\"},\"children\":[{\"type\":\"list\",\"props\":{\"column\":\"1-2\",\"column_breakpoint\":\"\",\"image_align\":\"left\",\"image_svg_color\":\"emphasis\",\"image_vertical_align\":true,\"link_style\":\"text\",\"list_element\":\"ul\",\"list_horizontal_separator\":\", \",\"list_type\":\"vertical\",\"show_image\":true,\"show_link\":true,\"visibility\":\"hidden-m\"},\"children\":[{\"type\":\"list_item\",\"props\":{\"content\":\"Schalen und Platten aus Polyurethan Korff \",\"link\":\"#polyurethan\"}},{\"type\":\"list_item\",\"props\":{\"content\":\"Schalen und Platten aus gesch\\u00e4umtem Glas Korff-SG-S\",\"link\":\"#glas\"}},{\"type\":\"list_item\",\"props\":{\"content\":\"Schalen und Platten aus Mineralwolle Korff\\n\",\"link\":\"#mineralwolle\"}},{\"type\":\"list_item\",\"props\":{\"content\":\"Schalen und Platten XPS Korff Cool\",\"link\":\"#xps\"}}]}]}]},{\"type\":\"row\",\"props\":{\"column_gap\":\"large\",\"layout\":\"1-3,2-3\",\"margin\":\"small\",\"width\":\"default\"},\"children\":[{\"type\":\"column\",\"props\":{\"image_position\":\"center-center\",\"position_sticky\":\"row\",\"position_sticky_breakpoint\":\"m\",\"position_sticky_offset\":\"130\",\"width_medium\":\"1-3\"},\"children\":[{\"type\":\"nav\",\"props\":{\"grid\":\"1\",\"html_element\":\"nav\",\"image_vertical_align\":true,\"nav_style\":\"default\",\"show_image\":true,\"show_meta\":true,\"visibility\":\"m\"},\"children\":[{\"type\":\"nav_item\",\"props\":{\"content\":\"Schalen und Platten aus Polyurethan Korff\",\"link\":\"#polyurethan\"}},{\"type\":\"nav_item\",\"props\":{\"content\":\"Schalen und Platten aus gesch\\u00e4umtem Glas Korff-SG-S\",\"link\":\"#glas\"}},{\"type\":\"nav_item\",\"props\":{\"content\":\"Schalen und Platten aus Mineralwolle Korff\",\"link\":\"#mineralwolle\"}},{\"type\":\"nav_item\",\"props\":{\"content\":\"Schalen und Platten XPS Korff Cool\",\"link\":\"#xps\"}}]}]},{\"type\":\"column\",\"props\":{\"image_position\":\"center-center\",\"position_sticky_breakpoint\":\"m\",\"width_medium\":\"2-3\"},\"children\":[{\"type\":\"headline\",\"props\":{\"content\":\"Schalen und Platten aus Polyurethan Korff \",\"id\":\"polyurethan\",\"margin\":\"large\",\"margin_remove_bottom\":true,\"title_element\":\"h2\"},\"name\":\"Otuliny i p\\u0142yty z&nbsp;poliuretanu Korff\"},{\"type\":\"text\",\"props\":{\"column_breakpoint\":\"m\",\"content\":\"\n\n<p>Es handelt sich um eine W\\u00e4rmed\\u00e4mmschale oder -platte aus Polyurethanschaum der Sorte PIR. PIR-Schalen\\\/Platten haben einen niedrigen W\\u00e4rmedurchgangskoeffizienten, wodurch sie sich durch sehr gute D\\u00e4mmeigenschaften auszeichnen. Dar\\u00fcber hinaus sch\\u00fctzen sie die Leitungen vor Kondensation. Sie sind resistent gegen Chemikalien, Mikroben und Insekten. Hohe Druckbest\\u00e4ndigkeit, breiter Temperaturbest\\u00e4ndigkeitsbereich.\\n <\\\/p>\n\n<p>\\nDas PIR-D\\u00e4mmsystem umfasst Schalen, B\\u00f6gen, T-St\\u00fccke, konzentrische und exzentrische Reduzierungen, Ventilgeh\\u00e4use, Domdeckel, Platten. Die Isolierung ist in Versionen ohne Beschichtung oder mit dampfdichter Aluminiumbeschichtung, sowie mit einer Beschichtung mit entsprechend ausgew\\u00e4hltem Vlies erh\\u00e4ltlich. Schalen\\\/Platten PIR werden zur Isolierung von industriellen Anlagen, \\u00dcbertragungsnetzen, Tanks, Zisternen und Ger\\u00e4ten verwendet, die thermische Isolierung erfordern.\\n<\\\/p>\",\"margin\":\"default\"}},{\"type\":\"headline\",\"props\":{\"content\":\"Kennzeichen &amp; Eigenschaften\",\"title_element\":\"h4\"}},{\"type\":\"list\",\"props\":{\"column_breakpoint\":\"m\",\"image_align\":\"left\",\"image_svg_color\":\"emphasis\",\"image_vertical_align\":true,\"list_element\":\"ul\",\"list_horizontal_separator\":\", \",\"list_marker\":\"disc\",\"list_type\":\"vertical\",\"show_image\":true,\"show_link\":true},\"children\":[{\"type\":\"list_item\",\"props\":{\"content\":\"H\\u00f6chste D\\u00e4mmeigenschaften\\n\"}},{\"type\":\"list_item\",\"props\":{\"content\":\"Schnelle und bequeme Montage\\n\"}},{\"type\":\"list_item\",\"props\":{\"content\":\"Polyurethanschaum befestigt in einer Stahlschelle\\n\"}},{\"type\":\"list_item\",\"props\":{\"content\":\"Geschlossenzellige Struktur der D\\u00e4mmk\\u00f6rper, Raumgewicht des Schaums PIR 33 \\u2013\\u00a0200\\u00a0kg\\\/m3\\n\"}},{\"type\":\"list_item\",\"props\":{\"content\":\"F\\u00fcr eine gro\\u00dfe Auswahl an Rohrdurchmessern, Details im technischen Datenblatt\\n\\n\\n\"}},{\"type\":\"list_item\",\"props\":{\"content\":\"D\\u00e4mmst\\u00e4rke nahezu unbegrenzt\\n\"}},{\"type\":\"list_item\",\"props\":{\"content\":\"Mehrschichtige D\\u00e4mmung\\n\"}},{\"type\":\"list_item\",\"props\":{\"content\":\"Werkseitig aufgebrachte Dampfsperrschicht\\nTemperaturbereich von -200 \\u00b0C bis +200 \\u00b0C\\n\"}},{\"type\":\"list_item\",\"props\":{\"content\":\"Dampfsperrschicht\\nTemperaturbereich von -200 \\u00b0C bis +200 \\u00b0C\\n\"}},{\"type\":\"list_item\",\"props\":{\"content\":\"Brandklasse E\"}}]},{\"type\":\"fragment\",\"props\":{\"margin\":\"default\"},\"children\":[{\"type\":\"row\",\"props\":{\"layout\":\"1-2,1-2\"},\"children\":[{\"type\":\"column\",\"props\":{\"image_position\":\"center-center\",\"position_sticky_breakpoint\":\"m\",\"width_medium\":\"1-2\",\"width_small\":\"1-2\"},\"children\":[{\"type\":\"image\",\"props\":{\"image\":\"wp-content\\\/uploads\\\/2023\\\/10\\\/P5122822-2.jpg\",\"image_svg_color\":\"emphasis\",\"margin\":\"default\"}}]},{\"type\":\"column\",\"props\":{\"image_position\":\"center-center\",\"position_sticky_breakpoint\":\"m\",\"width_medium\":\"1-2\",\"width_small\":\"1-2\"},\"children\":[{\"type\":\"image\",\"props\":{\"image\":\"wp-content\\\/uploads\\\/2023\\\/10\\\/WDZ_8537-2.jpg\",\"image_svg_color\":\"emphasis\",\"margin\":\"default\"}}]}]}]},{\"type\":\"divider\",\"props\":{\"class\":\"mydivider\",\"divider_element\":\"hr\"},\"name\":\"mydivider\"},{\"type\":\"headline\",\"props\":{\"content\":\"Schalen und Platten aus gesch\\u00e4umtem Glas Korff-SG-S\\n\",\"id\":\"glas\",\"margin\":\"large\",\"margin_remove_bottom\":true,\"title_element\":\"h2\"},\"name\":\"Otuliny i p\\u0142yty ze szk\\u0142a spienionego Korff- SG-S\"},{\"type\":\"text\",\"props\":{\"column_breakpoint\":\"m\",\"content\":\"\n\n<p>Dabei handelt es sich um eine hochwirksame Schale oder Platte aus gesch\\u00e4umtem Glas mit stabilen Isolationsparametern. Die Schalen\\\/Platten SG-S verf\\u00fcgen \\u00fcber eine hohe thermische und akustische Isolationsf\\u00e4higkeit, Druckfestigkeit, Nichtbrennbarkeit sowie Best\\u00e4ndigkeit gegen Alkalien. Dies macht sie \\u00e4u\\u00dferst vielseitig einsetzbar in industriellen Isolierungen und im Bauwesen.\\n<\\\/p>\",\"margin\":\"default\"}},{\"type\":\"text\",\"props\":{\"column_breakpoint\":\"m\",\"content\":\"Schalen\\\/Platten SG-S werden zur Isolierung von industriellen Anlagen, \\u00dcbertragungsnetzen, Tanks, Zisternen und Ger\\u00e4ten verwendet, die thermische Isolierung erfordern. Kryogene Systeme, chemische und petrochemische Installationen, Dampfanlagen sowie Eiswassersysteme.\",\"margin\":\"default\"}},{\"type\":\"headline\",\"props\":{\"content\":\"Kennzeichen &amp; Eigenschaften\",\"title_element\":\"h4\"}},{\"type\":\"list\",\"props\":{\"column_breakpoint\":\"m\",\"image_align\":\"left\",\"image_svg_color\":\"emphasis\",\"image_vertical_align\":true,\"list_element\":\"ul\",\"list_horizontal_separator\":\", \",\"list_marker\":\"disc\",\"list_type\":\"vertical\",\"show_image\":true,\"show_link\":true},\"children\":[{\"type\":\"list_item\",\"props\":{\"content\":\"Raumgewicht 120-140 kg\\\/m3\\n\"}},{\"type\":\"list_item\",\"props\":{\"content\":\"An die Installation angepasste Abmessungen von D\\u00e4mmungen, Decken, Kuppeln und Installationsbeschl\\u00e4gen\\n\"}},{\"type\":\"list_item\",\"props\":{\"content\":\"Deklarierter W\\u00e4rmeleitf\\u00e4higkeitskoeffizient \\u03bbD: 0,053&nbsp;\\\/(mK)\\n\"}},{\"type\":\"list_item\",\"props\":{\"content\":\"Temperaturbereich: von -180\\u00b0C bis +400\\u00b0C\\n\"}},{\"type\":\"list_item\",\"props\":{\"content\":\"Druckfestigkeit \\u2013 durchschnittlich 95% -Konfidenzniveau: 0,80&nbsp;N\\\/mm\\u00b2\\n\"}},{\"type\":\"list_item\",\"props\":{\"content\":\"Zul\\u00e4ssige Belastung unter der Fundamentplatte \\u03b3>1,75, bei 2,5% Verformung: 360&nbsp;kPa\\n\"}},{\"type\":\"list_item\",\"props\":{\"content\":\"Brandklasse A1\"}}]},{\"type\":\"fragment\",\"props\":{\"margin\":\"default\"},\"children\":[{\"type\":\"row\",\"props\":{\"layout\":\"1-2,1-2\"},\"children\":[{\"type\":\"column\",\"props\":{\"image_position\":\"center-center\",\"position_sticky_breakpoint\":\"m\",\"width_medium\":\"1-2\",\"width_small\":\"1-2\"},\"children\":[{\"type\":\"image\",\"props\":{\"image\":\"wp-content\\\/uploads\\\/2023\\\/10\\\/P5122797-2.jpg\",\"image_svg_color\":\"emphasis\",\"margin\":\"default\"}}]},{\"type\":\"column\",\"props\":{\"image_position\":\"center-center\",\"position_sticky_breakpoint\":\"m\",\"width_medium\":\"1-2\",\"width_small\":\"1-2\"},\"children\":[{\"type\":\"image\",\"props\":{\"image\":\"wp-content\\\/uploads\\\/2023\\\/10\\\/WDZ_8494-2.jpg\",\"image_svg_color\":\"emphasis\",\"margin\":\"default\"}}]}]}]},{\"type\":\"divider\",\"props\":{\"class\":\"mydivider\",\"divider_element\":\"hr\"}},{\"type\":\"headline\",\"props\":{\"content\":\"Schalen und Platten aus Mineralwolle Korff\\n\",\"id\":\"mineralwolle\",\"margin\":\"large\",\"margin_remove_bottom\":true,\"title_element\":\"h2\"},\"name\":\"Otuliny i p\\u0142yty z we\\u0142ny mineralnej Korff\"},{\"type\":\"text\",\"props\":{\"column_breakpoint\":\"m\",\"content\":\"\n\n<p>Das ist eine thermoisolierende Schale aus Mineralwolle mit einer Dichte von 80, 100 oder 120 kg\\\/m\\u00b3. Das D\\u00e4mmsystem umfasst Schalen, B\\u00f6gen, T-St\\u00fccke, konzentrische und exzentrische Reduzierungen, Ventilgeh\\u00e4use, Domdeckel, Platten. Die Isolierung ist in Versionen ohne Beschichtung oder mit dampfdichter Aluminiumbeschichtung, sowie mit einer Beschichtung mit entsprechend ausgew\\u00e4hltem Vlies erh\\u00e4ltlich.\\n\n\n<p>\n\n<p>Schalen\\\/Platten aus Mineralwolle werden zur Isolierung von industriellen Anlagen, \\u00dcbertragungsnetzen, Tanks, Schornsteinanlagen, Zisternen und Ger\\u00e4ten verwendet, die thermische Isolierung erfordern.\\n<\\\/p>\",\"margin\":\"default\"}},{\"type\":\"headline\",\"props\":{\"content\":\"Kennzeichen &amp; Eigenschaften\",\"title_element\":\"h4\"}},{\"type\":\"list\",\"props\":{\"column_breakpoint\":\"m\",\"image_align\":\"left\",\"image_svg_color\":\"emphasis\",\"image_vertical_align\":true,\"list_element\":\"ul\",\"list_horizontal_separator\":\", \",\"list_marker\":\"disc\",\"list_type\":\"vertical\",\"show_image\":true,\"show_link\":true},\"children\":[{\"type\":\"list_item\",\"props\":{\"content\":\"H\\u00f6chste D\\u00e4mmeigenschaften\\n\"}},{\"type\":\"list_item\",\"props\":{\"content\":\"Schnelle und bequeme Montage\\n\"}},{\"type\":\"list_item\",\"props\":{\"content\":\"F\\u00fcr eine gro\\u00dfe Auswahl an Rohrdurchmessern, Details im technischen Datenblatt\\n\"}},{\"type\":\"list_item\",\"props\":{\"content\":\"D\\u00e4mmst\\u00e4rke nahezu unbegrenzt\\n\"}},{\"type\":\"list_item\",\"props\":{\"content\":\"Mehrschichtige Isolierung\\n\"}},{\"type\":\"list_item\",\"props\":{\"content\":\"Werkseitig aufgebrachte Dampfsperrschicht\\n\"}},{\"type\":\"list_item\",\"props\":{\"content\":\"W\\u00e4rmeleitf\\u00e4higkeitskoeffizient: 0,037&nbsp;W\\\/m\\\/K bei 100\\u00b0C\\n\"}},{\"type\":\"list_item\",\"props\":{\"content\":\"Max. Anwendungstemperatur bis +700\\u00b0C\\n\\n\"}},{\"type\":\"list_item\",\"props\":{\"content\":\"Brandklasse A1\"}}]},{\"type\":\"fragment\",\"props\":{\"margin\":\"default\"},\"children\":[{\"type\":\"row\",\"props\":{\"layout\":\"1-2,1-2\"},\"children\":[{\"type\":\"column\",\"props\":{\"image_position\":\"center-center\",\"position_sticky_breakpoint\":\"m\",\"width_medium\":\"1-2\",\"width_small\":\"1-2\"},\"children\":[{\"type\":\"image\",\"props\":{\"image\":\"wp-content\\\/uploads\\\/2023\\\/10\\\/P5122812-2.jpg\",\"image_svg_color\":\"emphasis\",\"margin\":\"default\"}}]},{\"type\":\"column\",\"props\":{\"image_position\":\"center-center\",\"position_sticky_breakpoint\":\"m\",\"width_medium\":\"1-2\",\"width_small\":\"1-2\"},\"children\":[{\"type\":\"image\",\"props\":{\"image\":\"wp-content\\\/uploads\\\/2023\\\/10\\\/WDZ_8524-3.jpg\",\"image_svg_color\":\"emphasis\",\"margin\":\"default\"}}]}]}]},{\"type\":\"divider\",\"props\":{\"class\":\"mydivider\",\"divider_element\":\"hr\"}},{\"type\":\"headline\",\"props\":{\"content\":\"Schalen und Platten XPS Korff Cool\",\"id\":\"xps\",\"margin\":\"large\",\"margin_remove_bottom\":true,\"title_element\":\"h2\"},\"name\":\"Otuliny i p\\u0142yty XPS Korff Cool\"},{\"type\":\"text\",\"props\":{\"column_breakpoint\":\"m\",\"content\":\"\n\n<p>Das ist eine thermoisolierende Schale oder Platte aus extrudiertem Polystyrol XPS. XPS ist ein homogenes Material, das aus eng aneinander liegenden Zellen besteht. Dank dieser Eigenschaft weist es eine hohe mechanische Festigkeit und geringe Wasseraufnahme auf. Es beh\\u00e4lt seine Eigenschaften in Installationen bei, die direkt im Boden verlegt werden. Das D\\u00e4mmsystem mit XPS umfasst Schalen, B\\u00f6gen, T-St\\u00fccke, konzentrische und exzentrische Reduzierungen, Ventilgeh\\u00e4use, Domdeckel, Platten, Isolierung von Ger\\u00e4ten. Die Isolierung ist in Versionen ohne Beschichtung oder mit einer UV-sch\\u00fctzenden Beschichtung erh\\u00e4ltlich.\\n<\\\/p>\n\n<p>Schalen, Platten oder Teile der Maschinen- oder Ger\\u00e4teisolierung werden zur Isolierung von industriellen Anlagen, \\u00dcbertragungsnetzen, Tanks, Zisternen und Ger\\u00e4ten eingesetzt, die thermische Isolierung erfordern.\\n<\\\/p>\",\"margin\":\"default\"}},{\"type\":\"headline\",\"props\":{\"content\":\"Kennzeichen &amp; Eigenschaften\",\"title_element\":\"h4\"}},{\"type\":\"list\",\"props\":{\"column_breakpoint\":\"m\",\"image_align\":\"left\",\"image_svg_color\":\"emphasis\",\"image_vertical_align\":true,\"list_element\":\"ul\",\"list_horizontal_separator\":\", \",\"list_marker\":\"disc\",\"list_type\":\"vertical\",\"show_image\":true,\"show_link\":true},\"children\":[{\"type\":\"list_item\",\"props\":{\"content\":\"H\\u00f6chste D\\u00e4mmeigenschaften\\n\"}},{\"type\":\"list_item\",\"props\":{\"content\":\"Schnelle und bequeme Montage\\n\"}},{\"type\":\"list_item\",\"props\":{\"content\":\"Geschlossenzellige Struktur der D\\u00e4mmk\\u00f6rper, Raumgewicht des Schaums: 250 &nbsp;g\\\/m3\"}},{\"type\":\"list_item\",\"props\":{\"content\":\"\\nF\\u00fcr eine gro\\u00dfe Auswahl an Rohrdurchmessern, Details im technischen Datenblatt\"}},{\"type\":\"list_item\",\"props\":{\"content\":\"\\nD\\u00e4mmst\\u00e4rke nahezu unbegrenzt\\n\"}},{\"type\":\"list_item\",\"props\":{\"content\":\"Mehrschichtige Isolierung\\n\"}},{\"type\":\"list_item\",\"props\":{\"content\":\"Werkseitig aufgebrachte Anti-UV-Schicht\\n\"}},{\"type\":\"list_item\",\"props\":{\"content\":\"Temperaturbereich von -180\\u00b0C bis +75\\u00b0C\\n\"}},{\"type\":\"list_item\",\"props\":{\"content\":\"W\\u00e4rmeleitf\\u00e4higkeit 0,072 W\\\/mK\\n\"}},{\"type\":\"list_item\",\"props\":{\"content\":\"Brandklasse E\"}}]},{\"type\":\"fragment\",\"props\":{\"margin\":\"default\"},\"children\":[{\"type\":\"row\",\"props\":{\"layout\":\"1-2,1-2\"},\"children\":[{\"type\":\"column\",\"props\":{\"image_position\":\"center-center\",\"position_sticky_breakpoint\":\"m\",\"width_medium\":\"1-2\"},\"children\":[{\"type\":\"image\",\"props\":{\"image\":\"wp-content\\\/uploads\\\/2023\\\/10\\\/P5122817-2.jpg\",\"image_svg_color\":\"emphasis\",\"margin\":\"default\"}}]},{\"type\":\"column\",\"props\":{\"image_position\":\"center-center\",\"position_sticky_breakpoint\":\"m\",\"width_medium\":\"1-2\"},\"children\":[{\"type\":\"image\",\"props\":{\"image\":\"wp-content\\\/uploads\\\/2023\\\/10\\\/WDZ_8463-2.jpg\",\"image_svg_color\":\"emphasis\",\"margin\":\"default\"}}]}]}]}]}]}],\"name\":\"Lista produkt\\u00f3w a\"},{\"type\":\"section\",\"props\":{\"image_position\":\"center-center\",\"style\":\"default\",\"title_breakpoint\":\"xl\",\"title_position\":\"top-left\",\"title_rotation\":\"left\",\"vertical_align\":\"middle\",\"width\":\"default\"},\"children\":[{\"type\":\"row\",\"children\":[{\"type\":\"column\",\"props\":{\"image_position\":\"center-center\",\"position_sticky_breakpoint\":\"m\"},\"children\":[{\"type\":\"divider\",\"props\":{\"divider_element\":\"div\"}},{\"type\":\"headline\",\"props\":{\"content\":\"Kontakt \",\"title_element\":\"div\",\"title_style\":\"h2\"}}]}]},{\"type\":\"row\",\"props\":{\"column_gap\":\"small\",\"layout\":\"1-4,1-4,1-4,1-4|1-2,1-2,1-2,1-2\"},\"children\":[{\"type\":\"column\",\"props\":{\"image_position\":\"center-center\",\"position_sticky_breakpoint\":\"m\",\"width_medium\":\"1-4\",\"width_small\":\"1-3\"},\"children\":[{\"type\":\"text\",\"props\":{\"column_breakpoint\":\"m\",\"content\":\"Korff Isolmatic Sp. z o.o.<br\\\/>\\nWojnarowice, ul. Lotnicza&nbsp;12<br\\\/>\\nPL 55-050 Sob\\u00f3tka 1<br\\\/>\\n\",\"margin\":\"default\",\"text_color\":\"secondary\"}}]},{\"type\":\"column\",\"props\":{\"image_position\":\"center-center\",\"position_sticky_breakpoint\":\"m\",\"width_medium\":\"1-4\",\"width_small\":\"1-3\"},\"children\":[{\"type\":\"text\",\"props\":{\"column_breakpoint\":\"m\",\"content\":\"\\n\\ntel: 0048 71 39 09 099<br\\\/>\\n\\ninfo[at]korff.pl<br\\\/>\\n\\n\\n\",\"margin\":\"default\",\"text_color\":\"secondary\"}}]},{\"type\":\"column\",\"props\":{\"image_position\":\"center-center\",\"position_sticky_breakpoint\":\"m\",\"width_medium\":\"1-4\",\"width_small\":\"1-3\"},\"children\":[{\"type\":\"text\",\"props\":{\"column_breakpoint\":\"m\",\"content\":\"<a href=\\\"\\\/de\\\/datenschutzrichtlinie\\\/\\\">Datenschutzrichtlinie<\\\/a><br\\\/>\\n\\n<a href=\\\"\\\/de\\\/datenschutzerklarung\\\/\\\">Datenschutzerkl\\u00e4rung<\\\/a> <br\\\/>\\n\",\"margin\":\"default\",\"text_color\":\"primary\"}}]},{\"type\":\"column\",\"props\":{\"image_position\":\"center-center\",\"position_sticky_breakpoint\":\"m\",\"width_medium\":\"1-4\",\"width_small\":\"1-2\"},\"children\":[{\"type\":\"image\",\"props\":{\"image\":\"wp-content\\\/uploads\\\/2023\\\/06\\\/save-energy.png\",\"image_svg_color\":\"emphasis\",\"margin\":\"default\",\"text_align\":\"right\"}}]}]},{\"type\":\"row\",\"children\":[{\"type\":\"column\",\"props\":{\"image_position\":\"center-center\",\"position_sticky_breakpoint\":\"m\"},\"children\":[{\"type\":\"totop\",\"props\":{\"margin\":\"default\",\"text_align\":\"right\",\"title_grid_column_gap\":\"small\",\"title_grid_row_gap\":\"small\"}}]}]}],\"name\":\"footer de\"}],\"version\":\"4.2.11\"} --><\/p>\n","protected":false},"excerpt":{"rendered":"<p>Schalen und Platten aus Polyurethan Korff Schalen und Platten aus gesch\u00e4umtem Glas Korff-SG-S Schalen und Platten aus Mineralwolle Korff Schalen und Platten XPS Korff Cool Schalen und Platten aus Polyurethan Korff Schalen und Platten aus gesch\u00e4umtem Glas Korff-SG-S Schalen und Platten aus Mineralwolle Korff Schalen und Platten XPS Korff Cool Schalen und Platten aus Polyurethan [&hellip;]<\/p>\n","protected":false},"author":1,"featured_media":0,"parent":0,"menu_order":0,"comment_status":"closed","ping_status":"closed","template":"","meta":{"footnotes":""},"class_list":["post-2108","page","type-page","status-publish","hentry"],"yoast_head":"<!-- This site is optimized with the Yoast SEO plugin v27.1.1 - https:\/\/yoast.com\/product\/yoast-seo-wordpress\/ -->\n<title>W\u00e4rme- und K\u00e4lteisolierung - Korff Isolmatic<\/title>\n<meta name=\"description\" content=\"Korff Isolmatic \u2013 producent technicznych wyrob\u00f3w izolacyjnych oraz mocowa\u0144 zimnochronnych\" \/>\n<meta name=\"robots\" content=\"index, follow, max-snippet:-1, max-image-preview:large, max-video-preview:-1\" \/>\n<link rel=\"canonical\" href=\"https:\/\/korff.pl\/de\/waerme-und-kaelteisolierung\/\" \/>\n<meta property=\"og:locale\" content=\"de_DE\" \/>\n<meta property=\"og:type\" content=\"article\" \/>\n<meta property=\"og:title\" content=\"W\u00e4rme- und K\u00e4lteisolierung - Korff Isolmatic\" \/>\n<meta property=\"og:description\" content=\"Korff Isolmatic \u2013 producent technicznych wyrob\u00f3w izolacyjnych oraz mocowa\u0144 zimnochronnych\" \/>\n<meta property=\"og:url\" content=\"https:\/\/korff.pl\/de\/waerme-und-kaelteisolierung\/\" \/>\n<meta property=\"og:site_name\" content=\"Korff Isolmatic\" \/>\n<meta property=\"article:modified_time\" content=\"2024-02-02T08:44:22+00:00\" \/>\n<meta property=\"og:image\" content=\"https:\/\/korff.pl\/wp-content\/uploads\/2023\/07\/DSC_0381-2.jpg\" \/>\n\t<meta property=\"og:image:width\" content=\"1000\" \/>\n\t<meta property=\"og:image:height\" content=\"667\" \/>\n\t<meta property=\"og:image:type\" content=\"image\/jpeg\" \/>\n<meta name=\"twitter:card\" content=\"summary_large_image\" \/>\n<meta name=\"twitter:label1\" content=\"Gesch\u00e4tzte Lesezeit\" \/>\n\t<meta name=\"twitter:data1\" content=\"6\u00a0Minuten\" \/>\n<script type=\"application\/ld+json\" class=\"yoast-schema-graph\">{\"@context\":\"https:\/\/schema.org\",\"@graph\":[{\"@type\":\"WebPage\",\"@id\":\"https:\/\/korff.pl\/de\/waerme-und-kaelteisolierung\/\",\"url\":\"https:\/\/korff.pl\/de\/waerme-und-kaelteisolierung\/\",\"name\":\"W\u00e4rme- und K\u00e4lteisolierung - Korff Isolmatic\",\"isPartOf\":{\"@id\":\"https:\/\/korff.pl\/de\/#website\"},\"datePublished\":\"2023-10-11T13:10:37+00:00\",\"dateModified\":\"2024-02-02T08:44:22+00:00\",\"description\":\"Korff Isolmatic \u2013 producent technicznych wyrob\u00f3w izolacyjnych oraz mocowa\u0144 zimnochronnych\",\"breadcrumb\":{\"@id\":\"https:\/\/korff.pl\/de\/waerme-und-kaelteisolierung\/#breadcrumb\"},\"inLanguage\":\"de\",\"potentialAction\":[{\"@type\":\"ReadAction\",\"target\":[\"https:\/\/korff.pl\/de\/waerme-und-kaelteisolierung\/\"]}]},{\"@type\":\"BreadcrumbList\",\"@id\":\"https:\/\/korff.pl\/de\/waerme-und-kaelteisolierung\/#breadcrumb\",\"itemListElement\":[{\"@type\":\"ListItem\",\"position\":1,\"name\":\"Strona g\u0142\u00f3wna\",\"item\":\"https:\/\/korff.pl\/de\/\"},{\"@type\":\"ListItem\",\"position\":2,\"name\":\"W\u00e4rme- und K\u00e4lteisolierung\"}]},{\"@type\":\"WebSite\",\"@id\":\"https:\/\/korff.pl\/de\/#website\",\"url\":\"https:\/\/korff.pl\/de\/\",\"name\":\"Korff Isolmatic\",\"description\":\"Producent technicznych wyrob\u00f3w izolacyjnych oraz mocowa\u0144 zimnochronnych\",\"publisher\":{\"@id\":\"https:\/\/korff.pl\/de\/#organization\"},\"potentialAction\":[{\"@type\":\"SearchAction\",\"target\":{\"@type\":\"EntryPoint\",\"urlTemplate\":\"https:\/\/korff.pl\/de\/?s={search_term_string}\"},\"query-input\":{\"@type\":\"PropertyValueSpecification\",\"valueRequired\":true,\"valueName\":\"search_term_string\"}}],\"inLanguage\":\"de\"},{\"@type\":\"Organization\",\"@id\":\"https:\/\/korff.pl\/de\/#organization\",\"name\":\"Korff Isolmatic Sp. z o.o.\",\"url\":\"https:\/\/korff.pl\/de\/\",\"logo\":{\"@type\":\"ImageObject\",\"inLanguage\":\"de\",\"@id\":\"https:\/\/korff.pl\/de\/#\/schema\/logo\/image\/\",\"url\":\"https:\/\/korff2023.korff.pl\/wp-content\/uploads\/2023\/06\/KI_logo_main_RGB_M.png\",\"contentUrl\":\"https:\/\/korff2023.korff.pl\/wp-content\/uploads\/2023\/06\/KI_logo_main_RGB_M.png\",\"width\":750,\"height\":185,\"caption\":\"Korff Isolmatic Sp. z o.o.\"},\"image\":{\"@id\":\"https:\/\/korff.pl\/de\/#\/schema\/logo\/image\/\"}}]}<\/script>\n<!-- \/ Yoast SEO plugin. -->","yoast_head_json":{"title":"W\u00e4rme- und K\u00e4lteisolierung - Korff Isolmatic","description":"Korff Isolmatic \u2013 producent technicznych wyrob\u00f3w izolacyjnych oraz mocowa\u0144 zimnochronnych","robots":{"index":"index","follow":"follow","max-snippet":"max-snippet:-1","max-image-preview":"max-image-preview:large","max-video-preview":"max-video-preview:-1"},"canonical":"https:\/\/korff.pl\/de\/waerme-und-kaelteisolierung\/","og_locale":"de_DE","og_type":"article","og_title":"W\u00e4rme- und K\u00e4lteisolierung - Korff Isolmatic","og_description":"Korff Isolmatic \u2013 producent technicznych wyrob\u00f3w izolacyjnych oraz mocowa\u0144 zimnochronnych","og_url":"https:\/\/korff.pl\/de\/waerme-und-kaelteisolierung\/","og_site_name":"Korff Isolmatic","article_modified_time":"2024-02-02T08:44:22+00:00","og_image":[{"width":1000,"height":667,"url":"https:\/\/korff.pl\/wp-content\/uploads\/2023\/07\/DSC_0381-2.jpg","type":"image\/jpeg"}],"twitter_card":"summary_large_image","twitter_misc":{"Gesch\u00e4tzte Lesezeit":"6\u00a0Minuten"},"schema":{"@context":"https:\/\/schema.org","@graph":[{"@type":"WebPage","@id":"https:\/\/korff.pl\/de\/waerme-und-kaelteisolierung\/","url":"https:\/\/korff.pl\/de\/waerme-und-kaelteisolierung\/","name":"W\u00e4rme- und K\u00e4lteisolierung - Korff Isolmatic","isPartOf":{"@id":"https:\/\/korff.pl\/de\/#website"},"datePublished":"2023-10-11T13:10:37+00:00","dateModified":"2024-02-02T08:44:22+00:00","description":"Korff Isolmatic \u2013 producent technicznych wyrob\u00f3w izolacyjnych oraz mocowa\u0144 zimnochronnych","breadcrumb":{"@id":"https:\/\/korff.pl\/de\/waerme-und-kaelteisolierung\/#breadcrumb"},"inLanguage":"de","potentialAction":[{"@type":"ReadAction","target":["https:\/\/korff.pl\/de\/waerme-und-kaelteisolierung\/"]}]},{"@type":"BreadcrumbList","@id":"https:\/\/korff.pl\/de\/waerme-und-kaelteisolierung\/#breadcrumb","itemListElement":[{"@type":"ListItem","position":1,"name":"Strona g\u0142\u00f3wna","item":"https:\/\/korff.pl\/de\/"},{"@type":"ListItem","position":2,"name":"W\u00e4rme- und K\u00e4lteisolierung"}]},{"@type":"WebSite","@id":"https:\/\/korff.pl\/de\/#website","url":"https:\/\/korff.pl\/de\/","name":"Korff Isolmatic","description":"Producent technicznych wyrob\u00f3w izolacyjnych oraz mocowa\u0144 zimnochronnych","publisher":{"@id":"https:\/\/korff.pl\/de\/#organization"},"potentialAction":[{"@type":"SearchAction","target":{"@type":"EntryPoint","urlTemplate":"https:\/\/korff.pl\/de\/?s={search_term_string}"},"query-input":{"@type":"PropertyValueSpecification","valueRequired":true,"valueName":"search_term_string"}}],"inLanguage":"de"},{"@type":"Organization","@id":"https:\/\/korff.pl\/de\/#organization","name":"Korff Isolmatic Sp. z o.o.","url":"https:\/\/korff.pl\/de\/","logo":{"@type":"ImageObject","inLanguage":"de","@id":"https:\/\/korff.pl\/de\/#\/schema\/logo\/image\/","url":"https:\/\/korff2023.korff.pl\/wp-content\/uploads\/2023\/06\/KI_logo_main_RGB_M.png","contentUrl":"https:\/\/korff2023.korff.pl\/wp-content\/uploads\/2023\/06\/KI_logo_main_RGB_M.png","width":750,"height":185,"caption":"Korff Isolmatic Sp. z o.o."},"image":{"@id":"https:\/\/korff.pl\/de\/#\/schema\/logo\/image\/"}}]}},"_links":{"self":[{"href":"https:\/\/korff.pl\/de\/wp-json\/wp\/v2\/pages\/2108","targetHints":{"allow":["GET"]}}],"collection":[{"href":"https:\/\/korff.pl\/de\/wp-json\/wp\/v2\/pages"}],"about":[{"href":"https:\/\/korff.pl\/de\/wp-json\/wp\/v2\/types\/page"}],"author":[{"embeddable":true,"href":"https:\/\/korff.pl\/de\/wp-json\/wp\/v2\/users\/1"}],"replies":[{"embeddable":true,"href":"https:\/\/korff.pl\/de\/wp-json\/wp\/v2\/comments?post=2108"}],"version-history":[{"count":11,"href":"https:\/\/korff.pl\/de\/wp-json\/wp\/v2\/pages\/2108\/revisions"}],"predecessor-version":[{"id":2168,"href":"https:\/\/korff.pl\/de\/wp-json\/wp\/v2\/pages\/2108\/revisions\/2168"}],"wp:attachment":[{"href":"https:\/\/korff.pl\/de\/wp-json\/wp\/v2\/media?parent=2108"}],"curies":[{"name":"wp","href":"https:\/\/api.w.org\/{rel}","templated":true}]}}