{"id":2070,"date":"2023-06-07T17:23:22","date_gmt":"2023-06-07T15:23:22","guid":{"rendered":"https:\/\/korff.pl\/produkty\/"},"modified":"2024-02-05T12:17:44","modified_gmt":"2024-02-05T11:17:44","slug":"produkte","status":"publish","type":"page","link":"https:\/\/korff.pl\/de\/produkte\/","title":{"rendered":"Produkte"},"content":{"rendered":"<h4>Befestigungstechnik <\/h4>\n<div>Wir sind Hersteller von Befestigungselementen f\u00fcr Klimaleitungen und den Transport von Medien mit niedrigen Temperaturen. Unsere Produkte, hergestellt in unserer Produktionsst\u00e4tte in Wojnarowice bei Wroc\u0142aw, sind eine Gruppe besonders robuster und stabiler Produkte, die unter den spezifischsten Bedingungen eingesetzt werden. In bestimmten Unterkategorien wurden sowohl Befestigungs-, Isolierungs- als auch Abdichtungselemente vollst\u00e4ndig integriert. Dedizierte Tragstrukturen dienen als Halterungen f\u00fcr die Befestigung von K\u00e4lteschellen. <\/div>\n<ul>\n<li>\n<p><a href=\"\/de\/befestigungstechnik-express-serie\/#175Express\">\u2192 K\u00e4lteschelle 175 Express<\/a><\/p>\n<\/li>\n<li>\n<p><a href=\"\/de\/befestigungstechnik-express-serie\/#170Express\">\u2192 K\u00e4lteschelle 170 Express<\/a><\/p>\n<\/li>\n<li>\n<p><a href=\"\/de\/befestigungstechnik-express-serie\/#185Express\">\u2192 K\u00e4lteschelle 185 Express<\/a><\/p>\n<\/li>\n<li>\n<p><a href=\"\/de\/befestigungstechnik-feste-punkte\/#170FL\">\u2192 K\u00e4lteschelle 170 FL<\/a><\/p>\n<\/li>\n<li>\n<p><a href=\"\/de\/befestigungstechnik-feste-punkte\/#175coolhot\">\u2192 K\u00e4lteschelle 175 Version Cool-Hot<\/a><\/p>\n<\/li>\n<li>\n<p><a href=\"\/de\/befestigungstechnik-fix-serie\/\">\u2192 K\u00e4lteschelle Korff Fix Plus<\/a><\/p>\n<\/li>\n<li>\n<p><a href=\"\/de\/befestigungstechnik-fix-serie\/#pupir\"> \u2192 K\u00e4lteschelle Korff PU-PIR<\/a><\/p>\n<\/li>\n<li>\n<p><a href=\"\/de\/befestigungstechnik-express-serie\/#unterkonstruktionen\">\u2192 Unterkonstruktionen 171-1 und 171-2<\/a><\/p>\n<\/li>\n<\/ul>\n<p><img decoding=\"async\" src=\"\/wp-content\/uploads\/2023\/07\/korff-isolmatic-produkty-2.jpg\" alt=\"\"><br \/>\n<img decoding=\"async\" src=\"\/wp-content\/uploads\/2023\/07\/otuliny-korff-isolmatic.jpg\" alt=\"\"><\/p>\n<h4>W\u00e4rmed\u00e4mmende Schalen <\/h4>\n<div>Unsere hergestellten Schalen werden zur W\u00e4rme-, Brandschutz- und Schalld\u00e4mmung eingesetzt. Sie finden Anwendung in vielen Industriezweigen, insbesondere im Bauwesen und in der Energiebranche. Die Hauptziele ihrer Anwendung sind Energieeinsparung, Verbesserung des Lebenskomforts und Umweltschutz. Ein System zur technischen Isolierung von Rohrleitungen erm\u00f6glicht es, jeden Abschnitt des inneren und \u00e4u\u00dferen Netzwerks kontinuierlich und umfassend mit hoher Pr\u00e4zision und \u00e4sthetisch zu isolieren. <\/div>\n<div>Unsere angebotenen Produkte lassen sich schnell und effizient montieren. Die Systeme bestehen aus Isolationsschalen mit einer L\u00e4nge von 1000&nbsp;mm sowie profilierten B\u00f6gen mit inneren Durchmessern und Isolationsst\u00e4rken, die an die Durchmesser der isolierten Rohre oder Beh\u00e4lter angepasst sind. Jedoch werden die meisten in diesem Bereich angebotenen Produkte auf Anfragen von Bau- und Isolierunternehmen hergestellt. F\u00fcr detaillierte Informationen laden wir Sie ein, Kontakt mit unserer Vertriebsabteilung aufzunehmen.\n<\/div>\n<ul>\n<li>\n<p><a href=\"\/de\/waerme-und-kaelteisolierung\/#polyurethan\">\u2192 Schalen und Platten aus Polyurethan Korff<\/a><\/p>\n<\/li>\n<li>\n<p><a href=\"\/de\/waerme-und-kaelteisolierung\/#glas\"> \u2192 Schalen und Platten aus gesch\u00e4umtem Glas Korff-SG-S<\/a><\/p>\n<\/li>\n<li>\n<p><a href=\"\/de\/waerme-und-kaelteisolierung\/#wmineralwolle\">\u2192  Schalen und Platten aus Mineralwolle Korff<\/a><\/p>\n<\/li>\n<li>\n<p><a href=\"\/de\/waerme-und-kaelteisolierung\/#xps\">\u2192 Schalen und Platten XPS Korff Cool<\/a><\/p>\n<\/li>\n<\/ul>\n<h4>Isolierung von Ger\u00e4ten<br \/>\n<\/h4>\n<div>Wir sind Hersteller von Befestigungselementen f\u00fcr Klimaleitungen und den Transport von Medien mit niedrigen Temperaturen. Unsere Produkte, hergestellt in unserer Produktionsst\u00e4tte in Wojnarowice bei\u00a0Wroc\u0142aw, sind eine Gruppe besonders robuster und stabiler Produkte, die unter den spezifischsten Bedingungen eingesetzt werden. In bestimmten Unterkategorien wurden sowohl Befestigungs-, Isolierungs- als auch Abdichtungselemente vollst\u00e4ndig integriert. Dedizierte Tragstrukturen dienen als Halterungen f\u00fcr die Befestigung von K\u00e4lteschellen. <\/div>\n<p><a href=\"\/de\/isolierung-von-geraeten\">\u2192 Isolierung von Ger\u00e4ten<\/a><\/p>\n<p><img decoding=\"async\" src=\"\/wp-content\/uploads\/2023\/09\/ploter_main-page1-2.jpg\" alt=\"\"><br \/>\n<img decoding=\"async\" src=\"\/wp-content\/uploads\/2023\/09\/WDZ_1888.jpg\" alt=\"\"><\/p>\n<h4>Bauisolierungen<br \/>\n<\/h4>\n<div>Superwand ist eine hochwertige Isolationsplatte des Unternehmens Korff AG, die f\u00fcr die innere Isolierung von Au\u00dfenw\u00e4nden verwendet wird. Neben der Isolierung von Wohnr\u00e4umen wird Superwand DS auch oberfl\u00e4chlich eingesetzt, um das Erscheinungsbild der Oberfl\u00e4che zu verbessern. Superwand PRO dient haupts\u00e4chlich zur Isolierung, da sie \u00fcber eine zus\u00e4tzliche Isolationsschicht verf\u00fcgt.<\/p><\/div>\n<div>Insbesondere in Renovierungsf\u00e4llen, bei denen die \u00e4u\u00dfere Fassade erhalten bleiben soll und\/oder eine \u00e4u\u00dfere Isolierung nicht m\u00f6glich oder ungeeignet ist, ist die innere Isolierung mit Superwand eine ausgezeichnete L\u00f6sung. Superwand ist einfach in der Anwendung, wof\u00fcr es von Baufirmen und Heimwerkern gesch\u00e4tzt wird.<br \/>\nBesuchen Sie unsere Webseite, um die Parameter der Platten <a href=\"https:\/\/superwand.pl\">superwand.pl<\/a><\/div>\n<p><a href=\"\/de\/bauisolierungen\/\">\u2192 Bauisolierungen<\/a><\/p>\n<div>Kontakt <\/div>\n<div>Korff Isolmatic Sp. z o.o.<br \/>\nWojnarowice, ul. Lotnicza&nbsp;12<br \/>\nPL 55-050 Sob\u00f3tka 1\n<\/div>\n<div>\n<p>tel: 0048 71 39 09 099<\/p>\n<p>info[at]korff.pl<\/p>\n<\/div>\n<div><a href=\"\/de\/datenschutzrichtlinie\/\">Datenschutzrichtlinie<\/a><\/p>\n<p><a href=\"\/de\/datenschutzerklarung\/\">Datenschutzerkl\u00e4rung<\/a> \n<\/div>\n<p><img decoding=\"async\" src=\"\/wp-content\/uploads\/2023\/06\/save-energy.png\" alt=\"\"><\/p>\n<p><!--more--><br \/>\n<!-- {\"type\":\"layout\",\"children\":[{\"type\":\"section\",\"props\":{\"class\":\"blacksection\",\"header_transparent\":\"dark\",\"height\":\"full\",\"image_position\":\"center-center\",\"style\":\"muted\",\"title_breakpoint\":\"xl\",\"title_position\":\"top-left\",\"title_rotation\":\"left\",\"vertical_align\":\"middle\",\"width\":\"default\"},\"children\":[{\"type\":\"row\",\"children\":[{\"type\":\"column\",\"props\":{\"image_position\":\"center-center\",\"position_sticky_breakpoint\":\"m\",\"width_medium\":\"1-2\"},\"children\":[{\"type\":\"headline\",\"props\":{\"content\":\"Befestigungstechnik \",\"title_element\":\"h4\"}},{\"type\":\"text\",\"props\":{\"column_breakpoint\":\"m\",\"content\":\"Wir sind Hersteller von Befestigungselementen f\\u00fcr Klimaleitungen und den Transport von Medien mit niedrigen Temperaturen. Unsere Produkte, hergestellt in unserer Produktionsst\\u00e4tte in Wojnarowice bei Wroc\\u0142aw, sind eine Gruppe besonders robuster und stabiler Produkte, die unter den spezifischsten Bedingungen eingesetzt werden. In bestimmten Unterkategorien wurden sowohl Befestigungs-, Isolierungs- als auch Abdichtungselemente vollst\\u00e4ndig integriert. Dedizierte Tragstrukturen dienen als Halterungen f\\u00fcr die Befestigung von K\\u00e4lteschellen. \",\"margin\":\"default\"}},{\"type\":\"nav\",\"props\":{\"class\":\"korff-nav\",\"grid\":\"1\",\"image_vertical_align\":true,\"nav_style\":\"primary\",\"show_image\":true,\"show_meta\":true},\"children\":[{\"type\":\"nav_item\",\"props\":{\"content\":\"\\u2192 K\\u00e4lteschelle 175 Express\",\"link\":\"\\\/de\\\/befestigungstechnik-express-serie\\\/#175Express\"}},{\"type\":\"nav_item\",\"props\":{\"content\":\"\\u2192 K\\u00e4lteschelle 170 Express\",\"link\":\"\\\/de\\\/befestigungstechnik-express-serie\\\/#170Express\"}},{\"type\":\"nav_item\",\"props\":{\"content\":\"\\u2192 K\\u00e4lteschelle 185 Express\",\"link\":\"\\\/de\\\/befestigungstechnik-express-serie\\\/#185Express\"}},{\"type\":\"nav_item\",\"props\":{\"content\":\"\\u2192 K\\u00e4lteschelle 170 FL\",\"link\":\"\\\/de\\\/befestigungstechnik-feste-punkte\\\/#170FL\"}},{\"type\":\"nav_item\",\"props\":{\"content\":\"\\u2192 K\\u00e4lteschelle 175 Version Cool-Hot\",\"link\":\"\\\/de\\\/befestigungstechnik-feste-punkte\\\/#175coolhot\"}},{\"type\":\"nav_item\",\"props\":{\"content\":\"\\u2192 K\\u00e4lteschelle Korff Fix Plus\",\"link\":\"\\\/de\\\/befestigungstechnik-fix-serie\\\/\"}},{\"type\":\"nav_item\",\"props\":{\"content\":\" \\u2192 K\\u00e4lteschelle Korff PU-PIR\",\"link\":\"\\\/de\\\/befestigungstechnik-fix-serie\\\/#pupir\"}},{\"type\":\"nav_item\",\"props\":{\"content\":\"\\u2192 Unterkonstruktionen 171-1 und 171-2\",\"link\":\"\\\/de\\\/befestigungstechnik-express-serie\\\/#unterkonstruktionen\"}}]}]},{\"type\":\"column\",\"props\":{\"image_position\":\"center-center\",\"position_sticky_breakpoint\":\"m\",\"width_medium\":\"1-2\"},\"children\":[{\"type\":\"image\",\"props\":{\"image\":\"wp-content\\\/uploads\\\/2023\\\/07\\\/korff-isolmatic-produkty-2.jpg\",\"image_svg_color\":\"emphasis\",\"margin\":\"default\"}}]}],\"props\":{\"layout\":\"1-2,1-2\"}}],\"name\":\"produkty 1\"},{\"type\":\"section\",\"props\":{\"class\":\"blacksection\",\"height\":\"full\",\"image_position\":\"center-center\",\"style\":\"secondary\",\"title_breakpoint\":\"xl\",\"title_position\":\"top-left\",\"title_rotation\":\"left\",\"vertical_align\":\"middle\",\"width\":\"default\"},\"children\":[{\"type\":\"row\",\"children\":[{\"type\":\"column\",\"props\":{\"image_position\":\"center-center\",\"position_sticky_breakpoint\":\"m\",\"width_medium\":\"1-2\"},\"children\":[{\"type\":\"image\",\"props\":{\"image\":\"wp-content\\\/uploads\\\/2023\\\/07\\\/otuliny-korff-isolmatic.jpg\",\"image_svg_color\":\"emphasis\",\"margin\":\"default\"}}]},{\"type\":\"column\",\"props\":{\"image_position\":\"center-center\",\"position_sticky_breakpoint\":\"m\",\"width_medium\":\"1-2\"},\"children\":[{\"type\":\"headline\",\"props\":{\"content\":\"W\\u00e4rmed\\u00e4mmende Schalen \",\"title_element\":\"h4\"}},{\"type\":\"text\",\"props\":{\"column_breakpoint\":\"m\",\"content\":\"Unsere hergestellten Schalen werden zur W\\u00e4rme-, Brandschutz- und Schalld\\u00e4mmung eingesetzt. Sie finden Anwendung in vielen Industriezweigen, insbesondere im Bauwesen und in der Energiebranche. Die Hauptziele ihrer Anwendung sind Energieeinsparung, Verbesserung des Lebenskomforts und Umweltschutz. Ein System zur technischen Isolierung von Rohrleitungen erm\\u00f6glicht es, jeden Abschnitt des inneren und \\u00e4u\\u00dferen Netzwerks kontinuierlich und umfassend mit hoher Pr\\u00e4zision und \\u00e4sthetisch zu isolieren. \",\"margin\":\"default\"}},{\"type\":\"text\",\"props\":{\"column_breakpoint\":\"m\",\"content\":\"Unsere angebotenen Produkte lassen sich schnell und effizient montieren. Die Systeme bestehen aus Isolationsschalen mit einer L\\u00e4nge von 1000&nbsp;mm sowie profilierten B\\u00f6gen mit inneren Durchmessern und Isolationsst\\u00e4rken, die an die Durchmesser der isolierten Rohre oder Beh\\u00e4lter angepasst sind. Jedoch werden die meisten in diesem Bereich angebotenen Produkte auf Anfragen von Bau- und Isolierunternehmen hergestellt. F\\u00fcr detaillierte Informationen laden wir Sie ein, Kontakt mit unserer Vertriebsabteilung aufzunehmen.\\n\",\"margin\":\"default\"}},{\"type\":\"nav\",\"props\":{\"class\":\"korff-nav\",\"grid\":\"1\",\"image_vertical_align\":true,\"nav_style\":\"primary\",\"show_image\":true,\"show_meta\":true},\"children\":[{\"type\":\"nav_item\",\"props\":{\"content\":\"\\u2192 Schalen und Platten aus Polyurethan Korff\",\"link\":\"\\\/de\\\/waerme-und-kaelteisolierung\\\/#polyurethan\"}},{\"type\":\"nav_item\",\"props\":{\"content\":\" \\u2192 Schalen und Platten aus gesch\\u00e4umtem Glas Korff-SG-S\",\"link\":\"\\\/de\\\/waerme-und-kaelteisolierung\\\/#glas\"}},{\"type\":\"nav_item\",\"props\":{\"content\":\"\\u2192  Schalen und Platten aus Mineralwolle Korff\",\"link\":\"\\\/de\\\/waerme-und-kaelteisolierung\\\/#wmineralwolle\"}},{\"type\":\"nav_item\",\"props\":{\"content\":\"\\u2192 Schalen und Platten XPS Korff Cool\",\"link\":\"\\\/de\\\/waerme-und-kaelteisolierung\\\/#xps\"}}]}]}],\"props\":{\"layout\":\"1-2,1-2\"}}],\"name\":\"produkty 2\"},{\"type\":\"section\",\"props\":{\"class\":\"blacksection\",\"header_transparent\":\"dark\",\"height\":\"full\",\"image_position\":\"center-center\",\"style\":\"default\",\"title_breakpoint\":\"xl\",\"title_position\":\"top-left\",\"title_rotation\":\"left\",\"vertical_align\":\"middle\",\"width\":\"default\"},\"children\":[{\"type\":\"row\",\"children\":[{\"type\":\"column\",\"props\":{\"image_position\":\"center-center\",\"position_sticky_breakpoint\":\"m\",\"width_medium\":\"1-2\"},\"children\":[{\"type\":\"headline\",\"props\":{\"content\":\"Isolierung von Ger\\u00e4ten\\n\",\"title_element\":\"h4\"}},{\"type\":\"text\",\"props\":{\"column_breakpoint\":\"m\",\"content\":\"Wir sind Hersteller von Befestigungselementen f\\u00fcr Klimaleitungen und den Transport von Medien mit niedrigen Temperaturen. Unsere Produkte, hergestellt in unserer Produktionsst\\u00e4tte in Wojnarowice bei\\u00a0Wroc\\u0142aw, sind eine Gruppe besonders robuster und stabiler Produkte, die unter den spezifischsten Bedingungen eingesetzt werden. In bestimmten Unterkategorien wurden sowohl Befestigungs-, Isolierungs- als auch Abdichtungselemente vollst\\u00e4ndig integriert. Dedizierte Tragstrukturen dienen als Halterungen f\\u00fcr die Befestigung von K\\u00e4lteschellen. \",\"margin\":\"default\"}},{\"type\":\"nav\",\"props\":{\"class\":\"korff-nav\",\"grid\":\"1\",\"image_vertical_align\":true,\"nav_style\":\"primary\",\"show_image\":true,\"show_meta\":true},\"children\":[{\"type\":\"nav_item\",\"props\":{\"content\":\"\\u2192 Isolierung von Ger\\u00e4ten\",\"link\":\"\\\/de\\\/isolierung-von-geraeten\"}}]}]},{\"type\":\"column\",\"props\":{\"image_position\":\"center-center\",\"position_sticky_breakpoint\":\"m\",\"width_medium\":\"1-2\"},\"children\":[{\"type\":\"image\",\"props\":{\"image\":\"wp-content\\\/uploads\\\/2023\\\/09\\\/ploter_main-page1-2.jpg\",\"image_svg_color\":\"emphasis\",\"margin\":\"default\"}}]}],\"props\":{\"layout\":\"1-2,1-2\"}}],\"name\":\"produkty 3\"},{\"type\":\"section\",\"props\":{\"class\":\"blacksection\",\"height\":\"full\",\"image_position\":\"center-center\",\"style\":\"secondary\",\"title_breakpoint\":\"xl\",\"title_position\":\"top-left\",\"title_rotation\":\"left\",\"vertical_align\":\"middle\",\"width\":\"default\"},\"children\":[{\"type\":\"row\",\"children\":[{\"type\":\"column\",\"props\":{\"image_position\":\"center-center\",\"position_sticky_breakpoint\":\"m\",\"width_medium\":\"1-2\"},\"children\":[{\"type\":\"image\",\"props\":{\"image\":\"wp-content\\\/uploads\\\/2023\\\/09\\\/WDZ_1888.jpg\",\"image_svg_color\":\"emphasis\",\"margin\":\"default\"}}]},{\"type\":\"column\",\"props\":{\"image_position\":\"center-center\",\"position_sticky_breakpoint\":\"m\",\"width_medium\":\"1-2\"},\"children\":[{\"type\":\"headline\",\"props\":{\"content\":\"Bauisolierungen\\n\",\"title_element\":\"h4\"}},{\"type\":\"text\",\"props\":{\"column_breakpoint\":\"m\",\"content\":\"Superwand ist eine hochwertige Isolationsplatte des Unternehmens Korff AG, die f\\u00fcr die innere Isolierung von Au\\u00dfenw\\u00e4nden verwendet wird. Neben der Isolierung von Wohnr\\u00e4umen wird Superwand DS auch oberfl\\u00e4chlich eingesetzt, um das Erscheinungsbild der Oberfl\\u00e4che zu verbessern. Superwand PRO dient haupts\\u00e4chlich zur Isolierung, da sie \\u00fcber eine zus\\u00e4tzliche Isolationsschicht verf\\u00fcgt.\\n\\n \",\"margin\":\"default\"}},{\"type\":\"text\",\"props\":{\"column_breakpoint\":\"m\",\"content\":\"Insbesondere in Renovierungsf\\u00e4llen, bei denen die \\u00e4u\\u00dfere Fassade erhalten bleiben soll und\\\/oder eine \\u00e4u\\u00dfere Isolierung nicht m\\u00f6glich oder ungeeignet ist, ist die innere Isolierung mit Superwand eine ausgezeichnete L\\u00f6sung. Superwand ist einfach in der Anwendung, wof\\u00fcr es von Baufirmen und Heimwerkern gesch\\u00e4tzt wird.\\nBesuchen Sie unsere Webseite, um die Parameter der Platten <a href=\\\"https:\\\/\\\/superwand.pl\\\">superwand.pl<\\\/a>\",\"margin\":\"default\"}},{\"type\":\"nav\",\"props\":{\"class\":\"korff-nav\",\"grid\":\"1\",\"image_vertical_align\":true,\"nav_style\":\"primary\",\"show_image\":true,\"show_meta\":true},\"children\":[{\"type\":\"nav_item\",\"props\":{\"content\":\"\\u2192 Bauisolierungen\",\"link\":\"\\\/de\\\/bauisolierungen\\\/\"}}]}]}],\"props\":{\"layout\":\"1-2,1-2\"}}],\"name\":\"produkty 4\"},{\"type\":\"section\",\"props\":{\"image_position\":\"center-center\",\"style\":\"default\",\"title_breakpoint\":\"xl\",\"title_position\":\"top-left\",\"title_rotation\":\"left\",\"vertical_align\":\"middle\",\"width\":\"default\"},\"children\":[{\"type\":\"row\",\"children\":[{\"type\":\"column\",\"props\":{\"image_position\":\"center-center\",\"position_sticky_breakpoint\":\"m\"},\"children\":[{\"type\":\"divider\",\"props\":{\"divider_element\":\"div\"}},{\"type\":\"headline\",\"props\":{\"content\":\"Kontakt \",\"title_element\":\"div\",\"title_style\":\"h2\"}}]}]},{\"type\":\"row\",\"props\":{\"column_gap\":\"small\",\"layout\":\"1-4,1-4,1-4,1-4|1-2,1-2,1-2,1-2\"},\"children\":[{\"type\":\"column\",\"props\":{\"image_position\":\"center-center\",\"position_sticky_breakpoint\":\"m\",\"width_medium\":\"1-4\",\"width_small\":\"1-3\"},\"children\":[{\"type\":\"text\",\"props\":{\"column_breakpoint\":\"m\",\"content\":\"Korff Isolmatic Sp. z o.o.<br\\\/>\\nWojnarowice, ul. Lotnicza&nbsp;12<br\\\/>\\nPL 55-050 Sob\\u00f3tka 1<br\\\/>\\n\",\"margin\":\"default\",\"text_color\":\"secondary\"}}]},{\"type\":\"column\",\"props\":{\"image_position\":\"center-center\",\"position_sticky_breakpoint\":\"m\",\"width_medium\":\"1-4\",\"width_small\":\"1-3\"},\"children\":[{\"type\":\"text\",\"props\":{\"column_breakpoint\":\"m\",\"content\":\"\\n\\ntel: 0048 71 39 09 099<br\\\/>\\n\\ninfo[at]korff.pl<br\\\/>\\n\\n\\n\",\"margin\":\"default\",\"text_color\":\"secondary\"}}]},{\"type\":\"column\",\"props\":{\"image_position\":\"center-center\",\"position_sticky_breakpoint\":\"m\",\"width_medium\":\"1-4\",\"width_small\":\"1-3\"},\"children\":[{\"type\":\"text\",\"props\":{\"column_breakpoint\":\"m\",\"content\":\"<a href=\\\"\\\/de\\\/datenschutzrichtlinie\\\/\\\">Datenschutzrichtlinie<\\\/a><br\\\/>\\n\\n<a href=\\\"\\\/de\\\/datenschutzerklarung\\\/\\\">Datenschutzerkl\\u00e4rung<\\\/a> <br\\\/>\\n\",\"margin\":\"default\",\"text_color\":\"primary\"}}]},{\"type\":\"column\",\"props\":{\"image_position\":\"center-center\",\"position_sticky_breakpoint\":\"m\",\"width_medium\":\"1-4\",\"width_small\":\"1-2\"},\"children\":[{\"type\":\"image\",\"props\":{\"image\":\"wp-content\\\/uploads\\\/2023\\\/06\\\/save-energy.png\",\"image_svg_color\":\"emphasis\",\"margin\":\"default\",\"text_align\":\"right\"}}]}]},{\"type\":\"row\",\"children\":[{\"type\":\"column\",\"props\":{\"image_position\":\"center-center\",\"position_sticky_breakpoint\":\"m\"},\"children\":[{\"type\":\"totop\",\"props\":{\"margin\":\"default\",\"text_align\":\"right\",\"title_grid_column_gap\":\"small\",\"title_grid_row_gap\":\"small\"}}]}]}],\"name\":\"footer de\"}],\"version\":\"4.2.11\"} --><\/p>\n","protected":false},"excerpt":{"rendered":"<p>Befestigungstechnik Wir sind Hersteller von Befestigungselementen f\u00fcr Klimaleitungen und den Transport von Medien mit niedrigen Temperaturen. Unsere Produkte, hergestellt in unserer Produktionsst\u00e4tte in Wojnarowice bei Wroc\u0142aw, sind eine Gruppe besonders robuster und stabiler Produkte, die unter den spezifischsten Bedingungen eingesetzt werden. In bestimmten Unterkategorien wurden sowohl Befestigungs-, Isolierungs- als auch Abdichtungselemente vollst\u00e4ndig integriert. Dedizierte Tragstrukturen [&hellip;]<\/p>\n","protected":false},"author":1,"featured_media":0,"parent":0,"menu_order":0,"comment_status":"closed","ping_status":"closed","template":"","meta":{"footnotes":""},"class_list":["post-2070","page","type-page","status-publish","hentry"],"yoast_head":"<!-- This site is optimized with the Yoast SEO plugin v27.1.1 - https:\/\/yoast.com\/product\/yoast-seo-wordpress\/ -->\n<title>Produkte - Korff Isolmatic<\/title>\n<meta name=\"description\" content=\"Korff Isolmatic \u2013 producent technicznych wyrob\u00f3w izolacyjnych oraz mocowa\u0144 zimnochronnych\" \/>\n<meta name=\"robots\" content=\"index, follow, max-snippet:-1, max-image-preview:large, max-video-preview:-1\" \/>\n<link rel=\"canonical\" href=\"https:\/\/korff.pl\/de\/produkte\/\" \/>\n<meta property=\"og:locale\" content=\"de_DE\" \/>\n<meta property=\"og:type\" content=\"article\" \/>\n<meta property=\"og:title\" content=\"Produkte - Korff Isolmatic\" \/>\n<meta property=\"og:description\" content=\"Korff Isolmatic \u2013 producent technicznych wyrob\u00f3w izolacyjnych oraz mocowa\u0144 zimnochronnych\" \/>\n<meta property=\"og:url\" content=\"https:\/\/korff.pl\/de\/produkte\/\" \/>\n<meta property=\"og:site_name\" content=\"Korff Isolmatic\" \/>\n<meta property=\"article:modified_time\" content=\"2024-02-05T11:17:44+00:00\" \/>\n<meta property=\"og:image\" content=\"https:\/\/korff.pl\/wp-content\/uploads\/2023\/07\/DSC_0381-2.jpg\" \/>\n\t<meta property=\"og:image:width\" content=\"1000\" \/>\n\t<meta property=\"og:image:height\" content=\"667\" \/>\n\t<meta property=\"og:image:type\" content=\"image\/jpeg\" \/>\n<meta name=\"twitter:card\" content=\"summary_large_image\" \/>\n<meta name=\"twitter:label1\" content=\"Gesch\u00e4tzte Lesezeit\" \/>\n\t<meta name=\"twitter:data1\" content=\"4\u00a0Minuten\" \/>\n<script type=\"application\/ld+json\" class=\"yoast-schema-graph\">{\"@context\":\"https:\/\/schema.org\",\"@graph\":[{\"@type\":\"WebPage\",\"@id\":\"https:\/\/korff.pl\/de\/produkte\/\",\"url\":\"https:\/\/korff.pl\/de\/produkte\/\",\"name\":\"Produkte - Korff Isolmatic\",\"isPartOf\":{\"@id\":\"https:\/\/korff.pl\/de\/#website\"},\"datePublished\":\"2023-06-07T15:23:22+00:00\",\"dateModified\":\"2024-02-05T11:17:44+00:00\",\"description\":\"Korff Isolmatic \u2013 producent technicznych wyrob\u00f3w izolacyjnych oraz mocowa\u0144 zimnochronnych\",\"breadcrumb\":{\"@id\":\"https:\/\/korff.pl\/de\/produkte\/#breadcrumb\"},\"inLanguage\":\"de\",\"potentialAction\":[{\"@type\":\"ReadAction\",\"target\":[\"https:\/\/korff.pl\/de\/produkte\/\"]}]},{\"@type\":\"BreadcrumbList\",\"@id\":\"https:\/\/korff.pl\/de\/produkte\/#breadcrumb\",\"itemListElement\":[{\"@type\":\"ListItem\",\"position\":1,\"name\":\"Strona g\u0142\u00f3wna\",\"item\":\"https:\/\/korff.pl\/de\/\"},{\"@type\":\"ListItem\",\"position\":2,\"name\":\"Produkte\"}]},{\"@type\":\"WebSite\",\"@id\":\"https:\/\/korff.pl\/de\/#website\",\"url\":\"https:\/\/korff.pl\/de\/\",\"name\":\"Korff Isolmatic\",\"description\":\"Producent technicznych wyrob\u00f3w izolacyjnych oraz mocowa\u0144 zimnochronnych\",\"publisher\":{\"@id\":\"https:\/\/korff.pl\/de\/#organization\"},\"potentialAction\":[{\"@type\":\"SearchAction\",\"target\":{\"@type\":\"EntryPoint\",\"urlTemplate\":\"https:\/\/korff.pl\/de\/?s={search_term_string}\"},\"query-input\":{\"@type\":\"PropertyValueSpecification\",\"valueRequired\":true,\"valueName\":\"search_term_string\"}}],\"inLanguage\":\"de\"},{\"@type\":\"Organization\",\"@id\":\"https:\/\/korff.pl\/de\/#organization\",\"name\":\"Korff Isolmatic Sp. z o.o.\",\"url\":\"https:\/\/korff.pl\/de\/\",\"logo\":{\"@type\":\"ImageObject\",\"inLanguage\":\"de\",\"@id\":\"https:\/\/korff.pl\/de\/#\/schema\/logo\/image\/\",\"url\":\"https:\/\/korff2023.korff.pl\/wp-content\/uploads\/2023\/06\/KI_logo_main_RGB_M.png\",\"contentUrl\":\"https:\/\/korff2023.korff.pl\/wp-content\/uploads\/2023\/06\/KI_logo_main_RGB_M.png\",\"width\":750,\"height\":185,\"caption\":\"Korff Isolmatic Sp. z o.o.\"},\"image\":{\"@id\":\"https:\/\/korff.pl\/de\/#\/schema\/logo\/image\/\"}}]}<\/script>\n<!-- \/ Yoast SEO plugin. -->","yoast_head_json":{"title":"Produkte - Korff Isolmatic","description":"Korff Isolmatic \u2013 producent technicznych wyrob\u00f3w izolacyjnych oraz mocowa\u0144 zimnochronnych","robots":{"index":"index","follow":"follow","max-snippet":"max-snippet:-1","max-image-preview":"max-image-preview:large","max-video-preview":"max-video-preview:-1"},"canonical":"https:\/\/korff.pl\/de\/produkte\/","og_locale":"de_DE","og_type":"article","og_title":"Produkte - Korff Isolmatic","og_description":"Korff Isolmatic \u2013 producent technicznych wyrob\u00f3w izolacyjnych oraz mocowa\u0144 zimnochronnych","og_url":"https:\/\/korff.pl\/de\/produkte\/","og_site_name":"Korff Isolmatic","article_modified_time":"2024-02-05T11:17:44+00:00","og_image":[{"width":1000,"height":667,"url":"https:\/\/korff.pl\/wp-content\/uploads\/2023\/07\/DSC_0381-2.jpg","type":"image\/jpeg"}],"twitter_card":"summary_large_image","twitter_misc":{"Gesch\u00e4tzte Lesezeit":"4\u00a0Minuten"},"schema":{"@context":"https:\/\/schema.org","@graph":[{"@type":"WebPage","@id":"https:\/\/korff.pl\/de\/produkte\/","url":"https:\/\/korff.pl\/de\/produkte\/","name":"Produkte - Korff Isolmatic","isPartOf":{"@id":"https:\/\/korff.pl\/de\/#website"},"datePublished":"2023-06-07T15:23:22+00:00","dateModified":"2024-02-05T11:17:44+00:00","description":"Korff Isolmatic \u2013 producent technicznych wyrob\u00f3w izolacyjnych oraz mocowa\u0144 zimnochronnych","breadcrumb":{"@id":"https:\/\/korff.pl\/de\/produkte\/#breadcrumb"},"inLanguage":"de","potentialAction":[{"@type":"ReadAction","target":["https:\/\/korff.pl\/de\/produkte\/"]}]},{"@type":"BreadcrumbList","@id":"https:\/\/korff.pl\/de\/produkte\/#breadcrumb","itemListElement":[{"@type":"ListItem","position":1,"name":"Strona g\u0142\u00f3wna","item":"https:\/\/korff.pl\/de\/"},{"@type":"ListItem","position":2,"name":"Produkte"}]},{"@type":"WebSite","@id":"https:\/\/korff.pl\/de\/#website","url":"https:\/\/korff.pl\/de\/","name":"Korff Isolmatic","description":"Producent technicznych wyrob\u00f3w izolacyjnych oraz mocowa\u0144 zimnochronnych","publisher":{"@id":"https:\/\/korff.pl\/de\/#organization"},"potentialAction":[{"@type":"SearchAction","target":{"@type":"EntryPoint","urlTemplate":"https:\/\/korff.pl\/de\/?s={search_term_string}"},"query-input":{"@type":"PropertyValueSpecification","valueRequired":true,"valueName":"search_term_string"}}],"inLanguage":"de"},{"@type":"Organization","@id":"https:\/\/korff.pl\/de\/#organization","name":"Korff Isolmatic Sp. z o.o.","url":"https:\/\/korff.pl\/de\/","logo":{"@type":"ImageObject","inLanguage":"de","@id":"https:\/\/korff.pl\/de\/#\/schema\/logo\/image\/","url":"https:\/\/korff2023.korff.pl\/wp-content\/uploads\/2023\/06\/KI_logo_main_RGB_M.png","contentUrl":"https:\/\/korff2023.korff.pl\/wp-content\/uploads\/2023\/06\/KI_logo_main_RGB_M.png","width":750,"height":185,"caption":"Korff Isolmatic Sp. z o.o."},"image":{"@id":"https:\/\/korff.pl\/de\/#\/schema\/logo\/image\/"}}]}},"_links":{"self":[{"href":"https:\/\/korff.pl\/de\/wp-json\/wp\/v2\/pages\/2070","targetHints":{"allow":["GET"]}}],"collection":[{"href":"https:\/\/korff.pl\/de\/wp-json\/wp\/v2\/pages"}],"about":[{"href":"https:\/\/korff.pl\/de\/wp-json\/wp\/v2\/types\/page"}],"author":[{"embeddable":true,"href":"https:\/\/korff.pl\/de\/wp-json\/wp\/v2\/users\/1"}],"replies":[{"embeddable":true,"href":"https:\/\/korff.pl\/de\/wp-json\/wp\/v2\/comments?post=2070"}],"version-history":[{"count":28,"href":"https:\/\/korff.pl\/de\/wp-json\/wp\/v2\/pages\/2070\/revisions"}],"predecessor-version":[{"id":2292,"href":"https:\/\/korff.pl\/de\/wp-json\/wp\/v2\/pages\/2070\/revisions\/2292"}],"wp:attachment":[{"href":"https:\/\/korff.pl\/de\/wp-json\/wp\/v2\/media?parent=2070"}],"curies":[{"name":"wp","href":"https:\/\/api.w.org\/{rel}","templated":true}]}}