{"id":2057,"date":"2023-10-27T14:20:46","date_gmt":"2023-10-27T12:20:46","guid":{"rendered":"https:\/\/korff.pl\/korff-lokalnie\/"},"modified":"2024-02-02T09:48:54","modified_gmt":"2024-02-02T08:48:54","slug":"korff-lokal","status":"publish","type":"page","link":"https:\/\/korff.pl\/de\/korff-lokal\/","title":{"rendered":"Korff lokal"},"content":{"rendered":"<h3>Korff lokal<\/h3>\n<div>Wir sind einer der gr\u00f6\u00dften Arbeitgeber in der Gemeinde Sob\u00f3tka und nehmen aktiv am Gemeindeleben teil. Wir engagieren uns in lokalen Projekten, die sowohl die Region f\u00f6rdern als auch die Menschen vor Ort unterst\u00fctzen. Wir helfen bei der Organisation von Wohlt\u00e4tigkeitsveranstaltungen sowie sportlichen und kulturellen Events.\n<\/div>\n<div>Wir unterst\u00fctzen gerne die Aktivit\u00e4ten der lokalen Gemeinschaft, die sowohl von formalisierten Organisationen wie der lokalen Verwaltung, dem \u00f6rtlichen Frauenverband oder dem Freiwilligensektor als auch von Privatpersonen vertreten wird. Wir stehen Initiativen, die unsere Region f\u00f6rdern, besonders nahe. Wir hatten das Vergn\u00fcgen, als Sponsor auf den Seiten des \u015al\u0119\u017ca\u0144ski-Kalenders zu erscheinen, und wir sind auch Mitglied des Programms<\/p>\n<p> <a href=\"https:\/\/visitsobotka.com\/\"><em>Visit Sob\u00f3tka<\/em><\/a>. Unser Ziel war es auch, ein Symbol f\u00fcr unsere Region in unserer Produktpalette zu haben. Wir haben eine Reihe von Produkten entwickelt, die auf der Form des \u015al\u0119\u017ca-B\u00e4ren basieren. Die beliebtesten sind die &#8222;B\u00e4r-Adressschilder&#8220;.<\/div>\n<p><img decoding=\"async\" src=\"\/wp-content\/uploads\/2023\/12\/zdjecie-balony_MIchal-MIrowski.jpg\" alt=\"\"><\/p>\n<div>Lokale Produkte<\/div>\n<div>Produkte im Zusammenhang mit den &#8222;\u015al\u0119\u017ca-B\u00e4ren&#8220;, hergestellt von unserem Unternehmen &#8211; auf Kundenwunsch k\u00f6nnen sie personalisiert werden:\n<\/div>\n<ul>\n<li>\n<div>Adressschilder\n<\/div>\n<\/li>\n<li>\n<div>Buchst\u00fctzen <\/p>\n<\/div>\n<\/li>\n<li>\n<div>Flyerst\u00e4nder <\/div>\n<\/li>\n<\/ul>\n<ul>\n<li>\n<p>        <img decoding=\"async\" src=\"\/wp-content\/uploads\/2023\/12\/409659680_839790524821095_3674833743614013833_n_1.jpg\" alt=\"\"><\/p>\n<\/li>\n<li>\n<p>        <img decoding=\"async\" src=\"\/wp-content\/uploads\/2023\/12\/20231213_122633_1.jpg\" alt=\"\"><\/p>\n<\/li>\n<li>\n<p>        <img decoding=\"async\" src=\"\/wp-content\/uploads\/2023\/12\/20231213_121651_1.jpg\" alt=\"\"><\/p>\n<\/li>\n<\/ul>\n<div>Lokale Hilfe <\/div>\n<ul>\n<li>\n<div>Freiwilligenarbeit <\/p>\n<\/div>\n<\/li>\n<li>\n<div>Unterst\u00fctzung der lokalen Gemeinschaft\n<\/div>\n<\/li>\n<li>\n<div>Sponsoring von Sportmannschaften\n<\/div>\n<\/li>\n<li>\n<div>Sponsoring von Sportveranstaltungen<\/div>\n<\/li>\n<\/ul>\n<ul>\n<li>\n<p>        <img decoding=\"async\" src=\"\/wp-content\/uploads\/2023\/12\/sport7.jpg\" alt=\"\"><\/p>\n<\/li>\n<li>\n<p>        <img decoding=\"async\" src=\"\/wp-content\/uploads\/2023\/12\/sport2.jpg\" alt=\"\"><\/p>\n<\/li>\n<li>\n<p>        <img decoding=\"async\" src=\"\/wp-content\/uploads\/2023\/12\/SP-Rekow-2.jpg\" alt=\"\"><\/p>\n<\/li>\n<li>\n<p>        <img decoding=\"async\" src=\"\/wp-content\/uploads\/2023\/12\/Osrodek-Wychowawczy-Sobotka-2.jpg\" alt=\"\"><\/p>\n<\/li>\n<li>\n<p>        <img decoding=\"async\" src=\"\/wp-content\/uploads\/2023\/12\/OPS-Sobotka-2.jpg\" alt=\"\"><\/p>\n<\/li>\n<li>\n<p>        <img decoding=\"async\" src=\"\/wp-content\/uploads\/2023\/12\/Kolo-Gospodyn-Wiejskich-Stary-Zamek-2.jpg\" alt=\"\"><\/p>\n<\/li>\n<li>\n<p>        <img decoding=\"async\" src=\"\/wp-content\/uploads\/2023\/12\/sport3.jpg\" alt=\"\"><\/p>\n<\/li>\n<\/ul>\n<ul>\n<li>\n<p>        <img decoding=\"async\" src=\"\/wp-content\/uploads\/2023\/10\/DOC090823-005-1.jpg\" alt=\"\"><\/p>\n<\/li>\n<li>\n<p>        <img decoding=\"async\" src=\"\/wp-content\/uploads\/2023\/10\/DOC090823-004-1.jpg\" alt=\"\"><\/p>\n<\/li>\n<li>\n<p>        <img decoding=\"async\" src=\"\/wp-content\/uploads\/2023\/12\/podziekowanie-13122023.jpg\" alt=\"\"><\/p>\n<\/li>\n<li>\n<p>        <img decoding=\"async\" src=\"\/wp-content\/uploads\/2023\/10\/DOC090823-003-1.jpg\" alt=\"\"><\/p>\n<\/li>\n<li>\n<p>        <img decoding=\"async\" src=\"\/wp-content\/uploads\/2023\/10\/DOC090823-001-1.jpg\" alt=\"\"><\/p>\n<\/li>\n<li>\n<p>        <img decoding=\"async\" src=\"\/wp-content\/uploads\/2023\/10\/DOC090823-002-1.jpg\" alt=\"\"><\/p>\n<\/li>\n<li>\n<p>        <img decoding=\"async\" src=\"\/wp-content\/uploads\/2023\/10\/DOC090823-006-1.jpg\" alt=\"\"><\/p>\n<\/li>\n<\/ul>\n<div>Kontakt <\/div>\n<div>Korff Isolmatic Sp. z o.o.<br \/>\nWojnarowice, ul. Lotnicza&nbsp;12<br \/>\nPL 55-050 Sob\u00f3tka 1\n<\/div>\n<div>\n<p>tel: 0048 71 39 09 099<\/p>\n<p>info[at]korff.pl<\/p>\n<\/div>\n<div><a href=\"\/de\/datenschutzrichtlinie\/\">Datenschutzrichtlinie<\/a><\/p>\n<p><a href=\"\/de\/datenschutzerklarung\/\">Datenschutzerkl\u00e4rung<\/a> \n<\/div>\n<p><img decoding=\"async\" src=\"\/wp-content\/uploads\/2023\/06\/save-energy.png\" alt=\"\"><\/p>\n<p><!--more--><br \/>\n<!-- {\"type\":\"layout\",\"children\":[{\"type\":\"section\",\"props\":{\"image_position\":\"center-center\",\"padding\":\"large\",\"style\":\"default\",\"title_breakpoint\":\"xl\",\"title_position\":\"top-left\",\"title_rotation\":\"left\",\"vertical_align\":\"middle\",\"width\":\"default\"},\"children\":[{\"type\":\"row\",\"children\":[{\"type\":\"column\",\"props\":{\"image_position\":\"center-center\",\"position_sticky_breakpoint\":\"m\",\"vertical_align\":\"middle\",\"width_medium\":\"2-5\"},\"children\":[{\"type\":\"headline\",\"props\":{\"content\":\"Korff lokal\",\"maxwidth\":\"xlarge\",\"title_element\":\"h3\"}},{\"type\":\"text\",\"props\":{\"column_breakpoint\":\"m\",\"content\":\"Wir sind einer der gr\\u00f6\\u00dften Arbeitgeber in der Gemeinde Sob\\u00f3tka und nehmen aktiv am Gemeindeleben teil. Wir engagieren uns in lokalen Projekten, die sowohl die Region f\\u00f6rdern als auch die Menschen vor Ort unterst\\u00fctzen. Wir helfen bei der Organisation von Wohlt\\u00e4tigkeitsveranstaltungen sowie sportlichen und kulturellen Events.\\n\",\"margin\":\"default\",\"maxwidth\":\"xlarge\"}},{\"type\":\"text\",\"props\":{\"column_breakpoint\":\"m\",\"content\":\"Wir unterst\\u00fctzen gerne die Aktivit\\u00e4ten der lokalen Gemeinschaft, die sowohl von formalisierten Organisationen wie der lokalen Verwaltung, dem \\u00f6rtlichen Frauenverband oder dem Freiwilligensektor als auch von Privatpersonen vertreten wird. Wir stehen Initiativen, die unsere Region f\\u00f6rdern, besonders nahe. Wir hatten das Vergn\\u00fcgen, als Sponsor auf den Seiten des \\u015al\\u0119\\u017ca\\u0144ski-Kalenders zu erscheinen, und wir sind auch Mitglied des Programms\\n\\n\\n <a href=\\\"https:\\\/\\\/visitsobotka.com\\\/\\\"><em>Visit Sob\\u00f3tka<\\\/em><\\\/a>. Unser Ziel war es auch, ein Symbol f\\u00fcr unsere Region in unserer Produktpalette zu haben. Wir haben eine Reihe von Produkten entwickelt, die auf der Form des \\u015al\\u0119\\u017ca-B\\u00e4ren basieren. Die beliebtesten sind die \\\"B\\u00e4r-Adressschilder\\\".\",\"margin\":\"default\",\"maxwidth\":\"xlarge\"}}]},{\"type\":\"column\",\"props\":{\"image_position\":\"center-center\",\"position_sticky_breakpoint\":\"m\",\"vertical_align\":\"middle\",\"width_medium\":\"3-5\"},\"children\":[{\"type\":\"image\",\"props\":{\"image\":\"wp-content\\\/uploads\\\/2023\\\/12\\\/zdjecie-balony_MIchal-MIrowski.jpg\",\"image_svg_color\":\"emphasis\",\"margin\":\"default\"}}]}],\"props\":{\"column_gap\":\"large\",\"layout\":\"2-5,3-5\",\"row_gap\":\"large\"}}]},{\"type\":\"section\",\"props\":{\"animation\":\"slide-bottom-medium\",\"animation_delay\":\"100\",\"header_transparent\":\"dark\",\"image_position\":\"center-center\",\"padding_remove_bottom\":false,\"padding_remove_top\":true,\"style\":\"default\",\"title_breakpoint\":\"xl\",\"title_position\":\"top-left\",\"title_rotation\":\"left\",\"vertical_align\":\"middle\",\"width\":\"default\"},\"children\":[{\"type\":\"row\",\"props\":{\"column_gap\":\"large\",\"id\":\"o-nas\",\"layout\":\"2-5,3-5\",\"margin\":\"remove-vertical\",\"match\":true,\"row_gap\":\"large\"},\"children\":[{\"type\":\"column\",\"props\":{\"image_position\":\"center-center\",\"position_sticky_breakpoint\":\"m\",\"width_medium\":\"2-5\"},\"children\":[{\"type\":\"headline\",\"props\":{\"animation\":\"none\",\"block_align_breakpoint\":\"m\",\"content\":\"Lokale Produkte\",\"maxwidth\":\"xlarge\",\"position\":\"relative\",\"position_z_index\":\"1\",\"text_align\":\"left\",\"text_align_breakpoint\":\"m\",\"text_align_fallback\":\"left\",\"title_element\":\"div\",\"title_style\":\"h2\"}},{\"type\":\"text\",\"props\":{\"animation\":\"none\",\"block_align_breakpoint\":\"m\",\"column_breakpoint\":\"m\",\"content\":\"Produkte im Zusammenhang mit den \\\"\\u015al\\u0119\\u017ca-B\\u00e4ren\\\", hergestellt von unserem Unternehmen - auf Kundenwunsch k\\u00f6nnen sie personalisiert werden:\\n\",\"margin\":\"default\",\"maxwidth\":\"xlarge\",\"position\":\"relative\",\"position_z_index\":\"1\",\"text_align\":\"left\",\"text_align_breakpoint\":\"m\",\"text_align_fallback\":\"left\"}},{\"type\":\"list\",\"props\":{\"column_breakpoint\":\"m\",\"image_align\":\"left\",\"image_svg_color\":\"emphasis\",\"image_vertical_align\":true,\"list_element\":\"ul\",\"list_horizontal_separator\":\", \",\"list_marker\":\"disc\",\"list_type\":\"vertical\",\"show_image\":true,\"show_link\":true},\"children\":[{\"type\":\"list_item\",\"props\":{\"content\":\"Adressschilder \\n\"}},{\"type\":\"list_item\",\"props\":{\"content\":\"Buchst\\u00fctzen \\n\\n\"}},{\"type\":\"list_item\",\"props\":{\"content\":\"Flyerst\\u00e4nder \"}}]}]},{\"type\":\"column\",\"props\":{\"image_position\":\"center-center\",\"position_sticky_breakpoint\":\"m\",\"width_medium\":\"3-5\"},\"children\":[{\"type\":\"slideshow\",\"props\":{\"link_style\":\"default\",\"link_text\":\"Read more\",\"margin\":\"default\",\"meta_align\":\"below-title\",\"meta_element\":\"div\",\"meta_style\":\"text-meta\",\"nav\":\"dotnav\",\"nav_align\":\"center\",\"nav_breakpoint\":\"s\",\"nav_position\":\"bottom-center\",\"nav_position_margin\":\"medium\",\"overlay_animation\":\"parallax\",\"overlay_position\":\"center-left\",\"show_content\":true,\"show_link\":true,\"show_meta\":true,\"show_thumbnail\":true,\"show_title\":true,\"slidenav\":\"default\",\"slidenav_breakpoint\":\"s\",\"slidenav_margin\":\"medium\",\"slidenav_outside_breakpoint\":\"xl\",\"slideshow_autoplay_pause\":true,\"slideshow_min_height\":\"500\",\"thumbnav_height\":\"75\",\"thumbnav_svg_color\":\"emphasis\",\"thumbnav_width\":\"100\",\"title_element\":\"h3\"},\"children\":[{\"type\":\"slideshow_item\",\"props\":{\"image\":\"wp-content\\\/uploads\\\/2023\\\/12\\\/409659680_839790524821095_3674833743614013833_n_1.jpg\"}},{\"type\":\"slideshow_item\",\"props\":{\"image\":\"wp-content\\\/uploads\\\/2023\\\/12\\\/20231213_122633_1.jpg\"}},{\"type\":\"slideshow_item\",\"props\":{\"image\":\"wp-content\\\/uploads\\\/2023\\\/12\\\/20231213_121651_1.jpg\"}}]}]}]}],\"name\":\"o firmie o nas\"},{\"type\":\"section\",\"props\":{\"animation\":\"slide-bottom-medium\",\"animation_delay\":\"100\",\"header_transparent\":\"dark\",\"image_position\":\"center-center\",\"padding_remove_bottom\":true,\"padding_remove_top\":true,\"style\":\"default\",\"title_breakpoint\":\"xl\",\"title_position\":\"top-left\",\"title_rotation\":\"left\",\"vertical_align\":\"middle\",\"width\":\"default\"},\"children\":[{\"type\":\"row\",\"props\":{\"column_gap\":\"large\",\"id\":\"o-nas\",\"layout\":\"2-5,3-5\",\"margin\":\"remove-vertical\",\"match\":true,\"row_gap\":\"large\"},\"children\":[{\"type\":\"column\",\"props\":{\"image_position\":\"center-center\",\"position_sticky_breakpoint\":\"m\",\"width_medium\":\"2-5\"},\"children\":[{\"type\":\"headline\",\"props\":{\"animation\":\"none\",\"block_align_breakpoint\":\"m\",\"content\":\"Lokale Hilfe \",\"maxwidth\":\"xlarge\",\"position\":\"relative\",\"position_z_index\":\"1\",\"text_align\":\"left\",\"text_align_breakpoint\":\"m\",\"text_align_fallback\":\"left\",\"title_element\":\"div\",\"title_style\":\"h2\"}},{\"type\":\"list\",\"props\":{\"column_breakpoint\":\"m\",\"image_align\":\"left\",\"image_svg_color\":\"emphasis\",\"image_vertical_align\":true,\"list_element\":\"ul\",\"list_horizontal_separator\":\", \",\"list_marker\":\"disc\",\"list_type\":\"vertical\",\"show_image\":true,\"show_link\":true},\"children\":[{\"type\":\"list_item\",\"props\":{\"content\":\"Freiwilligenarbeit \\n \\n\"}},{\"type\":\"list_item\",\"props\":{\"content\":\"Unterst\\u00fctzung der lokalen Gemeinschaft\\n\"}},{\"type\":\"list_item\",\"props\":{\"content\":\"Sponsoring von Sportmannschaften \\n\"}},{\"type\":\"list_item\",\"props\":{\"content\":\"Sponsoring von Sportveranstaltungen\"}}]}]},{\"type\":\"column\",\"props\":{\"image_position\":\"center-center\",\"position_sticky_breakpoint\":\"m\",\"width_medium\":\"3-5\"},\"children\":[{\"type\":\"slideshow\",\"props\":{\"link_style\":\"default\",\"link_text\":\"Read more\",\"margin\":\"default\",\"meta_align\":\"below-title\",\"meta_element\":\"div\",\"meta_style\":\"text-meta\",\"nav\":\"dotnav\",\"nav_align\":\"center\",\"nav_breakpoint\":\"s\",\"nav_position\":\"bottom-center\",\"nav_position_margin\":\"medium\",\"overlay_animation\":\"parallax\",\"overlay_position\":\"center-left\",\"show_content\":true,\"show_link\":true,\"show_meta\":true,\"show_thumbnail\":true,\"show_title\":true,\"slidenav\":\"default\",\"slidenav_breakpoint\":\"s\",\"slidenav_margin\":\"medium\",\"slidenav_outside_breakpoint\":\"xl\",\"slideshow_autoplay_pause\":true,\"slideshow_min_height\":\"500\",\"thumbnav_height\":\"75\",\"thumbnav_svg_color\":\"emphasis\",\"thumbnav_width\":\"100\",\"title_element\":\"h3\"},\"children\":[{\"type\":\"slideshow_item\",\"props\":{\"image\":\"wp-content\\\/uploads\\\/2023\\\/12\\\/sport7.jpg\"}},{\"type\":\"slideshow_item\",\"props\":{\"image\":\"wp-content\\\/uploads\\\/2023\\\/12\\\/sport2.jpg\"}},{\"type\":\"slideshow_item\",\"props\":{\"image\":\"wp-content\\\/uploads\\\/2023\\\/12\\\/SP-Rekow-2.jpg\"}},{\"type\":\"slideshow_item\",\"props\":{\"image\":\"wp-content\\\/uploads\\\/2023\\\/12\\\/Osrodek-Wychowawczy-Sobotka-2.jpg\"}},{\"type\":\"slideshow_item\",\"props\":{\"image\":\"wp-content\\\/uploads\\\/2023\\\/12\\\/OPS-Sobotka-2.jpg\"}},{\"type\":\"slideshow_item\",\"props\":{\"image\":\"wp-content\\\/uploads\\\/2023\\\/12\\\/Kolo-Gospodyn-Wiejskich-Stary-Zamek-2.jpg\"}},{\"type\":\"slideshow_item\",\"props\":{\"image\":\"wp-content\\\/uploads\\\/2023\\\/12\\\/sport3.jpg\"}}]}]}]}],\"name\":\"o firmie o nas\"},{\"type\":\"section\",\"props\":{\"animation\":\"slide-bottom-medium\",\"animation_delay\":\"100\",\"header_transparent\":\"dark\",\"image_position\":\"center-center\",\"padding_remove_bottom\":true,\"padding_remove_top\":false,\"style\":\"default\",\"title_breakpoint\":\"xl\",\"title_position\":\"top-left\",\"title_rotation\":\"left\",\"vertical_align\":\"middle\",\"width\":\"default\"},\"children\":[{\"type\":\"row\",\"children\":[{\"type\":\"column\",\"props\":{\"image_position\":\"center-center\",\"position_sticky_breakpoint\":\"m\"},\"children\":[{\"type\":\"overlay-slider\",\"props\":{\"animation\":\"fade\",\"image_height\":\"700px\",\"image_width\":\"auto\",\"link_style\":\"default\",\"link_text\":\"Read more\",\"margin\":\"large\",\"margin_remove_bottom\":true,\"meta_align\":\"below-title\",\"meta_element\":\"div\",\"meta_style\":\"text-meta\",\"nav\":\"\",\"nav_align\":\"center\",\"nav_breakpoint\":\"s\",\"overlay_mode\":\"cover\",\"overlay_position\":\"center\",\"overlay_transition\":\"fade\",\"show_content\":false,\"show_hover_image\":false,\"show_link\":false,\"show_meta\":false,\"show_title\":false,\"slidenav\":\"default\",\"slidenav_breakpoint\":\"s\",\"slidenav_hover\":true,\"slidenav_margin\":\"medium\",\"slidenav_outside_breakpoint\":\"xl\",\"slider_autoplay\":true,\"slider_autoplay_interval\":\"5\",\"slider_autoplay_pause\":true,\"slider_center\":true,\"slider_divider\":false,\"slider_gap\":\"medium\",\"slider_sets\":false,\"slider_width\":\"\",\"slider_width_default\":\"1-1\",\"slider_width_medium\":\"4-5\",\"text_align\":\"center\",\"title_element\":\"h3\",\"title_hover_style\":\"reset\"},\"children\":[{\"type\":\"overlay-slider_item\",\"props\":{\"hover_image\":\"\",\"image\":\"wp-content\\\/uploads\\\/2023\\\/10\\\/DOC090823-005-1.jpg\"}},{\"type\":\"overlay-slider_item\",\"props\":{\"image\":\"wp-content\\\/uploads\\\/2023\\\/10\\\/DOC090823-004-1.jpg\"}},{\"type\":\"overlay-slider_item\",\"props\":{\"image\":\"wp-content\\\/uploads\\\/2023\\\/12\\\/podziekowanie-13122023.jpg\"}},{\"type\":\"overlay-slider_item\",\"props\":{\"image\":\"wp-content\\\/uploads\\\/2023\\\/10\\\/DOC090823-003-1.jpg\"}},{\"type\":\"overlay-slider_item\",\"props\":{\"image\":\"wp-content\\\/uploads\\\/2023\\\/10\\\/DOC090823-001-1.jpg\"}},{\"type\":\"overlay-slider_item\",\"props\":{\"hover_image\":\"\",\"image\":\"wp-content\\\/uploads\\\/2023\\\/10\\\/DOC090823-002-1.jpg\"}},{\"type\":\"overlay-slider_item\",\"props\":{\"hover_image\":\"\",\"image\":\"wp-content\\\/uploads\\\/2023\\\/10\\\/DOC090823-006-1.jpg\"}}],\"name\":\"Slider\"}]}]}],\"name\":\"o firmie o nas\"},{\"type\":\"section\",\"props\":{\"image_position\":\"center-center\",\"style\":\"default\",\"title_breakpoint\":\"xl\",\"title_position\":\"top-left\",\"title_rotation\":\"left\",\"vertical_align\":\"middle\",\"width\":\"default\"},\"children\":[{\"type\":\"row\",\"children\":[{\"type\":\"column\",\"props\":{\"image_position\":\"center-center\",\"position_sticky_breakpoint\":\"m\"},\"children\":[{\"type\":\"divider\",\"props\":{\"divider_element\":\"div\"}},{\"type\":\"headline\",\"props\":{\"content\":\"Kontakt \",\"title_element\":\"div\",\"title_style\":\"h2\"}}]}]},{\"type\":\"row\",\"props\":{\"column_gap\":\"small\",\"layout\":\"1-4,1-4,1-4,1-4|1-2,1-2,1-2,1-2\"},\"children\":[{\"type\":\"column\",\"props\":{\"image_position\":\"center-center\",\"position_sticky_breakpoint\":\"m\",\"width_medium\":\"1-4\",\"width_small\":\"1-3\"},\"children\":[{\"type\":\"text\",\"props\":{\"column_breakpoint\":\"m\",\"content\":\"Korff Isolmatic Sp. z o.o.<br\\\/>\\nWojnarowice, ul. Lotnicza&nbsp;12<br\\\/>\\nPL 55-050 Sob\\u00f3tka 1<br\\\/>\\n\",\"margin\":\"default\",\"text_color\":\"secondary\"}}]},{\"type\":\"column\",\"props\":{\"image_position\":\"center-center\",\"position_sticky_breakpoint\":\"m\",\"width_medium\":\"1-4\",\"width_small\":\"1-3\"},\"children\":[{\"type\":\"text\",\"props\":{\"column_breakpoint\":\"m\",\"content\":\"\\n\\ntel: 0048 71 39 09 099<br\\\/>\\n\\ninfo[at]korff.pl<br\\\/>\\n\\n\\n\",\"margin\":\"default\",\"text_color\":\"secondary\"}}]},{\"type\":\"column\",\"props\":{\"image_position\":\"center-center\",\"position_sticky_breakpoint\":\"m\",\"width_medium\":\"1-4\",\"width_small\":\"1-3\"},\"children\":[{\"type\":\"text\",\"props\":{\"column_breakpoint\":\"m\",\"content\":\"<a href=\\\"\\\/de\\\/datenschutzrichtlinie\\\/\\\">Datenschutzrichtlinie<\\\/a><br\\\/>\\n\\n<a href=\\\"\\\/de\\\/datenschutzerklarung\\\/\\\">Datenschutzerkl\\u00e4rung<\\\/a> <br\\\/>\\n\",\"margin\":\"default\",\"text_color\":\"primary\"}}]},{\"type\":\"column\",\"props\":{\"image_position\":\"center-center\",\"position_sticky_breakpoint\":\"m\",\"width_medium\":\"1-4\",\"width_small\":\"1-2\"},\"children\":[{\"type\":\"image\",\"props\":{\"image\":\"wp-content\\\/uploads\\\/2023\\\/06\\\/save-energy.png\",\"image_svg_color\":\"emphasis\",\"margin\":\"default\",\"text_align\":\"right\"}}]}]},{\"type\":\"row\",\"children\":[{\"type\":\"column\",\"props\":{\"image_position\":\"center-center\",\"position_sticky_breakpoint\":\"m\"},\"children\":[{\"type\":\"totop\",\"props\":{\"margin\":\"default\",\"text_align\":\"right\",\"title_grid_column_gap\":\"small\",\"title_grid_row_gap\":\"small\"}}]}]}],\"name\":\"footer de\"}],\"version\":\"4.2.11\"} --><\/p>\n","protected":false},"excerpt":{"rendered":"<p>Korff lokal Wir sind einer der gr\u00f6\u00dften Arbeitgeber in der Gemeinde Sob\u00f3tka und nehmen aktiv am Gemeindeleben teil. Wir engagieren uns in lokalen Projekten, die sowohl die Region f\u00f6rdern als auch die Menschen vor Ort unterst\u00fctzen. Wir helfen bei der Organisation von Wohlt\u00e4tigkeitsveranstaltungen sowie sportlichen und kulturellen Events. Wir unterst\u00fctzen gerne die Aktivit\u00e4ten der lokalen [&hellip;]<\/p>\n","protected":false},"author":1,"featured_media":0,"parent":0,"menu_order":0,"comment_status":"closed","ping_status":"closed","template":"","meta":{"footnotes":""},"class_list":["post-2057","page","type-page","status-publish","hentry"],"yoast_head":"<!-- This site is optimized with the Yoast SEO plugin v27.1.1 - https:\/\/yoast.com\/product\/yoast-seo-wordpress\/ -->\n<title>Korff lokal - Korff Isolmatic<\/title>\n<meta name=\"description\" content=\"Korff Isolmatic \u2013 producent technicznych wyrob\u00f3w izolacyjnych oraz mocowa\u0144 zimnochronnych\" \/>\n<meta name=\"robots\" content=\"index, follow, max-snippet:-1, max-image-preview:large, max-video-preview:-1\" \/>\n<link rel=\"canonical\" href=\"https:\/\/korff.pl\/de\/korff-lokal\/\" \/>\n<meta property=\"og:locale\" content=\"de_DE\" \/>\n<meta property=\"og:type\" content=\"article\" \/>\n<meta property=\"og:title\" content=\"Korff lokal - Korff Isolmatic\" \/>\n<meta property=\"og:description\" content=\"Korff Isolmatic \u2013 producent technicznych wyrob\u00f3w izolacyjnych oraz mocowa\u0144 zimnochronnych\" \/>\n<meta property=\"og:url\" content=\"https:\/\/korff.pl\/de\/korff-lokal\/\" \/>\n<meta property=\"og:site_name\" content=\"Korff Isolmatic\" \/>\n<meta property=\"article:modified_time\" content=\"2024-02-02T08:48:54+00:00\" \/>\n<meta property=\"og:image\" content=\"https:\/\/korff.pl\/wp-content\/uploads\/2023\/07\/DSC_0381-2.jpg\" \/>\n\t<meta property=\"og:image:width\" content=\"1000\" \/>\n\t<meta property=\"og:image:height\" content=\"667\" \/>\n\t<meta property=\"og:image:type\" content=\"image\/jpeg\" \/>\n<meta name=\"twitter:card\" content=\"summary_large_image\" \/>\n<meta name=\"twitter:label1\" content=\"Gesch\u00e4tzte Lesezeit\" \/>\n\t<meta name=\"twitter:data1\" content=\"6\u00a0Minuten\" \/>\n<script type=\"application\/ld+json\" class=\"yoast-schema-graph\">{\"@context\":\"https:\/\/schema.org\",\"@graph\":[{\"@type\":\"WebPage\",\"@id\":\"https:\/\/korff.pl\/de\/korff-lokal\/\",\"url\":\"https:\/\/korff.pl\/de\/korff-lokal\/\",\"name\":\"Korff lokal - Korff Isolmatic\",\"isPartOf\":{\"@id\":\"https:\/\/korff.pl\/de\/#website\"},\"datePublished\":\"2023-10-27T12:20:46+00:00\",\"dateModified\":\"2024-02-02T08:48:54+00:00\",\"description\":\"Korff Isolmatic \u2013 producent technicznych wyrob\u00f3w izolacyjnych oraz mocowa\u0144 zimnochronnych\",\"breadcrumb\":{\"@id\":\"https:\/\/korff.pl\/de\/korff-lokal\/#breadcrumb\"},\"inLanguage\":\"de\",\"potentialAction\":[{\"@type\":\"ReadAction\",\"target\":[\"https:\/\/korff.pl\/de\/korff-lokal\/\"]}]},{\"@type\":\"BreadcrumbList\",\"@id\":\"https:\/\/korff.pl\/de\/korff-lokal\/#breadcrumb\",\"itemListElement\":[{\"@type\":\"ListItem\",\"position\":1,\"name\":\"Strona g\u0142\u00f3wna\",\"item\":\"https:\/\/korff.pl\/de\/\"},{\"@type\":\"ListItem\",\"position\":2,\"name\":\"Korff lokal\"}]},{\"@type\":\"WebSite\",\"@id\":\"https:\/\/korff.pl\/de\/#website\",\"url\":\"https:\/\/korff.pl\/de\/\",\"name\":\"Korff Isolmatic\",\"description\":\"Producent technicznych wyrob\u00f3w izolacyjnych oraz mocowa\u0144 zimnochronnych\",\"publisher\":{\"@id\":\"https:\/\/korff.pl\/de\/#organization\"},\"potentialAction\":[{\"@type\":\"SearchAction\",\"target\":{\"@type\":\"EntryPoint\",\"urlTemplate\":\"https:\/\/korff.pl\/de\/?s={search_term_string}\"},\"query-input\":{\"@type\":\"PropertyValueSpecification\",\"valueRequired\":true,\"valueName\":\"search_term_string\"}}],\"inLanguage\":\"de\"},{\"@type\":\"Organization\",\"@id\":\"https:\/\/korff.pl\/de\/#organization\",\"name\":\"Korff Isolmatic Sp. z o.o.\",\"url\":\"https:\/\/korff.pl\/de\/\",\"logo\":{\"@type\":\"ImageObject\",\"inLanguage\":\"de\",\"@id\":\"https:\/\/korff.pl\/de\/#\/schema\/logo\/image\/\",\"url\":\"https:\/\/korff2023.korff.pl\/wp-content\/uploads\/2023\/06\/KI_logo_main_RGB_M.png\",\"contentUrl\":\"https:\/\/korff2023.korff.pl\/wp-content\/uploads\/2023\/06\/KI_logo_main_RGB_M.png\",\"width\":750,\"height\":185,\"caption\":\"Korff Isolmatic Sp. z o.o.\"},\"image\":{\"@id\":\"https:\/\/korff.pl\/de\/#\/schema\/logo\/image\/\"}}]}<\/script>\n<!-- \/ Yoast SEO plugin. -->","yoast_head_json":{"title":"Korff lokal - Korff Isolmatic","description":"Korff Isolmatic \u2013 producent technicznych wyrob\u00f3w izolacyjnych oraz mocowa\u0144 zimnochronnych","robots":{"index":"index","follow":"follow","max-snippet":"max-snippet:-1","max-image-preview":"max-image-preview:large","max-video-preview":"max-video-preview:-1"},"canonical":"https:\/\/korff.pl\/de\/korff-lokal\/","og_locale":"de_DE","og_type":"article","og_title":"Korff lokal - Korff Isolmatic","og_description":"Korff Isolmatic \u2013 producent technicznych wyrob\u00f3w izolacyjnych oraz mocowa\u0144 zimnochronnych","og_url":"https:\/\/korff.pl\/de\/korff-lokal\/","og_site_name":"Korff Isolmatic","article_modified_time":"2024-02-02T08:48:54+00:00","og_image":[{"width":1000,"height":667,"url":"https:\/\/korff.pl\/wp-content\/uploads\/2023\/07\/DSC_0381-2.jpg","type":"image\/jpeg"}],"twitter_card":"summary_large_image","twitter_misc":{"Gesch\u00e4tzte Lesezeit":"6\u00a0Minuten"},"schema":{"@context":"https:\/\/schema.org","@graph":[{"@type":"WebPage","@id":"https:\/\/korff.pl\/de\/korff-lokal\/","url":"https:\/\/korff.pl\/de\/korff-lokal\/","name":"Korff lokal - Korff Isolmatic","isPartOf":{"@id":"https:\/\/korff.pl\/de\/#website"},"datePublished":"2023-10-27T12:20:46+00:00","dateModified":"2024-02-02T08:48:54+00:00","description":"Korff Isolmatic \u2013 producent technicznych wyrob\u00f3w izolacyjnych oraz mocowa\u0144 zimnochronnych","breadcrumb":{"@id":"https:\/\/korff.pl\/de\/korff-lokal\/#breadcrumb"},"inLanguage":"de","potentialAction":[{"@type":"ReadAction","target":["https:\/\/korff.pl\/de\/korff-lokal\/"]}]},{"@type":"BreadcrumbList","@id":"https:\/\/korff.pl\/de\/korff-lokal\/#breadcrumb","itemListElement":[{"@type":"ListItem","position":1,"name":"Strona g\u0142\u00f3wna","item":"https:\/\/korff.pl\/de\/"},{"@type":"ListItem","position":2,"name":"Korff lokal"}]},{"@type":"WebSite","@id":"https:\/\/korff.pl\/de\/#website","url":"https:\/\/korff.pl\/de\/","name":"Korff Isolmatic","description":"Producent technicznych wyrob\u00f3w izolacyjnych oraz mocowa\u0144 zimnochronnych","publisher":{"@id":"https:\/\/korff.pl\/de\/#organization"},"potentialAction":[{"@type":"SearchAction","target":{"@type":"EntryPoint","urlTemplate":"https:\/\/korff.pl\/de\/?s={search_term_string}"},"query-input":{"@type":"PropertyValueSpecification","valueRequired":true,"valueName":"search_term_string"}}],"inLanguage":"de"},{"@type":"Organization","@id":"https:\/\/korff.pl\/de\/#organization","name":"Korff Isolmatic Sp. z o.o.","url":"https:\/\/korff.pl\/de\/","logo":{"@type":"ImageObject","inLanguage":"de","@id":"https:\/\/korff.pl\/de\/#\/schema\/logo\/image\/","url":"https:\/\/korff2023.korff.pl\/wp-content\/uploads\/2023\/06\/KI_logo_main_RGB_M.png","contentUrl":"https:\/\/korff2023.korff.pl\/wp-content\/uploads\/2023\/06\/KI_logo_main_RGB_M.png","width":750,"height":185,"caption":"Korff Isolmatic Sp. z o.o."},"image":{"@id":"https:\/\/korff.pl\/de\/#\/schema\/logo\/image\/"}}]}},"_links":{"self":[{"href":"https:\/\/korff.pl\/de\/wp-json\/wp\/v2\/pages\/2057","targetHints":{"allow":["GET"]}}],"collection":[{"href":"https:\/\/korff.pl\/de\/wp-json\/wp\/v2\/pages"}],"about":[{"href":"https:\/\/korff.pl\/de\/wp-json\/wp\/v2\/types\/page"}],"author":[{"embeddable":true,"href":"https:\/\/korff.pl\/de\/wp-json\/wp\/v2\/users\/1"}],"replies":[{"embeddable":true,"href":"https:\/\/korff.pl\/de\/wp-json\/wp\/v2\/comments?post=2057"}],"version-history":[{"count":4,"href":"https:\/\/korff.pl\/de\/wp-json\/wp\/v2\/pages\/2057\/revisions"}],"predecessor-version":[{"id":2170,"href":"https:\/\/korff.pl\/de\/wp-json\/wp\/v2\/pages\/2057\/revisions\/2170"}],"wp:attachment":[{"href":"https:\/\/korff.pl\/de\/wp-json\/wp\/v2\/media?parent=2057"}],"curies":[{"name":"wp","href":"https:\/\/api.w.org\/{rel}","templated":true}]}}