{"id":2054,"date":"2023-06-16T13:13:31","date_gmt":"2023-06-16T11:13:31","guid":{"rendered":"https:\/\/korff.pl\/kariera\/"},"modified":"2024-01-29T16:23:28","modified_gmt":"2024-01-29T15:23:28","slug":"karriere","status":"publish","type":"page","link":"https:\/\/korff.pl\/de\/karriere\/","title":{"rendered":"Karriere"},"content":{"rendered":"<h1>Als wachsendes und innovatives Unternehmen sind wir auf der Suche nach Spezialisten in den Bereichen Isolierung und Bauwesen sowie nach Produktionsunternehmen, die in diesen Bereichen t\u00e4tig sind.<br \/>\n <\/h1>\n<div>Wenn Sie die Pr\u00e4sentation unseres Unternehmens interessant finden und \u00fcber Erfahrungen in den genannten Branchen verf\u00fcgen sowie Ihr Wissen vertiefen m\u00f6chten, laden wir Sie ein, sich unserem Team anzuschlie\u00dfen. In unserem Unternehmen sind derzeit folgende Stellen zu besetzen:<\/div>\n<ul>\n<li>\n<p>        <img decoding=\"async\" src=\"\/wp-content\/uploads\/2023\/06\/favicon.png\" alt=\"\"><\/p>\n<h2>CNC-Maschinenbediener (w,m,d) <\/h2>\n<div>Einsatzort: Wojnarowice<\/div>\n<p><a href=\"\/de\/karriere\/cnc-maschinenbediener\/\">Zum Angebot<\/a><\/p>\n<\/li>\n<li>\n<p>        <img decoding=\"async\" src=\"\/wp-content\/uploads\/2023\/06\/favicon.png\" alt=\"\"><\/p>\n<h2> Technologe \/ Produktions-<br \/>vorbereitungs-<br \/>techniker  (w,m,d) <\/h2>\n<div>Einsatzort: Wojnarowice<\/div>\n<p><a href=\"\/de\/karriere\/technologe\/\">Zum Angebot<\/a><\/p>\n<\/li>\n<li>\n<p>        <img decoding=\"async\" src=\"\/wp-content\/uploads\/2023\/06\/favicon.png\" alt=\"\"><\/p>\n<h2>Mechaniker\/ Elektromechaniker in der Betriebserhaltungs-<br \/>abteilung (w,m,d) <\/h2>\n<div>Einsatzort: Wojnarowice<\/div>\n<p><a href=\"\/de\/karriere\/mechaniker\">Zum Angebot<\/a><\/p>\n<\/li>\n<\/ul>\n<div>Kontakt <\/div>\n<div>Korff Isolmatic Sp. z o.o.<br \/>\nWojnarowice, ul. Lotnicza&nbsp;12<br \/>\nPL 55-050 Sob\u00f3tka 1\n<\/div>\n<div>\n<p>tel: 0048 71 39 09 099<\/p>\n<p>info[at]korff.pl<\/p>\n<\/div>\n<div><a href=\"\/de\/datenschutzrichtlinie\/\">Datenschutzrichtlinie<\/a><\/p>\n<p><a href=\"\/de\/datenschutzerklarung\/\">Datenschutzerkl\u00e4rung<\/a> \n<\/div>\n<p><img decoding=\"async\" src=\"\/wp-content\/uploads\/2023\/06\/save-energy.png\" alt=\"\"><\/p>\n<p><!--more--><br \/>\n<!-- {\"type\":\"layout\",\"children\":[{\"type\":\"section\",\"props\":{\"header_transparent\":\"dark\",\"header_transparent_noplaceholder\":false,\"id\":\"mainFirst\",\"image_position\":\"center-center\",\"padding\":\"large\",\"padding_remove_bottom\":true,\"style\":\"default\",\"title_breakpoint\":\"xl\",\"title_position\":\"top-left\",\"title_rotation\":\"left\",\"vertical_align\":\"middle\",\"width\":\"default\"},\"children\":[{\"type\":\"row\",\"props\":{\"layout\":\"1-2,1-2\"},\"children\":[{\"type\":\"column\",\"props\":{\"image_position\":\"center-center\",\"position_sticky_breakpoint\":\"m\",\"width_medium\":\"1-2\"},\"children\":[{\"type\":\"headline\",\"props\":{\"class\":\"bolder\",\"content\":\"Als wachsendes und innovatives Unternehmen sind wir auf der Suche nach Spezialisten in den Bereichen Isolierung und Bauwesen sowie nach Produktionsunternehmen, die in diesen Bereichen t\\u00e4tig sind.\\n \",\"maxwidth\":\"xlarge\",\"title_element\":\"h1\",\"title_font_family\":\"primary\",\"title_style\":\"h3\"}},{\"type\":\"headline\",\"props\":{\"content\":\"Wenn Sie die Pr\\u00e4sentation unseres Unternehmens interessant finden und \\u00fcber Erfahrungen in den genannten Branchen verf\\u00fcgen sowie Ihr Wissen vertiefen m\\u00f6chten, laden wir Sie ein, sich unserem Team anzuschlie\\u00dfen. In unserem Unternehmen sind derzeit folgende Stellen zu besetzen:\",\"maxwidth\":\"xlarge\",\"title_element\":\"div\"}}]},{\"type\":\"column\",\"props\":{\"image_position\":\"center-center\",\"position_sticky_breakpoint\":\"m\",\"width_medium\":\"1-2\"}}]}],\"name\":\"main 1 s\"},{\"type\":\"section\",\"props\":{\"animation\":\"fade\",\"image_position\":\"center-center\",\"padding\":\"large\",\"padding_remove_bottom\":true,\"style\":\"default\",\"title_breakpoint\":\"xl\",\"title_position\":\"top-left\",\"title_rotation\":\"left\",\"vertical_align\":\"middle\",\"width\":\"default\"},\"children\":[{\"type\":\"row\",\"children\":[{\"type\":\"column\",\"props\":{\"image_position\":\"center-center\",\"position_sticky_breakpoint\":\"m\"},\"children\":[{\"type\":\"grid\",\"props\":{\"animation\":\"fade\",\"content_column_breakpoint\":\"m\",\"filter_align\":\"left\",\"filter_all\":true,\"filter_grid_breakpoint\":\"m\",\"filter_grid_width\":\"auto\",\"filter_position\":\"top\",\"filter_style\":\"tab\",\"grid_column_align\":true,\"grid_default\":\"1\",\"grid_medium\":\"3\",\"grid_row_align\":false,\"grid_small\":\"2\",\"icon_width\":80,\"image_align\":\"top\",\"image_grid_breakpoint\":\"m\",\"image_grid_width\":\"1-2\",\"image_loading\":true,\"image_svg_animate\":false,\"image_svg_color\":\"emphasis\",\"image_svg_inline\":true,\"image_width\":\"80\",\"item_animation\":true,\"link_margin\":\"medium\",\"link_style\":\"secondary\",\"link_text\":\"Przejd\\u017a do oferty\",\"margin\":\"default\",\"meta_align\":\"below-title\",\"meta_element\":\"div\",\"meta_style\":\"text-meta\",\"panel_padding\":\"large\",\"panel_style\":\"tile-muted\",\"parallax_easing\":\"1\",\"show_content\":true,\"show_image\":true,\"show_link\":true,\"show_meta\":true,\"show_title\":true,\"text_align\":\"center\",\"title_align\":\"top\",\"title_element\":\"h2\",\"title_grid_breakpoint\":\"m\",\"title_grid_width\":\"1-2\",\"title_hover_style\":\"reset\"},\"children\":[{\"type\":\"grid_item\",\"props\":{\"content\":\"Einsatzort: Wojnarowice\",\"image\":\"wp-content\\\/uploads\\\/2023\\\/06\\\/favicon.png\",\"link\":\"de\\\/karriere\\\/cnc-maschinenbediener\\\/\",\"link_text\":\"Zum Angebot\",\"panel_style\":\"tile-muted\",\"title\":\"CNC-Maschinenbediener (w,m,d) \"}},{\"type\":\"grid_item\",\"props\":{\"content\":\"Einsatzort: Wojnarowice\",\"image\":\"wp-content\\\/uploads\\\/2023\\\/06\\\/favicon.png\",\"link\":\"de\\\/karriere\\\/technologe\\\/\",\"link_text\":\"Zum Angebot\",\"panel_style\":\"tile-muted\",\"title\":\" Technologe \\\/ Produktions-<br\\\/>vorbereitungs-<br\\\/>techniker  (w,m,d) \"}},{\"type\":\"grid_item\",\"props\":{\"content\":\"Einsatzort: Wojnarowice\",\"image\":\"wp-content\\\/uploads\\\/2023\\\/06\\\/favicon.png\",\"link\":\"de\\\/karriere\\\/mechaniker\",\"link_text\":\"Zum Angebot\",\"panel_style\":\"tile-muted\",\"title\":\"Mechaniker\\\/ Elektromechaniker in der Betriebserhaltungs-<br\\\/>abteilung (w,m,d) \"}}],\"name\":\"Aktualne oferty\"}]}]}],\"name\":\"Support\"},{\"type\":\"section\",\"props\":{\"image_position\":\"center-center\",\"style\":\"default\",\"title_breakpoint\":\"xl\",\"title_position\":\"top-left\",\"title_rotation\":\"left\",\"vertical_align\":\"middle\",\"width\":\"default\"},\"children\":[{\"type\":\"row\",\"children\":[{\"type\":\"column\",\"props\":{\"image_position\":\"center-center\",\"position_sticky_breakpoint\":\"m\"},\"children\":[{\"type\":\"divider\",\"props\":{\"divider_element\":\"div\"}},{\"type\":\"headline\",\"props\":{\"content\":\"Kontakt \",\"title_element\":\"div\",\"title_style\":\"h2\"}}]}]},{\"type\":\"row\",\"props\":{\"column_gap\":\"small\",\"layout\":\"1-4,1-4,1-4,1-4|1-2,1-2,1-2,1-2\"},\"children\":[{\"type\":\"column\",\"props\":{\"image_position\":\"center-center\",\"position_sticky_breakpoint\":\"m\",\"width_medium\":\"1-4\",\"width_small\":\"1-3\"},\"children\":[{\"type\":\"text\",\"props\":{\"column_breakpoint\":\"m\",\"content\":\"Korff Isolmatic Sp. z o.o.<br\\\/>\\nWojnarowice, ul. Lotnicza&nbsp;12<br\\\/>\\nPL 55-050 Sob\\u00f3tka 1<br\\\/>\\n\",\"margin\":\"default\",\"text_color\":\"secondary\"}}]},{\"type\":\"column\",\"props\":{\"image_position\":\"center-center\",\"position_sticky_breakpoint\":\"m\",\"width_medium\":\"1-4\",\"width_small\":\"1-3\"},\"children\":[{\"type\":\"text\",\"props\":{\"column_breakpoint\":\"m\",\"content\":\"\\n\\ntel: 0048 71 39 09 099<br\\\/>\\n\\ninfo[at]korff.pl<br\\\/>\\n\\n\\n\",\"margin\":\"default\",\"text_color\":\"secondary\"}}]},{\"type\":\"column\",\"props\":{\"image_position\":\"center-center\",\"position_sticky_breakpoint\":\"m\",\"width_medium\":\"1-4\",\"width_small\":\"1-3\"},\"children\":[{\"type\":\"text\",\"props\":{\"column_breakpoint\":\"m\",\"content\":\"<a href=\\\"\\\/de\\\/datenschutzrichtlinie\\\/\\\">Datenschutzrichtlinie<\\\/a><br\\\/>\\n\\n<a href=\\\"\\\/de\\\/datenschutzerklarung\\\/\\\">Datenschutzerkl\\u00e4rung<\\\/a> <br\\\/>\\n\",\"margin\":\"default\",\"text_color\":\"primary\"}}]},{\"type\":\"column\",\"props\":{\"image_position\":\"center-center\",\"position_sticky_breakpoint\":\"m\",\"width_medium\":\"1-4\",\"width_small\":\"1-2\"},\"children\":[{\"type\":\"image\",\"props\":{\"image\":\"wp-content\\\/uploads\\\/2023\\\/06\\\/save-energy.png\",\"image_svg_color\":\"emphasis\",\"margin\":\"default\",\"text_align\":\"right\"}}]}]},{\"type\":\"row\",\"children\":[{\"type\":\"column\",\"props\":{\"image_position\":\"center-center\",\"position_sticky_breakpoint\":\"m\"},\"children\":[{\"type\":\"totop\",\"props\":{\"margin\":\"default\",\"text_align\":\"right\",\"title_grid_column_gap\":\"small\",\"title_grid_row_gap\":\"small\"}}]}]}],\"name\":\"footer de\"}],\"version\":\"4.2.11\"} --><\/p>\n","protected":false},"excerpt":{"rendered":"<p>Als wachsendes und innovatives Unternehmen sind wir auf der Suche nach Spezialisten in den Bereichen Isolierung und Bauwesen sowie nach Produktionsunternehmen, die in diesen Bereichen t\u00e4tig sind. Wenn Sie die Pr\u00e4sentation unseres Unternehmens interessant finden und \u00fcber Erfahrungen in den genannten Branchen verf\u00fcgen sowie Ihr Wissen vertiefen m\u00f6chten, laden wir Sie ein, sich unserem Team [&hellip;]<\/p>\n","protected":false},"author":1,"featured_media":1738,"parent":0,"menu_order":0,"comment_status":"closed","ping_status":"closed","template":"","meta":{"footnotes":""},"class_list":["post-2054","page","type-page","status-publish","has-post-thumbnail","hentry"],"yoast_head":"<!-- This site is optimized with the Yoast SEO plugin v27.1.1 - https:\/\/yoast.com\/product\/yoast-seo-wordpress\/ -->\n<title>Karriere - Korff Isolmatic<\/title>\n<meta name=\"description\" content=\"Korff Isolmatic \u2013 producent technicznych wyrob\u00f3w izolacyjnych oraz mocowa\u0144 zimnochronnych\" \/>\n<meta name=\"robots\" content=\"index, follow, max-snippet:-1, max-image-preview:large, max-video-preview:-1\" \/>\n<link rel=\"canonical\" href=\"https:\/\/korff.pl\/de\/karriere\/\" \/>\n<meta property=\"og:locale\" content=\"de_DE\" \/>\n<meta property=\"og:type\" content=\"article\" \/>\n<meta property=\"og:title\" content=\"Karriere - Korff Isolmatic\" \/>\n<meta property=\"og:description\" content=\"Korff Isolmatic \u2013 producent technicznych wyrob\u00f3w izolacyjnych oraz mocowa\u0144 zimnochronnych\" \/>\n<meta property=\"og:url\" content=\"https:\/\/korff.pl\/de\/karriere\/\" \/>\n<meta property=\"og:site_name\" content=\"Korff Isolmatic\" \/>\n<meta property=\"article:modified_time\" content=\"2024-01-29T15:23:28+00:00\" \/>\n<meta property=\"og:image\" content=\"https:\/\/korff.pl\/wp-content\/uploads\/2023\/07\/DSC_0381-2.jpg\" \/>\n\t<meta property=\"og:image:width\" content=\"1000\" \/>\n\t<meta property=\"og:image:height\" content=\"667\" \/>\n\t<meta property=\"og:image:type\" content=\"image\/jpeg\" \/>\n<meta name=\"twitter:card\" content=\"summary_large_image\" \/>\n<meta name=\"twitter:label1\" content=\"Gesch\u00e4tzte Lesezeit\" \/>\n\t<meta name=\"twitter:data1\" content=\"2\u00a0Minuten\" \/>\n<script type=\"application\/ld+json\" class=\"yoast-schema-graph\">{\"@context\":\"https:\/\/schema.org\",\"@graph\":[{\"@type\":\"WebPage\",\"@id\":\"https:\/\/korff.pl\/de\/karriere\/\",\"url\":\"https:\/\/korff.pl\/de\/karriere\/\",\"name\":\"Karriere - Korff Isolmatic\",\"isPartOf\":{\"@id\":\"https:\/\/korff.pl\/de\/#website\"},\"primaryImageOfPage\":{\"@id\":\"https:\/\/korff.pl\/de\/karriere\/#primaryimage\"},\"image\":{\"@id\":\"https:\/\/korff.pl\/de\/karriere\/#primaryimage\"},\"thumbnailUrl\":\"https:\/\/korff.pl\/wp-content\/uploads\/2023\/12\/magazyn-23-2.jpg\",\"datePublished\":\"2023-06-16T11:13:31+00:00\",\"dateModified\":\"2024-01-29T15:23:28+00:00\",\"description\":\"Korff Isolmatic \u2013 producent technicznych wyrob\u00f3w izolacyjnych oraz mocowa\u0144 zimnochronnych\",\"breadcrumb\":{\"@id\":\"https:\/\/korff.pl\/de\/karriere\/#breadcrumb\"},\"inLanguage\":\"de\",\"potentialAction\":[{\"@type\":\"ReadAction\",\"target\":[\"https:\/\/korff.pl\/de\/karriere\/\"]}]},{\"@type\":\"ImageObject\",\"inLanguage\":\"de\",\"@id\":\"https:\/\/korff.pl\/de\/karriere\/#primaryimage\",\"url\":\"https:\/\/korff.pl\/wp-content\/uploads\/2023\/12\/magazyn-23-2.jpg\",\"contentUrl\":\"https:\/\/korff.pl\/wp-content\/uploads\/2023\/12\/magazyn-23-2.jpg\",\"width\":1000,\"height\":667},{\"@type\":\"BreadcrumbList\",\"@id\":\"https:\/\/korff.pl\/de\/karriere\/#breadcrumb\",\"itemListElement\":[{\"@type\":\"ListItem\",\"position\":1,\"name\":\"Strona g\u0142\u00f3wna\",\"item\":\"https:\/\/korff.pl\/de\/\"},{\"@type\":\"ListItem\",\"position\":2,\"name\":\"Karriere\"}]},{\"@type\":\"WebSite\",\"@id\":\"https:\/\/korff.pl\/de\/#website\",\"url\":\"https:\/\/korff.pl\/de\/\",\"name\":\"Korff Isolmatic\",\"description\":\"Producent technicznych wyrob\u00f3w izolacyjnych oraz mocowa\u0144 zimnochronnych\",\"publisher\":{\"@id\":\"https:\/\/korff.pl\/de\/#organization\"},\"potentialAction\":[{\"@type\":\"SearchAction\",\"target\":{\"@type\":\"EntryPoint\",\"urlTemplate\":\"https:\/\/korff.pl\/de\/?s={search_term_string}\"},\"query-input\":{\"@type\":\"PropertyValueSpecification\",\"valueRequired\":true,\"valueName\":\"search_term_string\"}}],\"inLanguage\":\"de\"},{\"@type\":\"Organization\",\"@id\":\"https:\/\/korff.pl\/de\/#organization\",\"name\":\"Korff Isolmatic Sp. z o.o.\",\"url\":\"https:\/\/korff.pl\/de\/\",\"logo\":{\"@type\":\"ImageObject\",\"inLanguage\":\"de\",\"@id\":\"https:\/\/korff.pl\/de\/#\/schema\/logo\/image\/\",\"url\":\"https:\/\/korff2023.korff.pl\/wp-content\/uploads\/2023\/06\/KI_logo_main_RGB_M.png\",\"contentUrl\":\"https:\/\/korff2023.korff.pl\/wp-content\/uploads\/2023\/06\/KI_logo_main_RGB_M.png\",\"width\":750,\"height\":185,\"caption\":\"Korff Isolmatic Sp. z o.o.\"},\"image\":{\"@id\":\"https:\/\/korff.pl\/de\/#\/schema\/logo\/image\/\"}}]}<\/script>\n<!-- \/ Yoast SEO plugin. -->","yoast_head_json":{"title":"Karriere - Korff Isolmatic","description":"Korff Isolmatic \u2013 producent technicznych wyrob\u00f3w izolacyjnych oraz mocowa\u0144 zimnochronnych","robots":{"index":"index","follow":"follow","max-snippet":"max-snippet:-1","max-image-preview":"max-image-preview:large","max-video-preview":"max-video-preview:-1"},"canonical":"https:\/\/korff.pl\/de\/karriere\/","og_locale":"de_DE","og_type":"article","og_title":"Karriere - Korff Isolmatic","og_description":"Korff Isolmatic \u2013 producent technicznych wyrob\u00f3w izolacyjnych oraz mocowa\u0144 zimnochronnych","og_url":"https:\/\/korff.pl\/de\/karriere\/","og_site_name":"Korff Isolmatic","article_modified_time":"2024-01-29T15:23:28+00:00","og_image":[{"width":1000,"height":667,"url":"https:\/\/korff.pl\/wp-content\/uploads\/2023\/07\/DSC_0381-2.jpg","type":"image\/jpeg"}],"twitter_card":"summary_large_image","twitter_misc":{"Gesch\u00e4tzte Lesezeit":"2\u00a0Minuten"},"schema":{"@context":"https:\/\/schema.org","@graph":[{"@type":"WebPage","@id":"https:\/\/korff.pl\/de\/karriere\/","url":"https:\/\/korff.pl\/de\/karriere\/","name":"Karriere - Korff Isolmatic","isPartOf":{"@id":"https:\/\/korff.pl\/de\/#website"},"primaryImageOfPage":{"@id":"https:\/\/korff.pl\/de\/karriere\/#primaryimage"},"image":{"@id":"https:\/\/korff.pl\/de\/karriere\/#primaryimage"},"thumbnailUrl":"https:\/\/korff.pl\/wp-content\/uploads\/2023\/12\/magazyn-23-2.jpg","datePublished":"2023-06-16T11:13:31+00:00","dateModified":"2024-01-29T15:23:28+00:00","description":"Korff Isolmatic \u2013 producent technicznych wyrob\u00f3w izolacyjnych oraz mocowa\u0144 zimnochronnych","breadcrumb":{"@id":"https:\/\/korff.pl\/de\/karriere\/#breadcrumb"},"inLanguage":"de","potentialAction":[{"@type":"ReadAction","target":["https:\/\/korff.pl\/de\/karriere\/"]}]},{"@type":"ImageObject","inLanguage":"de","@id":"https:\/\/korff.pl\/de\/karriere\/#primaryimage","url":"https:\/\/korff.pl\/wp-content\/uploads\/2023\/12\/magazyn-23-2.jpg","contentUrl":"https:\/\/korff.pl\/wp-content\/uploads\/2023\/12\/magazyn-23-2.jpg","width":1000,"height":667},{"@type":"BreadcrumbList","@id":"https:\/\/korff.pl\/de\/karriere\/#breadcrumb","itemListElement":[{"@type":"ListItem","position":1,"name":"Strona g\u0142\u00f3wna","item":"https:\/\/korff.pl\/de\/"},{"@type":"ListItem","position":2,"name":"Karriere"}]},{"@type":"WebSite","@id":"https:\/\/korff.pl\/de\/#website","url":"https:\/\/korff.pl\/de\/","name":"Korff Isolmatic","description":"Producent technicznych wyrob\u00f3w izolacyjnych oraz mocowa\u0144 zimnochronnych","publisher":{"@id":"https:\/\/korff.pl\/de\/#organization"},"potentialAction":[{"@type":"SearchAction","target":{"@type":"EntryPoint","urlTemplate":"https:\/\/korff.pl\/de\/?s={search_term_string}"},"query-input":{"@type":"PropertyValueSpecification","valueRequired":true,"valueName":"search_term_string"}}],"inLanguage":"de"},{"@type":"Organization","@id":"https:\/\/korff.pl\/de\/#organization","name":"Korff Isolmatic Sp. z o.o.","url":"https:\/\/korff.pl\/de\/","logo":{"@type":"ImageObject","inLanguage":"de","@id":"https:\/\/korff.pl\/de\/#\/schema\/logo\/image\/","url":"https:\/\/korff2023.korff.pl\/wp-content\/uploads\/2023\/06\/KI_logo_main_RGB_M.png","contentUrl":"https:\/\/korff2023.korff.pl\/wp-content\/uploads\/2023\/06\/KI_logo_main_RGB_M.png","width":750,"height":185,"caption":"Korff Isolmatic Sp. z o.o."},"image":{"@id":"https:\/\/korff.pl\/de\/#\/schema\/logo\/image\/"}}]}},"_links":{"self":[{"href":"https:\/\/korff.pl\/de\/wp-json\/wp\/v2\/pages\/2054","targetHints":{"allow":["GET"]}}],"collection":[{"href":"https:\/\/korff.pl\/de\/wp-json\/wp\/v2\/pages"}],"about":[{"href":"https:\/\/korff.pl\/de\/wp-json\/wp\/v2\/types\/page"}],"author":[{"embeddable":true,"href":"https:\/\/korff.pl\/de\/wp-json\/wp\/v2\/users\/1"}],"replies":[{"embeddable":true,"href":"https:\/\/korff.pl\/de\/wp-json\/wp\/v2\/comments?post=2054"}],"version-history":[{"count":6,"href":"https:\/\/korff.pl\/de\/wp-json\/wp\/v2\/pages\/2054\/revisions"}],"predecessor-version":[{"id":2153,"href":"https:\/\/korff.pl\/de\/wp-json\/wp\/v2\/pages\/2054\/revisions\/2153"}],"wp:featuredmedia":[{"embeddable":true,"href":"https:\/\/korff.pl\/de\/wp-json\/wp\/v2\/media\/1738"}],"wp:attachment":[{"href":"https:\/\/korff.pl\/de\/wp-json\/wp\/v2\/media?parent=2054"}],"curies":[{"name":"wp","href":"https:\/\/api.w.org\/{rel}","templated":true}]}}