{"id":2037,"date":"2023-06-16T14:26:27","date_gmt":"2023-06-16T12:26:27","guid":{"rendered":"https:\/\/korff.pl\/polityka-prywatnosci-korff-isolmatic-sp-z-o-o\/"},"modified":"2024-01-29T16:15:11","modified_gmt":"2024-01-29T15:15:11","slug":"datenschutzrichtlinie","status":"publish","type":"page","link":"https:\/\/korff.pl\/de\/datenschutzrichtlinie\/","title":{"rendered":"Datenschutzrichtlinie"},"content":{"rendered":"<h1>Polityka prywatno\u015bci serwisu internetowego Korff Isolmatic\u00a0sp.\u00a0z\u00a0o.o.<\/h1>\n<div>1. Administratorem Danych Osobowych na stronie internetowej pod adresem: www.korff-isolmatic.com, zwanej dalej Serwisem internetowym, jest  Korff Isolmatic Sp. z o.o. z siedzib\u0105 przy ul. Lotniczej 12, Wojnarowice, 55-050 Sob\u00f3tka, wpisan\u0105 do Krajowego Rejestru S\u0105dowego przez S\u0105d Rejonowy dla Wroc\u0142awia \u2013 Fabrycznej, VI Wydzia\u0142 Gospodarczy pod numerem KRS: 0000077092, NIP: 8990202326, REGON: 005979804.<\/p>\n<p>2. Szanuj\u0105c Pa\u0144stwa prawa jako podmiot\u00f3w danych osobowych (os\u00f3b, kt\u00f3rych dane dotycz\u0105) oraz respektuj\u0105c obowi\u0105zuj\u0105ce przepisy prawa, w tym w szczeg\u00f3lno\u015bci Rozporz\u0105dzenie Parlamentu Europejskiego i Rady (UE) 2016\/679 z dnia 27 kwietnia 2016 r. w sprawie ochrony os\u00f3b fizycznych w zwi\u0105zku z przetwarzaniem danych osobowych i w sprawie swobodnego przep\u0142ywu takich danych oraz uchylenia dyrektywy 95\/46\/WE (og\u00f3lne rozporz\u0105dzenie o ochronie danych), zwane dalej RODO, ustaw\u0119 z dnia 10 maja 2018 r. o ochronie danych osobowych (Dz. U. 2018, poz. 1000, zwan\u0105 dalej Ustaw\u0105) i inne w\u0142a\u015bciwe przepisy o ochronie danych osobowych, zobowi\u0105zujemy si\u0119 do zachowania bezpiecze\u0144stwa i poufno\u015bci pozyskanych od Pa\u0144stwa danych osobowych. Wszyscy pracownicy zostali odpowiednio przeszkoleni w zakresie przetwarzania danych osobowych, a jako Administrator Danych Osobowych wdro\u017cyli\u015bmy odpowiednie zabezpieczenia oraz \u015brodki techniczne i organizacyjne w celu zapewnienia najwy\u017cszego stopnia ochrony danych osobowych. Posiadamy wdro\u017cone procedury i polityki ochrony danych osobowych zgodne z RODO, dzi\u0119ki kt\u00f3rym zapewniamy zgodno\u015b\u0107 z prawem oraz rzetelno\u015b\u0107 proces\u00f3w przetwarzania danych, a tak\u017ce egzekwowalno\u015b\u0107 wszelkich praw przys\u0142uguj\u0105cych Pa\u0144stwu jako osobom, kt\u00f3rych dane dotycz\u0105. Dodatkowo w razie konieczno\u015bci wsp\u00f3\u0142pracujemy z organem nadzorczym na terenie Rzeczpospolitej Polskiej, tj. z Prezesem Urz\u0119du Ochrony Danych Osobowych (zwanym dalej PUODO).<\/p>\n<p>3. W naszym Serwisie internetowym zbieramy nast\u0119puj\u0105ce dane osobowe:<br \/>\na)    imi\u0119 i nazwisko \u2013 mog\u0105 by\u0107 przetwarzane, gdy jako u\u017cytkownicy naszego Serwisu internetowego (w tym klienci lub potencjalni klienci) przekazuj\u0105 nam je Pa\u0144stwo za po\u015brednictwem poczty elektronicznej, poczty tradycyjnej lub przy kontakcie telefonicznym, w celu skorzystania z naszej oferty,<br \/>\nb)    numer telefonu \u2013 mo\u017ce by\u0107 przetwarzany w przypadku kontaktu telefonicznego z Pa\u0144stwa strony (w tym jako klient\u00f3w lub potencjalnych klient\u00f3w), a tak\u017ce wtedy, gdy przeka\u017c\u0105 nam go Pa\u0144stwo za po\u015brednictwem poczty elektronicznej, lub poczty tradycyjnej, w celu umo\u017cliwienia nam kontaktu z Pa\u0144stwem w razie zaistnienia takiej potrzeby w zwi\u0105zku z realizacj\u0105 us\u0142ug na Pa\u0144stwa rzecz, jak r\u00f3wnie\u017c w celu udzielenia odpowiedzi na pytania zwi\u0105zane z nasz\u0105 ofert\u0105,<br \/>\nc)    adres e-mail \u2013 mo\u017ce by\u0107 przetwarzany, gdy jako u\u017cytkownicy naszego Serwisu internetowego (w tym klienci lub potencjalni klienci) przeka\u017c\u0105 nam go Pa\u0144stwo w przypadku kontaktu za po\u015brednictwem poczty elektronicznej, jak r\u00f3wnie\u017c za po\u015brednictwem poczty tradycyjnej lub przy kontakcie telefonicznym; poprzez adres e-mail wysy\u0142amy do Pa\u0144stwa potwierdzenie z\u0142o\u017conego zam\u00f3wienia, kontaktujemy si\u0119 z Pa\u0144stwem w razie zaistnienia takiej potrzeby zwi\u0105zanej z realizacj\u0105 zam\u00f3wienia, jak r\u00f3wnie\u017c odpowiadamy na pytania zwi\u0105zane z nasz\u0105 ofert\u0105; je\u017celi wyrazili Pa\u0144stwo zgod\u0119 na przekazywanie tre\u015bci marketingowych i zostali Pa\u0144stwo abonentem naszego newslettera, b\u0119dziemy r\u00f3wnie\u017c wysy\u0142a\u0107 do Pa\u0144stwa kilka razy w miesi\u0105cu informacje handlowe,<br \/>\nd)    NIP \u2013 Numer Identyfikacji Podatkowej pobieramy od przedsi\u0119biorc\u00f3w oraz os\u00f3b, kt\u00f3re \u017c\u0105daj\u0105 wystawienia faktury i posiadaj\u0105 numer NIP,<br \/>\ne)    adres IP urz\u0105dzenia lub identyfikator przegl\u0105darki \u2013 informacje wynikaj\u0105ce z og\u00f3lnych zasad po\u0142\u0105cze\u0144 realizowanych w Internecie, takie jak adres IP (oraz inne informacje zawarte w logach systemowych), wykorzystywane s\u0105 w celach technicznych oraz statystycznych, w tym w szczeg\u00f3lno\u015bci do zbierania og\u00f3lnych informacji demograficznych (np. o regionie, z kt\u00f3rego nast\u0119puje po\u0142\u0105czenie),<br \/>\nf)       ewentualnie inne dane mog\u0105 by\u0107 pobierane w ramach prowadzenia okre\u015blonych spraw lub mog\u0105 by\u0107 podane przez Pa\u0144stwa jako u\u017cytkownik\u00f3w naszego Serwisu internetowego (w tym jako klient\u00f3w lub potencjalnych klient\u00f3w) za po\u015brednictwem poczty elektronicznej, poczty tradycyjnej lub przy kontakcie telefonicznym.<\/p>\n<p>4. Podanie danych wskazanych w punkcie poprzedzaj\u0105cym jest konieczne w przypadkach w nim okre\u015blonych, w tym w szczeg\u00f3lno\u015bci:<br \/>\na)    w celu realizacji us\u0142ug zam\u00f3wionych przez Pa\u0144stwa w naszym Serwisie internetowym,<br \/>\nb)    w celu odpowiedzi na Pa\u0144stwa pytania oraz umo\u017cliwienie kontaktu za po\u015brednictwem poczty elektronicznej, poczty tradycyjnej lub kontaktu telefonicznego,<\/p>\n<p>5. Nasz Serwis internetowy wykorzystuje technologi\u0119 Cookies w celu dostosowania jego funkcjonowania do Pa\u0144stwa indywidualnych potrzeb. W zwi\u0105zku z tym mog\u0105 Pa\u0144stwo zgodzi\u0107 si\u0119 na to, aby wpisane przez Pa\u0144stwa dane i informacje zosta\u0142y zapami\u0119tane, dzi\u0119ki czemu mo\u017cliwe b\u0119dzie korzystanie z nich przy nast\u0119pnych odwiedzinach naszego Serwisu internetowego bez potrzeby powt\u00f3rnego ich wpisywania. W\u0142a\u015bciciele innych witryn nie b\u0119d\u0105 mieli dost\u0119pu do tych danych i informacji. Je\u017celi natomiast nie zgadzaj\u0105 si\u0119 Pa\u0144stwo na personalizowanie Serwisu internetowego, proponujemy wy\u0142\u0105czenie obs\u0142ugi plik\u00f3w Cookies w opcjach swojej przegl\u0105darki internetowej.<\/p>\n<p>6. Ka\u017cdy z Pa\u0144stwa jako osoba korzystaj\u0105ca z naszego Serwisu internetowego ma mo\u017cliwo\u015b\u0107 wyboru, czy i w jakim zakresie chce korzysta\u0107 z naszych us\u0142ug oraz udost\u0119pnia\u0107 informacje i dane o sobie, w zakresie okre\u015blonym tre\u015bci\u0105 niniejszej Polityki prywatno\u015bci.<\/p>\n<p>7. Zgodnie z zasad\u0105 minimalizacji przetwarzamy wy\u0142\u0105cznie te kategorie danych osobowych, kt\u00f3re s\u0105 niezb\u0119dne do osi\u0105gni\u0119cia cel\u00f3w, o kt\u00f3rych mowa w pkt. 3 i 4 powy\u017cej.<\/p>\n<p>8. Dane osobowe przetwarzamy przez okres niezb\u0119dny do osi\u0105gni\u0119cia cel\u00f3w wymienionych w pkt. 3 i 4 powy\u017cej. Dane osobowe mog\u0105 by\u0107 przetwarzane przez okres d\u0142u\u017cszy, w przypadku gdy takie uprawnienie lub obowi\u0105zek na\u0142o\u017cony na nas jako Administratora wynika ze szczeg\u00f3lnych przepis\u00f3w prawa, z prawnie uzasadnionego interesu Administratora, o kt\u00f3rym mowa w pkt. 10 lit. c poni\u017cej (tj. przez okres przedawnienia roszcze\u0144 lub zako\u0144czenia w\u0142a\u015bciwych post\u0119powa\u0144, je\u017celi w okresie przedawnienia zosta\u0142y one wszcz\u0119te) lub gdy us\u0142uga, kt\u00f3r\u0105 wykonujemy, ma charakter ci\u0105g\u0142y.<\/p>\n<p>9. \u0179r\u00f3d\u0142em przetwarzanych przez Administratora Danych Osobowych s\u0105 osoby, kt\u00f3rych dane dotycz\u0105.<\/p>\n<p>10. Podstaw\u0105 prawn\u0105 przetwarzania Pa\u0144stwa danych osobowych jest:<br \/>\na)    art. 6 ust. 1 lit. b RODO, tj. niezb\u0119dno\u015b\u0107 do wykonania umowy, kt\u00f3rej s\u0105 Pa\u0144stwo stron\u0105, lub do podj\u0119cia dzia\u0142a\u0144 na Pa\u0144stwa \u017c\u0105danie przed zawarciem umowy, lub<br \/>\nb)   art. 6 ust. 1 lit. c RODO, tj. niezb\u0119dno\u015b\u0107 do wype\u0142niania obowi\u0105zk\u00f3w prawnych ci\u0105\u017c\u0105cych na Administratorze, lub<br \/>\nc)    art. 6 ust. 1 lit. f RODO, tj. prawnie uzasadniony interes Administratora, jakim jest ustalenie, dochodzenie lub obrona roszcze\u0144 do czasu ich przedawnienia lub do czasu zako\u0144czenia w\u0142a\u015bciwych post\u0119powa\u0144, je\u015bli zosta\u0142y one wszcz\u0119te w tym okresie, lub<br \/>\nd)    art. 6 ust. 1 lit. a RODO, tj. Pa\u0144stwa zgoda na przetwarzanie danych osobowych w okre\u015blonych celach, gdy inne podstawy prawne przetwarzania danych osobowych nie maj\u0105 zastosowania.<\/p>\n<p>11. Dane osobowe nie s\u0105 przez nas przekazywane do pa\u0144stwa trzeciego lub organizacji mi\u0119dzynarodowej w rozumieniu przepis\u00f3w RODO. W przypadku, gdyby dane osobowe by\u0142y przekazywane do pa\u0144stwa trzeciego lub organizacji mi\u0119dzynarodowej, zostan\u0105 Pa\u0144stwo o tym uprzednio poinformowani, a Administrator b\u0119dzie stosowa\u0107 zabezpieczenia, o kt\u00f3rych mowa w rozdziale V RODO.<\/p>\n<p>12. \u017badnych osobowych nie udost\u0119pniamy podmiotom trzecim bez wyra\u017anej zgody osoby, kt\u00f3rej dane dotycz\u0105. Dane osobowe bez zgody osoby, kt\u00f3rej dane dotycz\u0105, mog\u0105 by\u0107 udost\u0119pniane wy\u0142\u0105cznie podmiotom prawa publicznego, tj. organom w\u0142adzy i administracji (np. organom podatkowym, organom \u015bcigania i innym podmiotom posiadaj\u0105cym umocowanie w powszechnie obowi\u0105zuj\u0105cych przepisach prawa).<\/p>\n<p>13. W przypadku wyst\u0119powania przycisku \u201eLubi\u0119 to!\u201d albo innych \u0142\u0105cz w ramach Aplikacji do kont Administratora w social media, w zakresie danych dotycz\u0105cych w szczeg\u00f3lno\u015bci IP lub identyfikatora przegl\u0105darki internetowej, w przypadku korzystania przez Administratora z produkt\u00f3w:<br \/>\na)    Facebook (np. Facebook, Messenger, Instagram) &#8211; powy\u017csze dane s\u0105 przetwarzane na zasadach wsp\u00f3\u0142administracji z Facebook Ireland Ltd. z siedzib\u0105 pod adresem: 4 Grand Canal Square, Grand Canal Harbour, Dublin 2, Irlandia,<br \/>\nJe\u017celi w przypadkach, o kt\u00f3rych mowa w niniejszym punkcie, mia\u0142oby miejsce przekazywanie danych osobowych do pa\u0144stw trzecich, odbywa si\u0119 to na zasadach okre\u015blonych w pkt. 11.<\/p>\n<p>14. Dane osobowe mog\u0105 by\u0107 powierzane do przetwarzania podmiotom przetwarzaj\u0105cym takie dane na nasz\u0105 rzecz jako Administratora Danych Osobowych. W takiej sytuacji jako Administrator Danych Osobowych zawieramy z podmiotem przetwarzaj\u0105cym umow\u0119 powierzenia przetwarzania danych osobowych. Podmiot przetwarzaj\u0105cy przetwarza powierzone dane osobowe wy\u0142\u0105cznie na potrzeby, w zakresie i w celach wskazanych w umowie powierzenia, o kt\u00f3rej mowa w zdaniu poprzedzaj\u0105cym. Bez powierzenia Pa\u0144stwa danych osobowych do przetwarzania nie mogliby\u015bmy prowadzi\u0107 swojej dzia\u0142alno\u015bci w ramach Serwisu internetowego. Jako Administrator Danych Osobowych powierzamy dane osobowe do przetwarzania nast\u0119puj\u0105cym podmiotom:<br \/>\na)    \u015bwiadcz\u0105cym us\u0142ugi hostingowe na rzecz strony internetowej, na kt\u00f3rej dzia\u0142a nasz Serwis internetowy,<br \/>\nb)    \u015bwiadcz\u0105cym na nasz\u0105 rzecz inne us\u0142ugi, kt\u00f3re s\u0105 niezb\u0119dne do bie\u017c\u0105cego funkcjonowania Serwisu internetowego.  <\/p>\n<p>15. Dane osobowe nie podlegaj\u0105 profilowaniu przez nas jako Administratora w rozumieniu przepis\u00f3w RODO.<\/p>\n<p>16. Zgodnie z przepisami RODO ka\u017cda osoba, kt\u00f3rej dane osobowe przetwarzamy jako Administrator Danych Osobowych, ma prawo do:<br \/>\na)    bycia informowanym o przetwarzaniu danych osobowych, o kt\u00f3rym mowa w art. 12 RODO,<br \/>\nb)    dost\u0119pu do swoich danych osobowych, o kt\u00f3rym mowa w art. 15 RODO,<br \/>\nc)    poprawiania, uzupe\u0142niania, uaktualniania, sprostowania danych osobowych, o kt\u00f3rych mowa w art. 16 RODO,<br \/>\nd)    usuni\u0119cia danych (prawo do bycia zapomnianym), o kt\u00f3rym mowa w art. 17 RODO,<br \/>\ne)    ograniczenia przetwarzania, o kt\u00f3rym mowa w art. 18 RODO,<br \/>\nf)    przenoszenia danych, o kt\u00f3rym mowa w art. 20 RODO,<br \/>\ng)    wniesienia sprzeciwu od przetwarzania danych osobowych, o czym mowa w art. 21 RODO,<br \/>\nh)    w przypadku podstawy prawnej, o kt\u00f3rej mowa w pkt. 10 lit. d powy\u017cej \u2013 prawo do cofni\u0119cia zgody w dowolnym momencie bez wp\u0142ywu na zgodno\u015b\u0107 z prawem przetwarzania, kt\u00f3rego dokonano na podstawie zgody przed jej cofni\u0119ciem,<br \/>\ni)    niepodlegania pro\ufb01lowaniu, o kt\u00f3rym mowa w art. 22 w zw. z art. 4 pkt 4 RODO,<br \/>\nj)    wniesienia skargi do organu nadzorczego (tj. do Prezesa Urz\u0119du Ochrony Danych Osobowych), o kt\u00f3rym mowa w art. 77 RODO, z uwzgl\u0119dnieniem zasad korzystania i realizowania tych uprawnie\u0144 wynikaj\u0105cych z przepis\u00f3w RODO.<\/p>\n<p>17. Je\u017celi chc\u0105 Pa\u0144stwo skorzysta\u0107 ze swoich praw, o kt\u00f3rych mowa w punkcie poprzedzaj\u0105cym, prosz\u0119 przes\u0142a\u0107 wiadomo\u015b\u0107 drog\u0105 poczty elektronicznej na adres e-mail lub w formie pisemnej na adres korespondencyjny, o kt\u00f3rych mowa w pkt. 18 poni\u017cej.<\/p>\n<p>18. Wszelkie zapytania, wnioski i skargi dotycz\u0105ce przetwarzania danych osobowych przez Administratora, zwane dalej Zg\u0142oszeniami, nale\u017cy kierowa\u0107 na nast\u0119puj\u0105cy adres e-mail: info@korff.pl  lub w formie pisemnej na nast\u0119puj\u0105cy adres: 55-050 Sob\u00f3tka, Wojnarowice, ul. Lotnicza 12.<\/p>\n<p>19. W tre\u015bci Zg\u0142oszenia nale\u017cy w spos\u00f3b wyra\u017any wskaza\u0107:<br \/>\na) dane osoby lub os\u00f3b, kt\u00f3rych dotyczy Zg\u0142oszenie,<br \/>\nb) zdarzenie, kt\u00f3re jest powodem Zg\u0142oszenia,<br \/>\nc) przedstawi\u0107 swoje \u017c\u0105dania oraz podstaw\u0119 prawn\u0105 tych \u017c\u0105da\u0144,<br \/>\nd) wskaza\u0107 oczekiwany spos\u00f3b za\u0142atwienia sprawy.<\/p>\n<p>20. Ka\u017cdy stwierdzony przypadek naruszenia bezpiecze\u0144stwa jest dokumentowany, a w razie wyst\u0105pienia jednej z sytuacji okre\u015blonych w przepisach RODO lub Ustawy, o takim naruszeniu przepis\u00f3w o ochronie danych osobowych informowane s\u0105 osoby, kt\u00f3rych dane dotycz\u0105, oraz \u2013 je\u017celi ma to zastosowanie \u2013 PUODO.<\/p>\n<p>21. Postanowienia niniejszej Polityki prywatno\u015bci stosuje si\u0119 w mo\u017cliwym zakresie odpowiednio do wszystkich os\u00f3b, z kt\u00f3rymi pozostajemy w stosunkach prawnych i wobec kt\u00f3rych r\u00f3wnie\u017c jeste\u015bmy Administratorem ich danych osobowych, w tym w szczeg\u00f3lno\u015bci w odniesieniu do naszych klient\u00f3w, kontrahent\u00f3w.<\/p>\n<p>22. W kwestiach nieuregulowanych niniejsz\u0105 Polityk\u0105 prywatno\u015bci, odpowiednie zastosowanie maj\u0105 w\u0142a\u015bciwe przepisy prawa powszechnie obowi\u0105zuj\u0105cego. W przypadku niezgodno\u015bci postanowie\u0144 niniejszej Polityki prywatno\u015bci z powy\u017cszymi przepisami, pierwsze\u0144stwo maj\u0105 te przepisy.<\/p><\/div>\n<div>Kontakt <\/div>\n<div>Korff Isolmatic Sp. z o.o.<br \/>\nWojnarowice, ul. Lotnicza&nbsp;12<br \/>\nPL 55-050 Sob\u00f3tka 1\n<\/div>\n<div>\n<p>tel: 0048 71 39 09 099<\/p>\n<p>info[at]korff.pl<\/p>\n<\/div>\n<div><a href=\"\/de\/datenschutzrichtlinie\/\">Datenschutzrichtlinie<\/a><\/p>\n<p><a href=\"\/de\/datenschutzerklarung\/\">Datenschutzerkl\u00e4rung<\/a> \n<\/div>\n<p><img decoding=\"async\" src=\"\/wp-content\/uploads\/2023\/06\/save-energy.png\" alt=\"\"><\/p>\n<p><!--more--><br \/>\n<!-- {\"type\":\"layout\",\"children\":[{\"type\":\"section\",\"props\":{\"header_transparent\":\"dark\",\"header_transparent_noplaceholder\":false,\"id\":\"mainFirst\",\"image_position\":\"center-center\",\"padding\":\"large\",\"padding_remove_bottom\":true,\"style\":\"default\",\"title_breakpoint\":\"xl\",\"title_position\":\"top-left\",\"title_rotation\":\"left\",\"vertical_align\":\"middle\",\"width\":\"default\"},\"children\":[{\"type\":\"row\",\"props\":{\"layout\":\"2-3,1-3\"},\"children\":[{\"type\":\"column\",\"props\":{\"image_position\":\"center-center\",\"position_sticky_breakpoint\":\"m\",\"width_medium\":\"2-3\"},\"children\":[{\"type\":\"headline\",\"props\":{\"class\":\"bolder\",\"content\":\"Polityka prywatno\\u015bci serwisu internetowego Korff Isolmatic\\u00a0sp.\\u00a0z\\u00a0o.o.\",\"maxwidth\":\"xlarge\",\"title_element\":\"h1\",\"title_font_family\":\"primary\",\"title_style\":\"h3\"}},{\"type\":\"text\",\"props\":{\"column_breakpoint\":\"m\",\"content\":\"1. Administratorem Danych Osobowych na stronie internetowej pod adresem: www.korff-isolmatic.com, zwanej dalej Serwisem internetowym, jest  Korff Isolmatic Sp. z o.o. z siedzib\\u0105 przy ul. Lotniczej 12, Wojnarowice, 55-050 Sob\\u00f3tka, wpisan\\u0105 do Krajowego Rejestru S\\u0105dowego przez S\\u0105d Rejonowy dla Wroc\\u0142awia \\u2013 Fabrycznej, VI Wydzia\\u0142 Gospodarczy pod numerem KRS: 0000077092, NIP: 8990202326, REGON: 005979804.<br\\\/><br\\\/>\\n2. Szanuj\\u0105c Pa\\u0144stwa prawa jako podmiot\\u00f3w danych osobowych (os\\u00f3b, kt\\u00f3rych dane dotycz\\u0105) oraz respektuj\\u0105c obowi\\u0105zuj\\u0105ce przepisy prawa, w tym w szczeg\\u00f3lno\\u015bci Rozporz\\u0105dzenie Parlamentu Europejskiego i Rady (UE) 2016\\\/679 z dnia 27 kwietnia 2016 r. w sprawie ochrony os\\u00f3b fizycznych w zwi\\u0105zku z przetwarzaniem danych osobowych i w sprawie swobodnego przep\\u0142ywu takich danych oraz uchylenia dyrektywy 95\\\/46\\\/WE (og\\u00f3lne rozporz\\u0105dzenie o ochronie danych), zwane dalej RODO, ustaw\\u0119 z dnia 10 maja 2018 r. o ochronie danych osobowych (Dz. U. 2018, poz. 1000, zwan\\u0105 dalej Ustaw\\u0105) i inne w\\u0142a\\u015bciwe przepisy o ochronie danych osobowych, zobowi\\u0105zujemy si\\u0119 do zachowania bezpiecze\\u0144stwa i poufno\\u015bci pozyskanych od Pa\\u0144stwa danych osobowych. Wszyscy pracownicy zostali odpowiednio przeszkoleni w zakresie przetwarzania danych osobowych, a jako Administrator Danych Osobowych wdro\\u017cyli\\u015bmy odpowiednie zabezpieczenia oraz \\u015brodki techniczne i organizacyjne w celu zapewnienia najwy\\u017cszego stopnia ochrony danych osobowych. Posiadamy wdro\\u017cone procedury i polityki ochrony danych osobowych zgodne z RODO, dzi\\u0119ki kt\\u00f3rym zapewniamy zgodno\\u015b\\u0107 z prawem oraz rzetelno\\u015b\\u0107 proces\\u00f3w przetwarzania danych, a tak\\u017ce egzekwowalno\\u015b\\u0107 wszelkich praw przys\\u0142uguj\\u0105cych Pa\\u0144stwu jako osobom, kt\\u00f3rych dane dotycz\\u0105. Dodatkowo w razie konieczno\\u015bci wsp\\u00f3\\u0142pracujemy z organem nadzorczym na terenie Rzeczpospolitej Polskiej, tj. z Prezesem Urz\\u0119du Ochrony Danych Osobowych (zwanym dalej PUODO).<br\\\/><br\\\/>\\n3. W naszym Serwisie internetowym zbieramy nast\\u0119puj\\u0105ce dane osobowe:<br\\\/>\\na)    imi\\u0119 i nazwisko \\u2013 mog\\u0105 by\\u0107 przetwarzane, gdy jako u\\u017cytkownicy naszego Serwisu internetowego (w tym klienci lub potencjalni klienci) przekazuj\\u0105 nam je Pa\\u0144stwo za po\\u015brednictwem poczty elektronicznej, poczty tradycyjnej lub przy kontakcie telefonicznym, w celu skorzystania z naszej oferty,<br\\\/>\\nb)    numer telefonu \\u2013 mo\\u017ce by\\u0107 przetwarzany w przypadku kontaktu telefonicznego z Pa\\u0144stwa strony (w tym jako klient\\u00f3w lub potencjalnych klient\\u00f3w), a tak\\u017ce wtedy, gdy przeka\\u017c\\u0105 nam go Pa\\u0144stwo za po\\u015brednictwem poczty elektronicznej, lub poczty tradycyjnej, w celu umo\\u017cliwienia nam kontaktu z Pa\\u0144stwem w razie zaistnienia takiej potrzeby w zwi\\u0105zku z realizacj\\u0105 us\\u0142ug na Pa\\u0144stwa rzecz, jak r\\u00f3wnie\\u017c w celu udzielenia odpowiedzi na pytania zwi\\u0105zane z nasz\\u0105 ofert\\u0105,<br\\\/>\\nc)    adres e-mail \\u2013 mo\\u017ce by\\u0107 przetwarzany, gdy jako u\\u017cytkownicy naszego Serwisu internetowego (w tym klienci lub potencjalni klienci) przeka\\u017c\\u0105 nam go Pa\\u0144stwo w przypadku kontaktu za po\\u015brednictwem poczty elektronicznej, jak r\\u00f3wnie\\u017c za po\\u015brednictwem poczty tradycyjnej lub przy kontakcie telefonicznym; poprzez adres e-mail wysy\\u0142amy do Pa\\u0144stwa potwierdzenie z\\u0142o\\u017conego zam\\u00f3wienia, kontaktujemy si\\u0119 z Pa\\u0144stwem w razie zaistnienia takiej potrzeby zwi\\u0105zanej z realizacj\\u0105 zam\\u00f3wienia, jak r\\u00f3wnie\\u017c odpowiadamy na pytania zwi\\u0105zane z nasz\\u0105 ofert\\u0105; je\\u017celi wyrazili Pa\\u0144stwo zgod\\u0119 na przekazywanie tre\\u015bci marketingowych i zostali Pa\\u0144stwo abonentem naszego newslettera, b\\u0119dziemy r\\u00f3wnie\\u017c wysy\\u0142a\\u0107 do Pa\\u0144stwa kilka razy w miesi\\u0105cu informacje handlowe,<br\\\/>\\nd)    NIP \\u2013 Numer Identyfikacji Podatkowej pobieramy od przedsi\\u0119biorc\\u00f3w oraz os\\u00f3b, kt\\u00f3re \\u017c\\u0105daj\\u0105 wystawienia faktury i posiadaj\\u0105 numer NIP,<br\\\/>\\ne)    adres IP urz\\u0105dzenia lub identyfikator przegl\\u0105darki \\u2013 informacje wynikaj\\u0105ce z og\\u00f3lnych zasad po\\u0142\\u0105cze\\u0144 realizowanych w Internecie, takie jak adres IP (oraz inne informacje zawarte w logach systemowych), wykorzystywane s\\u0105 w celach technicznych oraz statystycznych, w tym w szczeg\\u00f3lno\\u015bci do zbierania og\\u00f3lnych informacji demograficznych (np. o regionie, z kt\\u00f3rego nast\\u0119puje po\\u0142\\u0105czenie),<br\\\/>\\nf)       ewentualnie inne dane mog\\u0105 by\\u0107 pobierane w ramach prowadzenia okre\\u015blonych spraw lub mog\\u0105 by\\u0107 podane przez Pa\\u0144stwa jako u\\u017cytkownik\\u00f3w naszego Serwisu internetowego (w tym jako klient\\u00f3w lub potencjalnych klient\\u00f3w) za po\\u015brednictwem poczty elektronicznej, poczty tradycyjnej lub przy kontakcie telefonicznym.<br\\\/><br\\\/>\\n4. Podanie danych wskazanych w punkcie poprzedzaj\\u0105cym jest konieczne w przypadkach w nim okre\\u015blonych, w tym w szczeg\\u00f3lno\\u015bci:<br\\\/>\\na)    w celu realizacji us\\u0142ug zam\\u00f3wionych przez Pa\\u0144stwa w naszym Serwisie internetowym,<br\\\/>\\nb)    w celu odpowiedzi na Pa\\u0144stwa pytania oraz umo\\u017cliwienie kontaktu za po\\u015brednictwem poczty elektronicznej, poczty tradycyjnej lub kontaktu telefonicznego,<br\\\/><br\\\/>\\n5. Nasz Serwis internetowy wykorzystuje technologi\\u0119 Cookies w celu dostosowania jego funkcjonowania do Pa\\u0144stwa indywidualnych potrzeb. W zwi\\u0105zku z tym mog\\u0105 Pa\\u0144stwo zgodzi\\u0107 si\\u0119 na to, aby wpisane przez Pa\\u0144stwa dane i informacje zosta\\u0142y zapami\\u0119tane, dzi\\u0119ki czemu mo\\u017cliwe b\\u0119dzie korzystanie z nich przy nast\\u0119pnych odwiedzinach naszego Serwisu internetowego bez potrzeby powt\\u00f3rnego ich wpisywania. W\\u0142a\\u015bciciele innych witryn nie b\\u0119d\\u0105 mieli dost\\u0119pu do tych danych i informacji. Je\\u017celi natomiast nie zgadzaj\\u0105 si\\u0119 Pa\\u0144stwo na personalizowanie Serwisu internetowego, proponujemy wy\\u0142\\u0105czenie obs\\u0142ugi plik\\u00f3w Cookies w opcjach swojej przegl\\u0105darki internetowej.<br\\\/><br\\\/>\\n6. Ka\\u017cdy z Pa\\u0144stwa jako osoba korzystaj\\u0105ca z naszego Serwisu internetowego ma mo\\u017cliwo\\u015b\\u0107 wyboru, czy i w jakim zakresie chce korzysta\\u0107 z naszych us\\u0142ug oraz udost\\u0119pnia\\u0107 informacje i dane o sobie, w zakresie okre\\u015blonym tre\\u015bci\\u0105 niniejszej Polityki prywatno\\u015bci.<br\\\/><br\\\/>\\n7. Zgodnie z zasad\\u0105 minimalizacji przetwarzamy wy\\u0142\\u0105cznie te kategorie danych osobowych, kt\\u00f3re s\\u0105 niezb\\u0119dne do osi\\u0105gni\\u0119cia cel\\u00f3w, o kt\\u00f3rych mowa w pkt. 3 i 4 powy\\u017cej.<br\\\/><br\\\/>\\n8. Dane osobowe przetwarzamy przez okres niezb\\u0119dny do osi\\u0105gni\\u0119cia cel\\u00f3w wymienionych w pkt. 3 i 4 powy\\u017cej. Dane osobowe mog\\u0105 by\\u0107 przetwarzane przez okres d\\u0142u\\u017cszy, w przypadku gdy takie uprawnienie lub obowi\\u0105zek na\\u0142o\\u017cony na nas jako Administratora wynika ze szczeg\\u00f3lnych przepis\\u00f3w prawa, z prawnie uzasadnionego interesu Administratora, o kt\\u00f3rym mowa w pkt. 10 lit. c poni\\u017cej (tj. przez okres przedawnienia roszcze\\u0144 lub zako\\u0144czenia w\\u0142a\\u015bciwych post\\u0119powa\\u0144, je\\u017celi w okresie przedawnienia zosta\\u0142y one wszcz\\u0119te) lub gdy us\\u0142uga, kt\\u00f3r\\u0105 wykonujemy, ma charakter ci\\u0105g\\u0142y.<br\\\/><br\\\/>\\n9. \\u0179r\\u00f3d\\u0142em przetwarzanych przez Administratora Danych Osobowych s\\u0105 osoby, kt\\u00f3rych dane dotycz\\u0105.<br\\\/><br\\\/>\\n10. Podstaw\\u0105 prawn\\u0105 przetwarzania Pa\\u0144stwa danych osobowych jest:<br\\\/>\\na)    art. 6 ust. 1 lit. b RODO, tj. niezb\\u0119dno\\u015b\\u0107 do wykonania umowy, kt\\u00f3rej s\\u0105 Pa\\u0144stwo stron\\u0105, lub do podj\\u0119cia dzia\\u0142a\\u0144 na Pa\\u0144stwa \\u017c\\u0105danie przed zawarciem umowy, lub<br\\\/>\\nb)   art. 6 ust. 1 lit. c RODO, tj. niezb\\u0119dno\\u015b\\u0107 do wype\\u0142niania obowi\\u0105zk\\u00f3w prawnych ci\\u0105\\u017c\\u0105cych na Administratorze, lub<br\\\/>\\nc)    art. 6 ust. 1 lit. f RODO, tj. prawnie uzasadniony interes Administratora, jakim jest ustalenie, dochodzenie lub obrona roszcze\\u0144 do czasu ich przedawnienia lub do czasu zako\\u0144czenia w\\u0142a\\u015bciwych post\\u0119powa\\u0144, je\\u015bli zosta\\u0142y one wszcz\\u0119te w tym okresie, lub<br\\\/>\\nd)    art. 6 ust. 1 lit. a RODO, tj. Pa\\u0144stwa zgoda na przetwarzanie danych osobowych w okre\\u015blonych celach, gdy inne podstawy prawne przetwarzania danych osobowych nie maj\\u0105 zastosowania.<br\\\/><br\\\/>\\n11. Dane osobowe nie s\\u0105 przez nas przekazywane do pa\\u0144stwa trzeciego lub organizacji mi\\u0119dzynarodowej w rozumieniu przepis\\u00f3w RODO. W przypadku, gdyby dane osobowe by\\u0142y przekazywane do pa\\u0144stwa trzeciego lub organizacji mi\\u0119dzynarodowej, zostan\\u0105 Pa\\u0144stwo o tym uprzednio poinformowani, a Administrator b\\u0119dzie stosowa\\u0107 zabezpieczenia, o kt\\u00f3rych mowa w rozdziale V RODO.<br\\\/><br\\\/>\\n12. \\u017badnych osobowych nie udost\\u0119pniamy podmiotom trzecim bez wyra\\u017anej zgody osoby, kt\\u00f3rej dane dotycz\\u0105. Dane osobowe bez zgody osoby, kt\\u00f3rej dane dotycz\\u0105, mog\\u0105 by\\u0107 udost\\u0119pniane wy\\u0142\\u0105cznie podmiotom prawa publicznego, tj. organom w\\u0142adzy i administracji (np. organom podatkowym, organom \\u015bcigania i innym podmiotom posiadaj\\u0105cym umocowanie w powszechnie obowi\\u0105zuj\\u0105cych przepisach prawa).<br\\\/><br\\\/>\\n13. W przypadku wyst\\u0119powania przycisku \\u201eLubi\\u0119 to!\\u201d albo innych \\u0142\\u0105cz w ramach Aplikacji do kont Administratora w social media, w zakresie danych dotycz\\u0105cych w szczeg\\u00f3lno\\u015bci IP lub identyfikatora przegl\\u0105darki internetowej, w przypadku korzystania przez Administratora z produkt\\u00f3w:<br\\\/>\\na)    Facebook (np. Facebook, Messenger, Instagram) - powy\\u017csze dane s\\u0105 przetwarzane na zasadach wsp\\u00f3\\u0142administracji z Facebook Ireland Ltd. z siedzib\\u0105 pod adresem: 4 Grand Canal Square, Grand Canal Harbour, Dublin 2, Irlandia,\\nJe\\u017celi w przypadkach, o kt\\u00f3rych mowa w niniejszym punkcie, mia\\u0142oby miejsce przekazywanie danych osobowych do pa\\u0144stw trzecich, odbywa si\\u0119 to na zasadach okre\\u015blonych w pkt. 11.<br\\\/><br\\\/>\\n14. Dane osobowe mog\\u0105 by\\u0107 powierzane do przetwarzania podmiotom przetwarzaj\\u0105cym takie dane na nasz\\u0105 rzecz jako Administratora Danych Osobowych. W takiej sytuacji jako Administrator Danych Osobowych zawieramy z podmiotem przetwarzaj\\u0105cym umow\\u0119 powierzenia przetwarzania danych osobowych. Podmiot przetwarzaj\\u0105cy przetwarza powierzone dane osobowe wy\\u0142\\u0105cznie na potrzeby, w zakresie i w celach wskazanych w umowie powierzenia, o kt\\u00f3rej mowa w zdaniu poprzedzaj\\u0105cym. Bez powierzenia Pa\\u0144stwa danych osobowych do przetwarzania nie mogliby\\u015bmy prowadzi\\u0107 swojej dzia\\u0142alno\\u015bci w ramach Serwisu internetowego. Jako Administrator Danych Osobowych powierzamy dane osobowe do przetwarzania nast\\u0119puj\\u0105cym podmiotom:<br\\\/>\\na)    \\u015bwiadcz\\u0105cym us\\u0142ugi hostingowe na rzecz strony internetowej, na kt\\u00f3rej dzia\\u0142a nasz Serwis internetowy,<br\\\/>\\nb)    \\u015bwiadcz\\u0105cym na nasz\\u0105 rzecz inne us\\u0142ugi, kt\\u00f3re s\\u0105 niezb\\u0119dne do bie\\u017c\\u0105cego funkcjonowania Serwisu internetowego.  <br\\\/><br\\\/>\\n15. Dane osobowe nie podlegaj\\u0105 profilowaniu przez nas jako Administratora w rozumieniu przepis\\u00f3w RODO.<br\\\/><br\\\/>\\n16. Zgodnie z przepisami RODO ka\\u017cda osoba, kt\\u00f3rej dane osobowe przetwarzamy jako Administrator Danych Osobowych, ma prawo do:<br\\\/>\\na)    bycia informowanym o przetwarzaniu danych osobowych, o kt\\u00f3rym mowa w art. 12 RODO,<br\\\/>\\nb)    dost\\u0119pu do swoich danych osobowych, o kt\\u00f3rym mowa w art. 15 RODO,<br\\\/>\\nc)    poprawiania, uzupe\\u0142niania, uaktualniania, sprostowania danych osobowych, o kt\\u00f3rych mowa w art. 16 RODO,<br\\\/>\\nd)    usuni\\u0119cia danych (prawo do bycia zapomnianym), o kt\\u00f3rym mowa w art. 17 RODO,<br\\\/>\\ne)    ograniczenia przetwarzania, o kt\\u00f3rym mowa w art. 18 RODO,<br\\\/>\\nf)    przenoszenia danych, o kt\\u00f3rym mowa w art. 20 RODO,<br\\\/>\\ng)    wniesienia sprzeciwu od przetwarzania danych osobowych, o czym mowa w art. 21 RODO,<br\\\/>\\nh)    w przypadku podstawy prawnej, o kt\\u00f3rej mowa w pkt. 10 lit. d powy\\u017cej \\u2013 prawo do cofni\\u0119cia zgody w dowolnym momencie bez wp\\u0142ywu na zgodno\\u015b\\u0107 z prawem przetwarzania, kt\\u00f3rego dokonano na podstawie zgody przed jej cofni\\u0119ciem,<br\\\/>\\ni)    niepodlegania pro\\ufb01lowaniu, o kt\\u00f3rym mowa w art. 22 w zw. z art. 4 pkt 4 RODO,<br\\\/>\\nj)    wniesienia skargi do organu nadzorczego (tj. do Prezesa Urz\\u0119du Ochrony Danych Osobowych), o kt\\u00f3rym mowa w art. 77 RODO, z uwzgl\\u0119dnieniem zasad korzystania i realizowania tych uprawnie\\u0144 wynikaj\\u0105cych z przepis\\u00f3w RODO.<br\\\/><br\\\/>\\n17. Je\\u017celi chc\\u0105 Pa\\u0144stwo skorzysta\\u0107 ze swoich praw, o kt\\u00f3rych mowa w punkcie poprzedzaj\\u0105cym, prosz\\u0119 przes\\u0142a\\u0107 wiadomo\\u015b\\u0107 drog\\u0105 poczty elektronicznej na adres e-mail lub w formie pisemnej na adres korespondencyjny, o kt\\u00f3rych mowa w pkt. 18 poni\\u017cej.<br\\\/><br\\\/>\\n18. Wszelkie zapytania, wnioski i skargi dotycz\\u0105ce przetwarzania danych osobowych przez Administratora, zwane dalej Zg\\u0142oszeniami, nale\\u017cy kierowa\\u0107 na nast\\u0119puj\\u0105cy adres e-mail: info@korff.pl  lub w formie pisemnej na nast\\u0119puj\\u0105cy adres: 55-050 Sob\\u00f3tka, Wojnarowice, ul. Lotnicza 12.<br\\\/><br\\\/>\\n19. W tre\\u015bci Zg\\u0142oszenia nale\\u017cy w spos\\u00f3b wyra\\u017any wskaza\\u0107:<br\\\/>\\na) dane osoby lub os\\u00f3b, kt\\u00f3rych dotyczy Zg\\u0142oszenie,<br\\\/>\\nb) zdarzenie, kt\\u00f3re jest powodem Zg\\u0142oszenia,<br\\\/>\\nc) przedstawi\\u0107 swoje \\u017c\\u0105dania oraz podstaw\\u0119 prawn\\u0105 tych \\u017c\\u0105da\\u0144,<br\\\/>\\nd) wskaza\\u0107 oczekiwany spos\\u00f3b za\\u0142atwienia sprawy.<br\\\/><br\\\/>\\n20. Ka\\u017cdy stwierdzony przypadek naruszenia bezpiecze\\u0144stwa jest dokumentowany, a w razie wyst\\u0105pienia jednej z sytuacji okre\\u015blonych w przepisach RODO lub Ustawy, o takim naruszeniu przepis\\u00f3w o ochronie danych osobowych informowane s\\u0105 osoby, kt\\u00f3rych dane dotycz\\u0105, oraz \\u2013 je\\u017celi ma to zastosowanie \\u2013 PUODO.<br\\\/><br\\\/>\\n21. Postanowienia niniejszej Polityki prywatno\\u015bci stosuje si\\u0119 w mo\\u017cliwym zakresie odpowiednio do wszystkich os\\u00f3b, z kt\\u00f3rymi pozostajemy w stosunkach prawnych i wobec kt\\u00f3rych r\\u00f3wnie\\u017c jeste\\u015bmy Administratorem ich danych osobowych, w tym w szczeg\\u00f3lno\\u015bci w odniesieniu do naszych klient\\u00f3w, kontrahent\\u00f3w.<br\\\/><br\\\/>\\n22. W kwestiach nieuregulowanych niniejsz\\u0105 Polityk\\u0105 prywatno\\u015bci, odpowiednie zastosowanie maj\\u0105 w\\u0142a\\u015bciwe przepisy prawa powszechnie obowi\\u0105zuj\\u0105cego. W przypadku niezgodno\\u015bci postanowie\\u0144 niniejszej Polityki prywatno\\u015bci z powy\\u017cszymi przepisami, pierwsze\\u0144stwo maj\\u0105 te przepisy.\",\"margin\":\"default\"}}]},{\"type\":\"column\",\"props\":{\"image_position\":\"center-center\",\"position_sticky_breakpoint\":\"m\",\"width_medium\":\"1-3\"}}]}],\"name\":\"polityka\"},{\"type\":\"section\",\"props\":{\"image_position\":\"center-center\",\"style\":\"default\",\"title_breakpoint\":\"xl\",\"title_position\":\"top-left\",\"title_rotation\":\"left\",\"vertical_align\":\"middle\",\"width\":\"default\"},\"children\":[{\"type\":\"row\",\"children\":[{\"type\":\"column\",\"props\":{\"image_position\":\"center-center\",\"position_sticky_breakpoint\":\"m\"},\"children\":[{\"type\":\"divider\",\"props\":{\"divider_element\":\"div\"}},{\"type\":\"headline\",\"props\":{\"content\":\"Kontakt \",\"title_element\":\"div\",\"title_style\":\"h2\"}}]}]},{\"type\":\"row\",\"props\":{\"column_gap\":\"small\",\"layout\":\"1-4,1-4,1-4,1-4|1-2,1-2,1-2,1-2\"},\"children\":[{\"type\":\"column\",\"props\":{\"image_position\":\"center-center\",\"position_sticky_breakpoint\":\"m\",\"width_medium\":\"1-4\",\"width_small\":\"1-3\"},\"children\":[{\"type\":\"text\",\"props\":{\"column_breakpoint\":\"m\",\"content\":\"Korff Isolmatic Sp. z o.o.<br\\\/>\\nWojnarowice, ul. Lotnicza&nbsp;12<br\\\/>\\nPL 55-050 Sob\\u00f3tka 1<br\\\/>\\n\",\"margin\":\"default\",\"text_color\":\"secondary\"}}]},{\"type\":\"column\",\"props\":{\"image_position\":\"center-center\",\"position_sticky_breakpoint\":\"m\",\"width_medium\":\"1-4\",\"width_small\":\"1-3\"},\"children\":[{\"type\":\"text\",\"props\":{\"column_breakpoint\":\"m\",\"content\":\"\\n\\ntel: 0048 71 39 09 099<br\\\/>\\n\\ninfo[at]korff.pl<br\\\/>\\n\\n\\n\",\"margin\":\"default\",\"text_color\":\"secondary\"}}]},{\"type\":\"column\",\"props\":{\"image_position\":\"center-center\",\"position_sticky_breakpoint\":\"m\",\"width_medium\":\"1-4\",\"width_small\":\"1-3\"},\"children\":[{\"type\":\"text\",\"props\":{\"column_breakpoint\":\"m\",\"content\":\"<a href=\\\"\\\/de\\\/datenschutzrichtlinie\\\/\\\">Datenschutzrichtlinie<\\\/a><br\\\/>\\n\\n<a href=\\\"\\\/de\\\/datenschutzerklarung\\\/\\\">Datenschutzerkl\\u00e4rung<\\\/a> <br\\\/>\\n\",\"margin\":\"default\",\"text_color\":\"primary\"}}]},{\"type\":\"column\",\"props\":{\"image_position\":\"center-center\",\"position_sticky_breakpoint\":\"m\",\"width_medium\":\"1-4\",\"width_small\":\"1-2\"},\"children\":[{\"type\":\"image\",\"props\":{\"image\":\"wp-content\\\/uploads\\\/2023\\\/06\\\/save-energy.png\",\"image_svg_color\":\"emphasis\",\"margin\":\"default\",\"text_align\":\"right\"}}]}]},{\"type\":\"row\",\"children\":[{\"type\":\"column\",\"props\":{\"image_position\":\"center-center\",\"position_sticky_breakpoint\":\"m\"},\"children\":[{\"type\":\"totop\",\"props\":{\"margin\":\"default\",\"text_align\":\"right\",\"title_grid_column_gap\":\"small\",\"title_grid_row_gap\":\"small\"}}]}]}],\"name\":\"footer de\"}],\"version\":\"4.2.11\"} --><\/p>\n","protected":false},"excerpt":{"rendered":"<p>Polityka prywatno\u015bci serwisu internetowego Korff Isolmatic\u00a0sp.\u00a0z\u00a0o.o. 1. Administratorem Danych Osobowych na stronie internetowej pod adresem: www.korff-isolmatic.com, zwanej dalej Serwisem internetowym, jest Korff Isolmatic Sp. z o.o. z siedzib\u0105 przy ul. Lotniczej 12, Wojnarowice, 55-050 Sob\u00f3tka, wpisan\u0105 do Krajowego Rejestru S\u0105dowego przez S\u0105d Rejonowy dla Wroc\u0142awia \u2013 Fabrycznej, VI Wydzia\u0142 Gospodarczy pod numerem KRS: 0000077092, NIP: [&hellip;]<\/p>\n","protected":false},"author":1,"featured_media":0,"parent":0,"menu_order":0,"comment_status":"closed","ping_status":"closed","template":"","meta":{"footnotes":""},"class_list":["post-2037","page","type-page","status-publish","hentry"],"yoast_head":"<!-- This site is optimized with the Yoast SEO plugin v27.1.1 - https:\/\/yoast.com\/product\/yoast-seo-wordpress\/ -->\n<title>Datenschutzrichtlinie - Korff Isolmatic<\/title>\n<meta name=\"description\" content=\"Korff Isolmatic \u2013 producent technicznych wyrob\u00f3w izolacyjnych oraz mocowa\u0144 zimnochronnych\" \/>\n<meta name=\"robots\" content=\"index, follow, max-snippet:-1, max-image-preview:large, max-video-preview:-1\" \/>\n<link rel=\"canonical\" href=\"https:\/\/korff.pl\/de\/datenschutzrichtlinie\/\" \/>\n<meta property=\"og:locale\" content=\"de_DE\" \/>\n<meta property=\"og:type\" content=\"article\" \/>\n<meta property=\"og:title\" content=\"Datenschutzrichtlinie - Korff Isolmatic\" \/>\n<meta property=\"og:description\" content=\"Korff Isolmatic \u2013 producent technicznych wyrob\u00f3w izolacyjnych oraz mocowa\u0144 zimnochronnych\" \/>\n<meta property=\"og:url\" content=\"https:\/\/korff.pl\/de\/datenschutzrichtlinie\/\" \/>\n<meta property=\"og:site_name\" content=\"Korff Isolmatic\" \/>\n<meta property=\"article:modified_time\" content=\"2024-01-29T15:15:11+00:00\" \/>\n<meta property=\"og:image\" content=\"https:\/\/korff.pl\/wp-content\/uploads\/2023\/07\/DSC_0381-2.jpg\" \/>\n\t<meta property=\"og:image:width\" content=\"1000\" \/>\n\t<meta property=\"og:image:height\" content=\"667\" \/>\n\t<meta property=\"og:image:type\" content=\"image\/jpeg\" \/>\n<meta name=\"twitter:card\" content=\"summary_large_image\" \/>\n<meta name=\"twitter:label1\" content=\"Gesch\u00e4tzte Lesezeit\" \/>\n\t<meta name=\"twitter:data1\" content=\"11\u00a0Minuten\" \/>\n<script type=\"application\/ld+json\" class=\"yoast-schema-graph\">{\"@context\":\"https:\/\/schema.org\",\"@graph\":[{\"@type\":\"WebPage\",\"@id\":\"https:\/\/korff.pl\/de\/datenschutzrichtlinie\/\",\"url\":\"https:\/\/korff.pl\/de\/datenschutzrichtlinie\/\",\"name\":\"Datenschutzrichtlinie - Korff Isolmatic\",\"isPartOf\":{\"@id\":\"https:\/\/korff.pl\/de\/#website\"},\"datePublished\":\"2023-06-16T12:26:27+00:00\",\"dateModified\":\"2024-01-29T15:15:11+00:00\",\"description\":\"Korff Isolmatic \u2013 producent technicznych wyrob\u00f3w izolacyjnych oraz mocowa\u0144 zimnochronnych\",\"breadcrumb\":{\"@id\":\"https:\/\/korff.pl\/de\/datenschutzrichtlinie\/#breadcrumb\"},\"inLanguage\":\"de\",\"potentialAction\":[{\"@type\":\"ReadAction\",\"target\":[\"https:\/\/korff.pl\/de\/datenschutzrichtlinie\/\"]}]},{\"@type\":\"BreadcrumbList\",\"@id\":\"https:\/\/korff.pl\/de\/datenschutzrichtlinie\/#breadcrumb\",\"itemListElement\":[{\"@type\":\"ListItem\",\"position\":1,\"name\":\"Strona g\u0142\u00f3wna\",\"item\":\"https:\/\/korff.pl\/de\/\"},{\"@type\":\"ListItem\",\"position\":2,\"name\":\"Datenschutzrichtlinie\"}]},{\"@type\":\"WebSite\",\"@id\":\"https:\/\/korff.pl\/de\/#website\",\"url\":\"https:\/\/korff.pl\/de\/\",\"name\":\"Korff Isolmatic\",\"description\":\"Producent technicznych wyrob\u00f3w izolacyjnych oraz mocowa\u0144 zimnochronnych\",\"publisher\":{\"@id\":\"https:\/\/korff.pl\/de\/#organization\"},\"potentialAction\":[{\"@type\":\"SearchAction\",\"target\":{\"@type\":\"EntryPoint\",\"urlTemplate\":\"https:\/\/korff.pl\/de\/?s={search_term_string}\"},\"query-input\":{\"@type\":\"PropertyValueSpecification\",\"valueRequired\":true,\"valueName\":\"search_term_string\"}}],\"inLanguage\":\"de\"},{\"@type\":\"Organization\",\"@id\":\"https:\/\/korff.pl\/de\/#organization\",\"name\":\"Korff Isolmatic Sp. z o.o.\",\"url\":\"https:\/\/korff.pl\/de\/\",\"logo\":{\"@type\":\"ImageObject\",\"inLanguage\":\"de\",\"@id\":\"https:\/\/korff.pl\/de\/#\/schema\/logo\/image\/\",\"url\":\"https:\/\/korff2023.korff.pl\/wp-content\/uploads\/2023\/06\/KI_logo_main_RGB_M.png\",\"contentUrl\":\"https:\/\/korff2023.korff.pl\/wp-content\/uploads\/2023\/06\/KI_logo_main_RGB_M.png\",\"width\":750,\"height\":185,\"caption\":\"Korff Isolmatic Sp. z o.o.\"},\"image\":{\"@id\":\"https:\/\/korff.pl\/de\/#\/schema\/logo\/image\/\"}}]}<\/script>\n<!-- \/ Yoast SEO plugin. -->","yoast_head_json":{"title":"Datenschutzrichtlinie - Korff Isolmatic","description":"Korff Isolmatic \u2013 producent technicznych wyrob\u00f3w izolacyjnych oraz mocowa\u0144 zimnochronnych","robots":{"index":"index","follow":"follow","max-snippet":"max-snippet:-1","max-image-preview":"max-image-preview:large","max-video-preview":"max-video-preview:-1"},"canonical":"https:\/\/korff.pl\/de\/datenschutzrichtlinie\/","og_locale":"de_DE","og_type":"article","og_title":"Datenschutzrichtlinie - Korff Isolmatic","og_description":"Korff Isolmatic \u2013 producent technicznych wyrob\u00f3w izolacyjnych oraz mocowa\u0144 zimnochronnych","og_url":"https:\/\/korff.pl\/de\/datenschutzrichtlinie\/","og_site_name":"Korff Isolmatic","article_modified_time":"2024-01-29T15:15:11+00:00","og_image":[{"width":1000,"height":667,"url":"https:\/\/korff.pl\/wp-content\/uploads\/2023\/07\/DSC_0381-2.jpg","type":"image\/jpeg"}],"twitter_card":"summary_large_image","twitter_misc":{"Gesch\u00e4tzte Lesezeit":"11\u00a0Minuten"},"schema":{"@context":"https:\/\/schema.org","@graph":[{"@type":"WebPage","@id":"https:\/\/korff.pl\/de\/datenschutzrichtlinie\/","url":"https:\/\/korff.pl\/de\/datenschutzrichtlinie\/","name":"Datenschutzrichtlinie - Korff Isolmatic","isPartOf":{"@id":"https:\/\/korff.pl\/de\/#website"},"datePublished":"2023-06-16T12:26:27+00:00","dateModified":"2024-01-29T15:15:11+00:00","description":"Korff Isolmatic \u2013 producent technicznych wyrob\u00f3w izolacyjnych oraz mocowa\u0144 zimnochronnych","breadcrumb":{"@id":"https:\/\/korff.pl\/de\/datenschutzrichtlinie\/#breadcrumb"},"inLanguage":"de","potentialAction":[{"@type":"ReadAction","target":["https:\/\/korff.pl\/de\/datenschutzrichtlinie\/"]}]},{"@type":"BreadcrumbList","@id":"https:\/\/korff.pl\/de\/datenschutzrichtlinie\/#breadcrumb","itemListElement":[{"@type":"ListItem","position":1,"name":"Strona g\u0142\u00f3wna","item":"https:\/\/korff.pl\/de\/"},{"@type":"ListItem","position":2,"name":"Datenschutzrichtlinie"}]},{"@type":"WebSite","@id":"https:\/\/korff.pl\/de\/#website","url":"https:\/\/korff.pl\/de\/","name":"Korff Isolmatic","description":"Producent technicznych wyrob\u00f3w izolacyjnych oraz mocowa\u0144 zimnochronnych","publisher":{"@id":"https:\/\/korff.pl\/de\/#organization"},"potentialAction":[{"@type":"SearchAction","target":{"@type":"EntryPoint","urlTemplate":"https:\/\/korff.pl\/de\/?s={search_term_string}"},"query-input":{"@type":"PropertyValueSpecification","valueRequired":true,"valueName":"search_term_string"}}],"inLanguage":"de"},{"@type":"Organization","@id":"https:\/\/korff.pl\/de\/#organization","name":"Korff Isolmatic Sp. z o.o.","url":"https:\/\/korff.pl\/de\/","logo":{"@type":"ImageObject","inLanguage":"de","@id":"https:\/\/korff.pl\/de\/#\/schema\/logo\/image\/","url":"https:\/\/korff2023.korff.pl\/wp-content\/uploads\/2023\/06\/KI_logo_main_RGB_M.png","contentUrl":"https:\/\/korff2023.korff.pl\/wp-content\/uploads\/2023\/06\/KI_logo_main_RGB_M.png","width":750,"height":185,"caption":"Korff Isolmatic Sp. z o.o."},"image":{"@id":"https:\/\/korff.pl\/de\/#\/schema\/logo\/image\/"}}]}},"_links":{"self":[{"href":"https:\/\/korff.pl\/de\/wp-json\/wp\/v2\/pages\/2037","targetHints":{"allow":["GET"]}}],"collection":[{"href":"https:\/\/korff.pl\/de\/wp-json\/wp\/v2\/pages"}],"about":[{"href":"https:\/\/korff.pl\/de\/wp-json\/wp\/v2\/types\/page"}],"author":[{"embeddable":true,"href":"https:\/\/korff.pl\/de\/wp-json\/wp\/v2\/users\/1"}],"replies":[{"embeddable":true,"href":"https:\/\/korff.pl\/de\/wp-json\/wp\/v2\/comments?post=2037"}],"version-history":[{"count":3,"href":"https:\/\/korff.pl\/de\/wp-json\/wp\/v2\/pages\/2037\/revisions"}],"predecessor-version":[{"id":2149,"href":"https:\/\/korff.pl\/de\/wp-json\/wp\/v2\/pages\/2037\/revisions\/2149"}],"wp:attachment":[{"href":"https:\/\/korff.pl\/de\/wp-json\/wp\/v2\/media?parent=2037"}],"curies":[{"name":"wp","href":"https:\/\/api.w.org\/{rel}","templated":true}]}}